{"id":24160,"date":"2025-02-05T09:28:02","date_gmt":"2025-02-05T09:28:02","guid":{"rendered":"https:\/\/www.bisbatdemallorca.org\/ca\/?page_id=24160"},"modified":"2025-10-27T17:37:40","modified_gmt":"2025-10-27T16:37:40","slug":"jubileu25","status":"publish","type":"page","link":"https:\/\/www.bisbatdemallorca.org\/ca\/jubileu25\/","title":{"rendered":"Jubileu 2025"},"content":{"rendered":"<p><div class=\"fusion-fullwidth fullwidth-box fusion-builder-row-1 fusion-flex-container has-pattern-background has-mask-background fusion-parallax-none nonhundred-percent-fullwidth non-hundred-percent-height-scrolling\" style=\"--awb-border-radius-top-left:0px;--awb-border-radius-top-right:0px;--awb-border-radius-bottom-right:0px;--awb-border-radius-bottom-left:0px;--awb-padding-top:177px;--awb-padding-right:0px;--awb-padding-bottom:0px;--awb-padding-left:582px;--awb-margin-top:0px;--awb-margin-bottom:0px;--awb-background-color:#606067;--awb-background-image:linear-gradient(107deg, hsla(var(--awb-color8-h),var(--awb-color8-s),var(--awb-color8-l),calc(var(--awb-color8-a) - 60%)) 0%,var(--awb-color8) 100%),url(https:\/\/bisbatdemallorca.org\/wp-content\/uploads\/2025\/04\/WhatsApp-Image-2025-04-08-at-14.02.24.jpeg);;--awb-background-size:cover;--awb-flex-wrap:wrap;\" ><div class=\"fusion-builder-row fusion-row fusion-flex-align-items-flex-start fusion-flex-content-wrap\" style=\"max-width:1248px;margin-left: calc(-4% \/ 2 );margin-right: calc(-4% \/ 2 );\"><div class=\"fusion-layout-column fusion_builder_column fusion-builder-column-0 fusion_builder_column_2_3 2_3 fusion-flex-column\" style=\"--awb-padding-left:60px;--awb-padding-left-medium:80px;--awb-bg-size:cover;--awb-border-color:hsla(calc(var(--awb-color4-h) + 31),var(--awb-color4-s),var(--awb-color4-l),var(--awb-color4-a));--awb-border-left:5px;--awb-border-style:solid;--awb-width-large:66.666666666667%;--awb-margin-top-large:0px;--awb-spacing-right-large:2.88%;--awb-margin-bottom-large:0px;--awb-spacing-left-large:2.88%;--awb-width-medium:66.666666666667%;--awb-order-medium:0;--awb-spacing-right-medium:2.88%;--awb-spacing-left-medium:2.88%;--awb-width-small:100%;--awb-order-small:0;--awb-spacing-right-small:1.92%;--awb-spacing-left-small:1.92%;\"><div class=\"fusion-column-wrapper fusion-column-has-shadow fusion-flex-justify-content-flex-start fusion-content-layout-column\"><div class=\"fusion-title title fusion-title-1 fusion-sep-none fusion-title-text fusion-title-size-one\" style=\"--awb-text-color:#ffffff;--awb-margin-top:0px;--awb-margin-bottom:20px;--awb-font-size:var(--awb-typography1-font-size);\"><h1 class=\"fusion-title-heading title-heading-left\" style=\"font-family:var(--awb-typography1-font-family);font-weight:var(--awb-typography1-font-weight);font-style:var(--awb-typography1-font-style);margin:0;letter-spacing:var(--awb-typography1-letter-spacing);text-transform:var(--awb-typography1-text-transform);font-size:1em;line-height:var(--awb-typography1-line-height);\">JUBILEU 2025<\/h1><\/div><div class=\"fusion-text fusion-text-1\" style=\"--awb-font-size:var(--awb-typography2-font-size);--awb-line-height:var(--awb-typography2-line-height);--awb-letter-spacing:var(--awb-typography2-letter-spacing);--awb-text-transform:var(--awb-typography2-text-transform);--awb-text-color:var(--awb-color1);--awb-text-font-family:var(--awb-typography2-font-family);--awb-text-font-weight:var(--awb-typography2-font-weight);--awb-text-font-style:var(--awb-typography2-font-style);\"><p>Bisbat de Mallorca<\/p>\n<\/div><div ><a class=\"fusion-button button-flat button-xlarge button-custom fusion-button-default button-1 fusion-button-default-span fusion-button-default-type\" style=\"--button_accent_color:var(--awb-color1);--button_accent_hover_color:var(--awb-color1);--button_border_hover_color:var(--awb-color1);--button-border-radius-top-left:0px;--button-border-radius-top-right:0px;--button-border-radius-bottom-right:0px;--button-border-radius-bottom-left:0px;--button_gradient_top_color:#027f3d;--button_gradient_bottom_color:#027f3d;--button_gradient_top_color_hover:#009c4e;--button_gradient_bottom_color_hover:#009c4e;--button_text_transform:var(--awb-typography3-text-transform);--button_typography-letter-spacing:var(--awb-typography3-letter-spacing);--button_typography-font-family:var(--awb-typography3-font-family);--button_typography-font-weight:var(--awb-typography3-font-weight);--button_typography-font-style:var(--awb-typography3-font-style);--button_margin-top:30px;--button_margin-bottom:20px;\" target=\"_self\" href=\"https:\/\/www.iubilaeum2025.va\/es.html\"><span class=\"fusion-button-text awb-button__text awb-button__text--default\">www.iubilaeum25.va<\/span><\/a><\/div><\/div><\/div><div class=\"fusion-layout-column fusion_builder_column fusion-builder-column-1 fusion_builder_column_1_2 1_2 fusion-flex-column\" style=\"--awb-bg-size:cover;--awb-width-large:50%;--awb-margin-top-large:0px;--awb-spacing-right-large:3.84%;--awb-margin-bottom-large:20px;--awb-spacing-left-large:3.84%;--awb-width-medium:50%;--awb-order-medium:0;--awb-spacing-right-medium:3.84%;--awb-spacing-left-medium:3.84%;--awb-width-small:100%;--awb-order-small:0;--awb-spacing-right-small:1.92%;--awb-spacing-left-small:1.92%;\"><div class=\"fusion-column-wrapper fusion-column-has-shadow fusion-flex-justify-content-flex-start fusion-content-layout-column\"><\/div><\/div><div class=\"fusion-layout-column fusion_builder_column fusion-builder-column-2 fusion_builder_column_1_2 1_2 fusion-flex-column\" style=\"--awb-padding-top:7px;--awb-bg-size:cover;--awb-width-large:50%;--awb-margin-top-large:7px;--awb-spacing-right-large:13.632%;--awb-margin-bottom-large:27px;--awb-spacing-left-large:39.936%;--awb-width-medium:50%;--awb-order-medium:0;--awb-spacing-right-medium:13.632%;--awb-spacing-left-medium:39.936%;--awb-width-small:100%;--awb-order-small:0;--awb-spacing-right-small:1.92%;--awb-spacing-left-small:1.92%;\"><div class=\"fusion-column-wrapper fusion-column-has-shadow fusion-flex-justify-content-flex-start fusion-content-layout-column\"><div class=\"fusion-image-element \" style=\"--awb-caption-title-font-family:var(--h2_typography-font-family);--awb-caption-title-font-weight:var(--h2_typography-font-weight);--awb-caption-title-font-style:var(--h2_typography-font-style);--awb-caption-title-size:var(--h2_typography-font-size);--awb-caption-title-transform:var(--h2_typography-text-transform);--awb-caption-title-line-height:var(--h2_typography-line-height);--awb-caption-title-letter-spacing:var(--h2_typography-letter-spacing);\"><span class=\" fusion-imageframe imageframe-none imageframe-1 hover-type-none\"><img decoding=\"async\" width=\"3441\" height=\"3324\" title=\"Logo-Cat-scaled\" src=\"https:\/\/bisbatdemallorca.org\/wp-content\/uploads\/2025\/04\/Logo-Cat-scaled-1.png\" alt class=\"img-responsive wp-image-25603\" srcset=\"https:\/\/www.bisbatdemallorca.org\/wp-content\/uploads\/2025\/04\/Logo-Cat-scaled-1-200x193.png 200w, https:\/\/www.bisbatdemallorca.org\/wp-content\/uploads\/2025\/04\/Logo-Cat-scaled-1-400x386.png 400w, https:\/\/www.bisbatdemallorca.org\/wp-content\/uploads\/2025\/04\/Logo-Cat-scaled-1-600x580.png 600w, https:\/\/www.bisbatdemallorca.org\/wp-content\/uploads\/2025\/04\/Logo-Cat-scaled-1-800x773.png 800w, https:\/\/www.bisbatdemallorca.org\/wp-content\/uploads\/2025\/04\/Logo-Cat-scaled-1-1200x1159.png 1200w, https:\/\/www.bisbatdemallorca.org\/wp-content\/uploads\/2025\/04\/Logo-Cat-scaled-1.png 3441w\" sizes=\"(max-width: 640px) 100vw, 400px\" \/><\/span><\/div><\/div><\/div><\/div><\/div><div class=\"fusion-fullwidth fullwidth-box fusion-builder-row-2 fusion-flex-container has-pattern-background has-mask-background nonhundred-percent-fullwidth non-hundred-percent-height-scrolling\" style=\"--awb-border-radius-top-left:0px;--awb-border-radius-top-right:0px;--awb-border-radius-bottom-right:0px;--awb-border-radius-bottom-left:0px;--awb-padding-top:100px;--awb-padding-right:0px;--awb-padding-bottom:100px;--awb-padding-left:0px;--awb-padding-right-medium:60px;--awb-padding-left-medium:60px;--awb-margin-top:0px;--awb-margin-bottom-small:40px;--awb-background-color:var(--awb-color1);--awb-background-image:linear-gradient(90deg, hsla(var(--awb-color5-h),var(--awb-color5-s),var(--awb-color5-l),calc(var(--awb-color5-a) - 90%)) 40%,var(--awb-color1) 0%);--awb-flex-wrap:wrap;\" ><div class=\"fusion-builder-row fusion-row fusion-flex-align-items-flex-start fusion-flex-content-wrap\" style=\"max-width:1248px;margin-left: calc(-4% \/ 2 );margin-right: calc(-4% \/ 2 );\"><div class=\"fusion-layout-column fusion_builder_column fusion-builder-column-3 fusion_builder_column_1_2 1_2 fusion-flex-column fusion-flex-align-self-stretch fusion-no-large-visibility\" style=\"--awb-bg-position:center center;--awb-bg-size:cover;--awb-width-large:50%;--awb-margin-top-large:0px;--awb-spacing-right-large:3.84%;--awb-margin-bottom-large:0px;--awb-spacing-left-large:3.84%;--awb-width-medium:100%;--awb-order-medium:0;--awb-spacing-right-medium:1.92%;--awb-spacing-left-medium:1.92%;--awb-width-small:100%;--awb-order-small:0;--awb-spacing-right-small:1.92%;--awb-spacing-left-small:1.92%;\"><div class=\"fusion-column-wrapper fusion-column-has-shadow fusion-flex-justify-content-flex-start fusion-content-layout-column\"><div class=\"fusion-image-element \" style=\"--awb-caption-title-font-family:var(--h2_typography-font-family);--awb-caption-title-font-weight:var(--h2_typography-font-weight);--awb-caption-title-font-style:var(--h2_typography-font-style);--awb-caption-title-size:var(--h2_typography-font-size);--awb-caption-title-transform:var(--h2_typography-text-transform);--awb-caption-title-line-height:var(--h2_typography-line-height);--awb-caption-title-letter-spacing:var(--h2_typography-letter-spacing);\"><span class=\" fusion-imageframe imageframe-none imageframe-2 hover-type-none\"><img decoding=\"async\" width=\"960\" height=\"550\" title=\"business-about-2\" src=\"https:\/\/bisbatdemallorca.org\/wp-content\/uploads\/2025\/02\/business-about-2.jpg\" alt class=\"img-responsive wp-image-24272\" srcset=\"https:\/\/www.bisbatdemallorca.org\/wp-content\/uploads\/2025\/02\/business-about-2-200x115.jpg 200w, https:\/\/www.bisbatdemallorca.org\/wp-content\/uploads\/2025\/02\/business-about-2-400x229.jpg 400w, https:\/\/www.bisbatdemallorca.org\/wp-content\/uploads\/2025\/02\/business-about-2-600x344.jpg 600w, https:\/\/www.bisbatdemallorca.org\/wp-content\/uploads\/2025\/02\/business-about-2-800x458.jpg 800w, https:\/\/www.bisbatdemallorca.org\/wp-content\/uploads\/2025\/02\/business-about-2.jpg 960w\" sizes=\"(max-width: 640px) 100vw, 600px\" \/><\/span><\/div><\/div><\/div><div class=\"fusion-layout-column fusion_builder_column fusion-builder-column-4 fusion_builder_column_1_2 1_2 fusion-flex-column fusion-flex-align-self-stretch fusion-no-small-visibility fusion-no-medium-visibility\" style=\"--awb-padding-bottom:174px;--awb-bg-image:url(&#039;https:\/\/bisbatdemallorca.org\/wp-content\/uploads\/2025\/04\/98.webp&#039;);--awb-bg-position:center center;--awb-bg-size:cover;--awb-width-large:50%;--awb-margin-top-large:0px;--awb-spacing-right-large:0%;--awb-margin-bottom-large:0px;--awb-spacing-left-large:3.84%;--awb-width-medium:100%;--awb-order-medium:0;--awb-spacing-right-medium:0%;--awb-spacing-left-medium:1.92%;--awb-width-small:100%;--awb-order-small:0;--awb-spacing-right-small:1.92%;--awb-spacing-left-small:1.92%;\"><div class=\"fusion-column-wrapper fusion-column-has-shadow fusion-flex-justify-content-flex-start fusion-content-layout-column fusion-empty-column-bg-image fusion-column-has-bg-image\" data-bg-url=\"https:\/\/bisbatdemallorca.org\/wp-content\/uploads\/2025\/04\/98.webp\"><img decoding=\"async\" class=\"fusion-empty-dims-img-placeholder fusion-no-large-visibility\" src=\"data:image\/gif;base64,R0lGODlhAQABAAAAACH5BAEKAAEALAAAAAABAAEAAAICTAEAOw==\"><\/div><\/div><div class=\"fusion-layout-column fusion_builder_column fusion-builder-column-5 fusion_builder_column_1_2 1_2 fusion-flex-column\" style=\"--awb-padding-top:40px;--awb-padding-bottom:40px;--awb-padding-left:40px;--awb-padding-top-medium:60px;--awb-padding-bottom-medium:0px;--awb-bg-size:cover;--awb-width-large:50%;--awb-margin-top-large:0px;--awb-spacing-right-large:3.84%;--awb-margin-bottom-large:0px;--awb-spacing-left-large:3.84%;--awb-width-medium:100%;--awb-order-medium:0;--awb-spacing-right-medium:1.92%;--awb-spacing-left-medium:1.92%;--awb-width-small:100%;--awb-order-small:0;--awb-spacing-right-small:1.92%;--awb-spacing-left-small:1.92%;\"><div class=\"fusion-column-wrapper fusion-column-has-shadow fusion-flex-justify-content-flex-start fusion-content-layout-column\"><div class=\"accordian fusion-accordian\" style=\"--awb-border-size:1px;--awb-icon-size:16px;--awb-content-font-size:var(--awb-typography4-font-size);--awb-icon-alignment:left;--awb-hover-color:var(--awb-color2);--awb-border-color:var(--awb-color3);--awb-background-color:var(--awb-color1);--awb-divider-color:var(--awb-color3);--awb-divider-hover-color:var(--awb-color3);--awb-icon-color:var(--awb-color1);--awb-title-color:var(--awb-color8);--awb-content-color:var(--awb-color8);--awb-icon-box-color:var(--awb-color8);--awb-toggle-hover-accent-color:var(--awb-color5);--awb-title-font-family:var(--awb-typography1-font-family);--awb-title-font-weight:var(--awb-typography1-font-weight);--awb-title-font-style:var(--awb-typography1-font-style);--awb-title-font-size:var(--awb-typography1-font-size);--awb-content-font-family:var(--awb-typography4-font-family);--awb-content-font-weight:var(--awb-typography4-font-weight);--awb-content-font-style:var(--awb-typography4-font-style);\"><div class=\"panel-group fusion-toggle-icon-boxed\" id=\"accordion-24160-1\"><div class=\"fusion-panel panel-default panel-4edbd8579100206e1 fusion-toggle-has-divider\"><div class=\"panel-heading\"><h4 class=\"panel-title toggle\" id=\"toggle_4edbd8579100206e1\"><a aria-expanded=\"false\" aria-controls=\"4edbd8579100206e1\" role=\"button\" data-toggle=\"collapse\" data-parent=\"#accordion-24160-1\" data-target=\"#4edbd8579100206e1\" href=\"#4edbd8579100206e1\"><span class=\"fusion-toggle-icon-wrapper\" aria-hidden=\"true\"><i class=\"fa-fusion-box active-icon awb-icon-minus\" aria-hidden=\"true\"><\/i><i class=\"fa-fusion-box inactive-icon fa-angle-down fas\" aria-hidden=\"true\"><\/i><\/span><span class=\"fusion-toggle-heading\">Qu\u00e8 \u00e9s el jubileu?<\/span><\/a><\/h4><\/div><div id=\"4edbd8579100206e1\" class=\"panel-collapse collapse \" aria-labelledby=\"toggle_4edbd8579100206e1\"><div class=\"panel-body toggle-content fusion-clearfix\">\n<p style=\"text-align: center;\" align=\"justify\"><span style=\"font-size: medium;\"><i>Jubileu<\/i><\/span><span style=\"font-size: medium;\">\u00a0\u00e9s el nom que rep un any particular: sembla que deriva de l\u2019instrument utilitzat per a indicar el seu inici; es tracta del\u00a0<\/span><span style=\"font-size: medium;\"><i>yobel<\/i><\/span><span style=\"font-size: medium;\">, el corn de marr\u00e0, el so del qual anuncia el Dia de l\u2019expiaci\u00f3 (<\/span><span style=\"font-size: medium;\"><i>Yom Kippur)<\/i><\/span><span style=\"font-size: medium;\">. Aquesta festa se celebra cada any, per\u00f2 adquireix un significat especial quan coincideix amb l\u2019inici de l\u2019any jubilar. Sobre aix\u00f2 trobem una primera idea a la B\u00edblia: s\u2019havia de convocar cada cinquanta anys perqu\u00e8 era l\u2019any \u201cextra\u201d, calia viure\u2019l cada \u00abset vegades set anys\u00bb (Lv 25,8). Encara que era dif\u00edcil de realitzar, es proposava com l\u2019ocasi\u00f3 per a restablir la relaci\u00f3 correcta amb D\u00e9u, amb les persones i amb la creaci\u00f3, i comportava el perd\u00f3 dels deutes, la restituci\u00f3 dels terrenys alienats i el rep\u00f2s de la terra.<\/span><\/p>\n<p style=\"text-align: center;\" align=\"justify\"><span style=\"font-size: medium;\">Citant el profeta Isa\u00efes, l\u2019evangeli segons sant Lluc descriu d\u2019aquesta mateixa manera la missi\u00f3 de Jes\u00fas: \u00abL\u2019Esperit del Senyor reposa sobre meu, perqu\u00e8 ell m\u2019ha ungit. M\u2019ha enviat a portar la bona nova als pobres, a proclamar als captius la llibertat i als cecs el retorn de la llum, a posar en llibertat els oprimits, a proclamar l\u2019any de gr\u00e0cia del Senyor\u00bb (Lc 4,18-19; cf. Is 61,1-2). Aquestes paraules de Jes\u00fas es van convertir tamb\u00e9 en accions d\u2019alliberament i de conversi\u00f3 en les seves trobades i relacions quotidianes.<\/span><\/p>\n<p style=\"text-align: center;\" align=\"justify\"><span style=\"font-size: medium;\">El papa Bonifaci VIII, l\u2019any 1300, va convocar el primer Jubileu, anomenat tamb\u00e9 \u201cAny Sant\u201d, perqu\u00e8 \u00e9s un temps en el qual s\u2019experimenta que la santedat de D\u00e9u ens transforma. Amb el temps, la freq\u00fc\u00e8ncia ha anat canviant: al principi era cada cent anys; el 1343 Climent VI ho va reduir a cinquanta anys i el 1470 Pau II ho va reduir a vint-i-cinc anys. Tamb\u00e9 hi ha moments \u201cextraordinaris\u201d: per exemple, el 1933, Pius XI va voler commemorar l\u2019aniversari de la Redempci\u00f3, i el 2015 el papa Francesc va convocar l\u2019Any de la Miseric\u00f2rdia. Tamb\u00e9 ha estat diferent la manera de celebrar aquest any: en l\u2019origen coincidia amb les visites a les bas\u00edliques romanes de Sant Pere i Sant Pau, per tant, amb el pelegrinatge, posteriorment es van afegir altres s\u00edmbols, com la Porta Santa. En participar de l\u2019Any Sant s\u2019obt\u00e9 la indulg\u00e8ncia plen\u00e0ria.<\/span><\/p>\n<\/div><\/div><\/div><\/div><\/div><\/div><\/div><\/div><\/div><div class=\"fusion-fullwidth fullwidth-box fusion-builder-row-3 fusion-flex-container has-pattern-background has-mask-background nonhundred-percent-fullwidth non-hundred-percent-height-scrolling\" style=\"--awb-border-radius-top-left:0px;--awb-border-radius-top-right:0px;--awb-border-radius-bottom-right:0px;--awb-border-radius-bottom-left:0px;--awb-padding-top:100px;--awb-padding-right:0px;--awb-padding-bottom:100px;--awb-padding-left:0px;--awb-padding-right-medium:60px;--awb-padding-left-medium:60px;--awb-margin-bottom-small:40px;--awb-background-color:var(--awb-color1);--awb-background-image:linear-gradient(90deg, hsla(var(--awb-color5-h),var(--awb-color5-s),var(--awb-color5-l),calc(var(--awb-color5-a) - 90%)) 40%,var(--awb-color1) 0%);--awb-flex-wrap:wrap;\" ><div class=\"fusion-builder-row fusion-row fusion-flex-align-items-flex-start fusion-flex-content-wrap\" style=\"max-width:1248px;margin-left: calc(-4% \/ 2 );margin-right: calc(-4% \/ 2 );\"><div class=\"fusion-layout-column fusion_builder_column fusion-builder-column-6 fusion_builder_column_1_2 1_2 fusion-flex-column fusion-flex-align-self-stretch fusion-no-large-visibility\" style=\"--awb-bg-position:center center;--awb-bg-size:cover;--awb-width-large:50%;--awb-margin-top-large:0px;--awb-spacing-right-large:3.84%;--awb-margin-bottom-large:0px;--awb-spacing-left-large:3.84%;--awb-width-medium:100%;--awb-order-medium:0;--awb-spacing-right-medium:1.92%;--awb-spacing-left-medium:1.92%;--awb-width-small:100%;--awb-order-small:0;--awb-spacing-right-small:1.92%;--awb-spacing-left-small:1.92%;\"><div class=\"fusion-column-wrapper fusion-column-has-shadow fusion-flex-justify-content-flex-start fusion-content-layout-column\"><div class=\"fusion-image-element \" style=\"--awb-caption-title-font-family:var(--h2_typography-font-family);--awb-caption-title-font-weight:var(--h2_typography-font-weight);--awb-caption-title-font-style:var(--h2_typography-font-style);--awb-caption-title-size:var(--h2_typography-font-size);--awb-caption-title-transform:var(--h2_typography-text-transform);--awb-caption-title-line-height:var(--h2_typography-line-height);--awb-caption-title-letter-spacing:var(--h2_typography-letter-spacing);\"><span class=\" fusion-imageframe imageframe-none imageframe-3 hover-type-none\"><img decoding=\"async\" width=\"960\" height=\"550\" title=\"business-about-2\" src=\"https:\/\/bisbatdemallorca.org\/wp-content\/uploads\/2025\/02\/business-about-2.jpg\" alt class=\"img-responsive wp-image-24272\" srcset=\"https:\/\/www.bisbatdemallorca.org\/wp-content\/uploads\/2025\/02\/business-about-2-200x115.jpg 200w, https:\/\/www.bisbatdemallorca.org\/wp-content\/uploads\/2025\/02\/business-about-2-400x229.jpg 400w, https:\/\/www.bisbatdemallorca.org\/wp-content\/uploads\/2025\/02\/business-about-2-600x344.jpg 600w, https:\/\/www.bisbatdemallorca.org\/wp-content\/uploads\/2025\/02\/business-about-2-800x458.jpg 800w, https:\/\/www.bisbatdemallorca.org\/wp-content\/uploads\/2025\/02\/business-about-2.jpg 960w\" sizes=\"(max-width: 640px) 100vw, 600px\" \/><\/span><\/div><\/div><\/div><div class=\"fusion-layout-column fusion_builder_column fusion-builder-column-7 fusion_builder_column_1_2 1_2 fusion-flex-column\" style=\"--awb-padding-top:40px;--awb-padding-bottom:40px;--awb-padding-left:40px;--awb-padding-top-medium:60px;--awb-padding-bottom-medium:0px;--awb-bg-size:cover;--awb-width-large:50%;--awb-margin-top-large:0px;--awb-spacing-right-large:3.84%;--awb-margin-bottom-large:0px;--awb-spacing-left-large:3.84%;--awb-width-medium:100%;--awb-order-medium:0;--awb-spacing-right-medium:1.92%;--awb-spacing-left-medium:1.92%;--awb-width-small:100%;--awb-order-small:0;--awb-spacing-right-small:1.92%;--awb-spacing-left-small:1.92%;\"><div class=\"fusion-column-wrapper fusion-column-has-shadow fusion-flex-justify-content-flex-start fusion-content-layout-column\"><div class=\"accordian fusion-accordian\" style=\"--awb-border-size:1px;--awb-icon-size:16px;--awb-content-font-size:var(--awb-typography4-font-size);--awb-icon-alignment:left;--awb-hover-color:var(--awb-color2);--awb-border-color:var(--awb-color3);--awb-background-color:var(--awb-color1);--awb-divider-color:var(--awb-color3);--awb-divider-hover-color:var(--awb-color3);--awb-icon-color:var(--awb-color1);--awb-title-color:var(--awb-color8);--awb-content-color:var(--awb-color8);--awb-icon-box-color:var(--awb-color8);--awb-toggle-hover-accent-color:var(--awb-color5);--awb-title-font-family:var(--awb-typography1-font-family);--awb-title-font-weight:var(--awb-typography1-font-weight);--awb-title-font-style:var(--awb-typography1-font-style);--awb-title-font-size:var(--awb-typography1-font-size);--awb-content-font-family:var(--awb-typography4-font-family);--awb-content-font-weight:var(--awb-typography4-font-weight);--awb-content-font-style:var(--awb-typography4-font-style);\"><div class=\"panel-group fusion-toggle-icon-boxed\" id=\"accordion-24160-2\"><div class=\"fusion-panel panel-default panel-5f1a496600a513440 fusion-toggle-has-divider\"><div class=\"panel-heading\"><h4 class=\"panel-title toggle\" id=\"toggle_5f1a496600a513440\"><a aria-expanded=\"false\" aria-controls=\"5f1a496600a513440\" role=\"button\" data-toggle=\"collapse\" data-parent=\"#accordion-24160-2\" data-target=\"#5f1a496600a513440\" href=\"#5f1a496600a513440\"><span class=\"fusion-toggle-icon-wrapper\" aria-hidden=\"true\"><i class=\"fa-fusion-box active-icon awb-icon-minus\" aria-hidden=\"true\"><\/i><i class=\"fa-fusion-box inactive-icon fa-angle-down fas\" aria-hidden=\"true\"><\/i><\/span><span class=\"fusion-toggle-heading\">La Butlla<\/span><\/a><\/h4><\/div><div id=\"5f1a496600a513440\" class=\"panel-collapse collapse \" aria-labelledby=\"toggle_5f1a496600a513440\"><div class=\"panel-body toggle-content fusion-clearfix\">\n<p style=\"text-align: center;\" align=\"justify\">La tradici\u00f3 dicta que cada Jubileu es proclami a trav\u00e9s de la publicaci\u00f3 d\u2019una butlla papal (o butlla pontif\u00edcia) de convocat\u00f2ria. Per\u00a0butlla\u00a0s\u2019ent\u00e9n un document oficial, generalment escrit en llat\u00ed, amb el segell del Papa, la forma del qual dona nom al document. Al principi el segell acostumava a ser de plom i portava a l\u2019anvers la imatge dels sants ap\u00f2stols Pere i Pau, fundadors de l\u2019Esgl\u00e9sia de Roma, i al revers, el\u00a0 nom del Pont\u00edfex. M\u00e9s tard, un segell de tinta va substituir el segell met\u00e0l\u00b7lic, per\u00f2 aquest es va continuar utilitzant per als documents de m\u00e9s import\u00e0ncia. Cada butlla s\u2019identifica per les seves paraules inicials. Per exemple, sant Joan Pau II va convocar el gran Jubileu de l\u2019any 2000 amb la butlla\u00a0Incarnationis mysterium\u00a0\u2018El misteri de l\u2019Encarnaci\u00f3\u2019, mentre que el papa Francesc va convocar el Jubileu extraordinari de la Miseric\u00f2rdia (2015-2016) amb la butlla\u00a0Misericordi\u00e6 vultus\u00a0\u2018El rostre de la Miseric\u00f2rdia\u2019. La butlla de convocat\u00f2ria del Jubileu, en la qual s\u2019indiquen les dates d\u2019inici i final de l\u2019Any Sant, acostuma a publicar-se l\u2019any anterior, coincidint amb la solemnitat de l\u2019Ascensi\u00f3. Per al present Jubileu de 2025, la corresponent butlla anomenada Spes non confundit fou presentada dia 9 de maig de 2024.<\/p>\n<\/div><\/div><\/div><\/div><\/div><div ><a class=\"fusion-button button-flat button-xlarge button-custom fusion-button-default button-2 fusion-button-default-span fusion-button-default-type\" style=\"--button_accent_color:var(--awb-color1);--button_accent_hover_color:var(--awb-color8);--button_border_hover_color:var(--awb-color1);--button-border-radius-top-left:0px;--button-border-radius-top-right:0px;--button-border-radius-bottom-right:0px;--button-border-radius-bottom-left:0px;--button_gradient_top_color:#027f3d;--button_gradient_bottom_color:#027f3d;--button_gradient_top_color_hover:#009c4e;--button_gradient_bottom_color_hover:#009c4e;--button_text_transform:var(--awb-typography3-text-transform);--button_typography-letter-spacing:var(--awb-typography3-letter-spacing);--button_typography-font-family:var(--awb-typography3-font-family);--button_typography-font-weight:var(--awb-typography3-font-weight);--button_typography-font-style:var(--awb-typography3-font-style);--button_margin-top:40px;\" target=\"_self\" href=\"https:\/\/www.vatican.va\/content\/francesco\/es\/bulls\/documents\/20240509_spes-non-confundit_bolla-giubileo2025.html\"><span class=\"fusion-button-text awb-button__text awb-button__text--default\">Butlla<\/span><\/a><\/div><\/div><\/div><div class=\"fusion-layout-column fusion_builder_column fusion-builder-column-8 fusion_builder_column_1_2 1_2 fusion-flex-column fusion-flex-align-self-stretch fusion-no-small-visibility fusion-no-medium-visibility\" style=\"--awb-bg-image:url(&#039;https:\/\/bisbatdemallorca.org\/wp-content\/uploads\/2025\/02\/cq5dam.web_.1280.1280.jpeg&#039;);--awb-bg-position:center center;--awb-bg-size:cover;--awb-width-large:50%;--awb-margin-top-large:0px;--awb-spacing-right-large:3.84%;--awb-margin-bottom-large:0px;--awb-spacing-left-large:3.84%;--awb-width-medium:100%;--awb-order-medium:0;--awb-spacing-right-medium:1.92%;--awb-spacing-left-medium:1.92%;--awb-width-small:100%;--awb-order-small:0;--awb-spacing-right-small:1.92%;--awb-spacing-left-small:1.92%;\"><div class=\"fusion-column-wrapper fusion-column-has-shadow fusion-flex-justify-content-flex-start fusion-content-layout-column fusion-empty-column-bg-image fusion-column-has-bg-image\" data-bg-url=\"https:\/\/bisbatdemallorca.org\/wp-content\/uploads\/2025\/02\/cq5dam.web_.1280.1280.jpeg\"><img decoding=\"async\" class=\"fusion-empty-dims-img-placeholder fusion-no-large-visibility\" src=\"data:image\/gif;base64,R0lGODlhAQABAAAAACH5BAEKAAEALAAAAAABAAEAAAICTAEAOw==\"><\/div><\/div><\/div><\/div><div class=\"fusion-fullwidth fullwidth-box fusion-builder-row-4 fusion-flex-container has-pattern-background has-mask-background nonhundred-percent-fullwidth non-hundred-percent-height-scrolling\" style=\"--awb-border-radius-top-left:0px;--awb-border-radius-top-right:0px;--awb-border-radius-bottom-right:0px;--awb-border-radius-bottom-left:0px;--awb-padding-top:100px;--awb-padding-right:0px;--awb-padding-bottom:100px;--awb-padding-left:0px;--awb-padding-right-medium:60px;--awb-padding-left-medium:60px;--awb-margin-bottom-small:40px;--awb-background-color:var(--awb-color1);--awb-background-image:linear-gradient(90deg, hsla(var(--awb-color5-h),var(--awb-color5-s),var(--awb-color5-l),calc(var(--awb-color5-a) - 90%)) 40%,var(--awb-color1) 0%);--awb-flex-wrap:wrap;\" ><div class=\"fusion-builder-row fusion-row fusion-flex-align-items-flex-start fusion-flex-content-wrap\" style=\"max-width:1248px;margin-left: calc(-4% \/ 2 );margin-right: calc(-4% \/ 2 );\"><div class=\"fusion-layout-column fusion_builder_column fusion-builder-column-9 fusion_builder_column_1_2 1_2 fusion-flex-column fusion-flex-align-self-stretch fusion-no-large-visibility\" style=\"--awb-bg-position:center center;--awb-bg-size:cover;--awb-width-large:50%;--awb-margin-top-large:0px;--awb-spacing-right-large:3.84%;--awb-margin-bottom-large:0px;--awb-spacing-left-large:3.84%;--awb-width-medium:100%;--awb-order-medium:0;--awb-spacing-right-medium:1.92%;--awb-spacing-left-medium:1.92%;--awb-width-small:100%;--awb-order-small:0;--awb-spacing-right-small:1.92%;--awb-spacing-left-small:1.92%;\"><div class=\"fusion-column-wrapper fusion-column-has-shadow fusion-flex-justify-content-flex-start fusion-content-layout-column\"><div class=\"fusion-image-element \" style=\"--awb-caption-title-font-family:var(--h2_typography-font-family);--awb-caption-title-font-weight:var(--h2_typography-font-weight);--awb-caption-title-font-style:var(--h2_typography-font-style);--awb-caption-title-size:var(--h2_typography-font-size);--awb-caption-title-transform:var(--h2_typography-text-transform);--awb-caption-title-line-height:var(--h2_typography-line-height);--awb-caption-title-letter-spacing:var(--h2_typography-letter-spacing);\"><span class=\" fusion-imageframe imageframe-none imageframe-4 hover-type-none\"><img decoding=\"async\" width=\"960\" height=\"550\" title=\"business-about-2\" src=\"https:\/\/bisbatdemallorca.org\/wp-content\/uploads\/2025\/02\/business-about-2.jpg\" alt class=\"img-responsive wp-image-24272\" srcset=\"https:\/\/www.bisbatdemallorca.org\/wp-content\/uploads\/2025\/02\/business-about-2-200x115.jpg 200w, https:\/\/www.bisbatdemallorca.org\/wp-content\/uploads\/2025\/02\/business-about-2-400x229.jpg 400w, https:\/\/www.bisbatdemallorca.org\/wp-content\/uploads\/2025\/02\/business-about-2-600x344.jpg 600w, https:\/\/www.bisbatdemallorca.org\/wp-content\/uploads\/2025\/02\/business-about-2-800x458.jpg 800w, https:\/\/www.bisbatdemallorca.org\/wp-content\/uploads\/2025\/02\/business-about-2.jpg 960w\" sizes=\"(max-width: 640px) 100vw, 600px\" \/><\/span><\/div><\/div><\/div><div class=\"fusion-layout-column fusion_builder_column fusion-builder-column-10 fusion_builder_column_1_2 1_2 fusion-flex-column\" style=\"--awb-bg-size:cover;--awb-width-large:50%;--awb-margin-top-large:0px;--awb-spacing-right-large:3.84%;--awb-margin-bottom-large:20px;--awb-spacing-left-large:3.84%;--awb-width-medium:50%;--awb-order-medium:0;--awb-spacing-right-medium:3.84%;--awb-spacing-left-medium:3.84%;--awb-width-small:100%;--awb-order-small:0;--awb-spacing-right-small:1.92%;--awb-spacing-left-small:1.92%;\"><div class=\"fusion-column-wrapper fusion-column-has-shadow fusion-flex-justify-content-flex-start fusion-content-layout-column\"><div class=\"fusion-image-element \" style=\"--awb-caption-title-font-family:var(--h2_typography-font-family);--awb-caption-title-font-weight:var(--h2_typography-font-weight);--awb-caption-title-font-style:var(--h2_typography-font-style);--awb-caption-title-size:var(--h2_typography-font-size);--awb-caption-title-transform:var(--h2_typography-text-transform);--awb-caption-title-line-height:var(--h2_typography-line-height);--awb-caption-title-letter-spacing:var(--h2_typography-letter-spacing);\"><span class=\" fusion-imageframe imageframe-none imageframe-5 hover-type-none\"><img decoding=\"async\" width=\"552\" height=\"552\" title=\"logo\" src=\"https:\/\/bisbatdemallorca.org\/wp-content\/uploads\/2025\/04\/logo.png\" alt class=\"img-responsive wp-image-25615\" srcset=\"https:\/\/www.bisbatdemallorca.org\/wp-content\/uploads\/2025\/04\/logo-200x200.png 200w, https:\/\/www.bisbatdemallorca.org\/wp-content\/uploads\/2025\/04\/logo-400x400.png 400w, https:\/\/www.bisbatdemallorca.org\/wp-content\/uploads\/2025\/04\/logo.png 552w\" sizes=\"(max-width: 640px) 100vw, 552px\" \/><\/span><\/div><\/div><\/div><div class=\"fusion-layout-column fusion_builder_column fusion-builder-column-11 fusion_builder_column_1_2 1_2 fusion-flex-column\" style=\"--awb-padding-top:40px;--awb-padding-bottom:40px;--awb-padding-left:40px;--awb-padding-top-medium:60px;--awb-padding-bottom-medium:0px;--awb-bg-size:cover;--awb-width-large:50%;--awb-margin-top-large:0px;--awb-spacing-right-large:3.84%;--awb-margin-bottom-large:0px;--awb-spacing-left-large:3.84%;--awb-width-medium:100%;--awb-order-medium:0;--awb-spacing-right-medium:1.92%;--awb-spacing-left-medium:1.92%;--awb-width-small:100%;--awb-order-small:0;--awb-spacing-right-small:1.92%;--awb-spacing-left-small:1.92%;\"><div class=\"fusion-column-wrapper fusion-column-has-shadow fusion-flex-justify-content-flex-start fusion-content-layout-column\"><div class=\"accordian fusion-accordian\" style=\"--awb-border-size:1px;--awb-icon-size:16px;--awb-content-font-size:var(--awb-typography4-font-size);--awb-icon-alignment:left;--awb-hover-color:var(--awb-color2);--awb-border-color:var(--awb-color3);--awb-background-color:var(--awb-color1);--awb-divider-color:var(--awb-color3);--awb-divider-hover-color:var(--awb-color3);--awb-icon-color:var(--awb-color1);--awb-title-color:var(--awb-color8);--awb-content-color:var(--awb-color8);--awb-icon-box-color:var(--awb-color8);--awb-toggle-hover-accent-color:var(--awb-color5);--awb-title-font-family:var(--awb-typography1-font-family);--awb-title-font-weight:var(--awb-typography1-font-weight);--awb-title-font-style:var(--awb-typography1-font-style);--awb-title-font-size:var(--awb-typography1-font-size);--awb-content-font-family:var(--awb-typography4-font-family);--awb-content-font-weight:var(--awb-typography4-font-weight);--awb-content-font-style:var(--awb-typography4-font-style);\"><div class=\"panel-group fusion-toggle-icon-boxed\" id=\"accordion-24160-3\"><div class=\"fusion-panel panel-default panel-c9388df6d7a3d6809 fusion-toggle-has-divider\"><div class=\"panel-heading\"><h4 class=\"panel-title toggle\" id=\"toggle_c9388df6d7a3d6809\"><a aria-expanded=\"false\" aria-controls=\"c9388df6d7a3d6809\" role=\"button\" data-toggle=\"collapse\" data-parent=\"#accordion-24160-3\" data-target=\"#c9388df6d7a3d6809\" href=\"#c9388df6d7a3d6809\"><span class=\"fusion-toggle-icon-wrapper\" aria-hidden=\"true\"><i class=\"fa-fusion-box active-icon awb-icon-minus\" aria-hidden=\"true\"><\/i><i class=\"fa-fusion-box inactive-icon fa-angle-down fas\" aria-hidden=\"true\"><\/i><\/span><span class=\"fusion-toggle-heading\">Logotip<\/span><\/a><\/h4><\/div><div id=\"c9388df6d7a3d6809\" class=\"panel-collapse collapse \" aria-labelledby=\"toggle_c9388df6d7a3d6809\"><div class=\"panel-body toggle-content fusion-clearfix\">\n<p style=\"text-align: center;\" align=\"justify\"><span style=\"font-size: medium;\">El logotip oficial del Jubileu 2025 representa quatre figures estilitzades que indiquen la humanitat provinent dels quatre racons de la terra. Abra\u00e7ades entre elles, indiquen la solidaritat i la fraternitat que uneix els pobles. La primera figura est\u00e0 aferrada a la creu. \u00c9s el signe no sols de la fe que abra\u00e7a, sin\u00f3 tamb\u00e9 de l\u2019esperan\u00e7a que mai no pot ser abandonada, perqu\u00e8 sempre la necessitem, sobretot en els moments de m\u00e9s necessitat. Conv\u00e9 observar les ones que tenen a sota i que estan en moviment, perqu\u00e8 mostren que la peregrinaci\u00f3 de la vida no sempre passa per aig\u00fces tranquil\u00b7les. Moltes vegades les experi\u00e8ncies personals i els esdeveniments del m\u00f3n exigeixen amb m\u00e9s intensitat la crida a l\u2019esperan\u00e7a. \u00c9s per aix\u00f2 que s\u2019ha de subratllar la part inferior de la creu que s\u2019allarga i es transforma en una \u00e0ncora i que s\u2019imposa per damunt del moviment de les ones. Com b\u00e9 sabem l\u2019\u00e0ncora ha estat utilitzada com a met\u00e0fora de l\u2019esperan\u00e7a. De fet, l\u2019\u00e0ncora de l\u2019esperan\u00e7a \u00e9s el nom que en argot mariner es dona a l\u2019\u00e0ncora de reserva usada per les embarcacions per a fer maniobres d\u2019emerg\u00e8ncia que permetin estabilitzar la barca durant les tempestes. Cal no oblidar el fet que la imatge mostra que el cam\u00ed del peregr\u00ed no \u00e9s un fet individual, sin\u00f3 comunitari amb l\u2019empremta d\u2019un dinamisme en creixement que tendeix cada vegada m\u00e9s cap a la creu. La creu no \u00e9s est\u00e0tica, sin\u00f3 din\u00e0mica i s\u2019encorba cap a la humanitat, sortint al seu encontre i no deixant-la sola, oferint la certesa de la pres\u00e8ncia i la seguretat de l\u2019esperan\u00e7a. Es destaca, finalment, amb color verd el lema del jubileu 2025:\u00a0<\/span><span style=\"font-size: medium;\"><i>Peregrinantes in spem<\/i><\/span><span style=\"font-size: medium;\">.<\/span><\/p>\n<\/div><\/div><\/div><\/div><\/div><\/div><\/div><\/div><\/div><div class=\"fusion-fullwidth fullwidth-box fusion-builder-row-5 fusion-flex-container has-pattern-background has-mask-background nonhundred-percent-fullwidth non-hundred-percent-height-scrolling\" style=\"--awb-border-radius-top-left:0px;--awb-border-radius-top-right:0px;--awb-border-radius-bottom-right:0px;--awb-border-radius-bottom-left:0px;--awb-padding-top:100px;--awb-padding-right:0px;--awb-padding-bottom:100px;--awb-padding-left:0px;--awb-padding-right-medium:60px;--awb-padding-left-medium:60px;--awb-margin-bottom-small:40px;--awb-background-color:var(--awb-color1);--awb-background-image:linear-gradient(90deg, hsla(var(--awb-color5-h),var(--awb-color5-s),var(--awb-color5-l),calc(var(--awb-color5-a) - 90%)) 40%,var(--awb-color1) 0%);--awb-flex-wrap:wrap;\" ><div class=\"fusion-builder-row fusion-row fusion-flex-align-items-flex-start fusion-flex-content-wrap\" style=\"max-width:1248px;margin-left: calc(-4% \/ 2 );margin-right: calc(-4% \/ 2 );\"><div class=\"fusion-layout-column fusion_builder_column fusion-builder-column-12 fusion_builder_column_1_2 1_2 fusion-flex-column fusion-flex-align-self-stretch fusion-no-large-visibility\" style=\"--awb-bg-position:center center;--awb-bg-size:cover;--awb-width-large:50%;--awb-margin-top-large:0px;--awb-spacing-right-large:3.84%;--awb-margin-bottom-large:0px;--awb-spacing-left-large:3.84%;--awb-width-medium:100%;--awb-order-medium:0;--awb-spacing-right-medium:1.92%;--awb-spacing-left-medium:1.92%;--awb-width-small:100%;--awb-order-small:0;--awb-spacing-right-small:1.92%;--awb-spacing-left-small:1.92%;\"><div class=\"fusion-column-wrapper fusion-column-has-shadow fusion-flex-justify-content-flex-start fusion-content-layout-column\"><div class=\"fusion-image-element \" style=\"--awb-caption-title-font-family:var(--h2_typography-font-family);--awb-caption-title-font-weight:var(--h2_typography-font-weight);--awb-caption-title-font-style:var(--h2_typography-font-style);--awb-caption-title-size:var(--h2_typography-font-size);--awb-caption-title-transform:var(--h2_typography-text-transform);--awb-caption-title-line-height:var(--h2_typography-line-height);--awb-caption-title-letter-spacing:var(--h2_typography-letter-spacing);\"><span class=\" fusion-imageframe imageframe-none imageframe-6 hover-type-none\"><img decoding=\"async\" width=\"960\" height=\"550\" title=\"business-about-2\" src=\"https:\/\/bisbatdemallorca.org\/wp-content\/uploads\/2025\/02\/business-about-2.jpg\" alt class=\"img-responsive wp-image-24272\" srcset=\"https:\/\/www.bisbatdemallorca.org\/wp-content\/uploads\/2025\/02\/business-about-2-200x115.jpg 200w, https:\/\/www.bisbatdemallorca.org\/wp-content\/uploads\/2025\/02\/business-about-2-400x229.jpg 400w, https:\/\/www.bisbatdemallorca.org\/wp-content\/uploads\/2025\/02\/business-about-2-600x344.jpg 600w, https:\/\/www.bisbatdemallorca.org\/wp-content\/uploads\/2025\/02\/business-about-2-800x458.jpg 800w, https:\/\/www.bisbatdemallorca.org\/wp-content\/uploads\/2025\/02\/business-about-2.jpg 960w\" sizes=\"(max-width: 640px) 100vw, 600px\" \/><\/span><\/div><\/div><\/div><div class=\"fusion-layout-column fusion_builder_column fusion-builder-column-13 fusion_builder_column_1_2 1_2 fusion-flex-column\" style=\"--awb-padding-top:40px;--awb-padding-bottom:40px;--awb-padding-left:40px;--awb-padding-top-medium:60px;--awb-padding-bottom-medium:0px;--awb-bg-size:cover;--awb-width-large:50%;--awb-margin-top-large:0px;--awb-spacing-right-large:3.84%;--awb-margin-bottom-large:0px;--awb-spacing-left-large:3.84%;--awb-width-medium:100%;--awb-order-medium:0;--awb-spacing-right-medium:1.92%;--awb-spacing-left-medium:1.92%;--awb-width-small:100%;--awb-order-small:0;--awb-spacing-right-small:1.92%;--awb-spacing-left-small:1.92%;\"><div class=\"fusion-column-wrapper fusion-column-has-shadow fusion-flex-justify-content-flex-start fusion-content-layout-column\"><div class=\"accordian fusion-accordian\" style=\"--awb-border-size:1px;--awb-icon-size:16px;--awb-content-font-size:var(--awb-typography4-font-size);--awb-icon-alignment:left;--awb-hover-color:var(--awb-color2);--awb-border-color:var(--awb-color3);--awb-background-color:var(--awb-color1);--awb-divider-color:var(--awb-color3);--awb-divider-hover-color:var(--awb-color3);--awb-icon-color:var(--awb-color1);--awb-title-color:var(--awb-color8);--awb-content-color:var(--awb-color8);--awb-icon-box-color:var(--awb-color8);--awb-toggle-hover-accent-color:var(--awb-color5);--awb-title-font-family:var(--awb-typography1-font-family);--awb-title-font-weight:var(--awb-typography1-font-weight);--awb-title-font-style:var(--awb-typography1-font-style);--awb-title-font-size:var(--awb-typography1-font-size);--awb-content-font-family:var(--awb-typography4-font-family);--awb-content-font-weight:var(--awb-typography4-font-weight);--awb-content-font-style:var(--awb-typography4-font-style);\"><div class=\"panel-group fusion-toggle-icon-boxed\" id=\"accordion-24160-4\"><div class=\"fusion-panel panel-default panel-01ccd00371f367d4d fusion-toggle-has-divider\"><div class=\"panel-heading\"><h4 class=\"panel-title toggle\" id=\"toggle_01ccd00371f367d4d\"><a aria-expanded=\"false\" aria-controls=\"01ccd00371f367d4d\" role=\"button\" data-toggle=\"collapse\" data-parent=\"#accordion-24160-4\" data-target=\"#01ccd00371f367d4d\" href=\"#01ccd00371f367d4d\"><span class=\"fusion-toggle-icon-wrapper\" aria-hidden=\"true\"><i class=\"fa-fusion-box active-icon awb-icon-minus\" aria-hidden=\"true\"><\/i><i class=\"fa-fusion-box inactive-icon fa-angle-down fas\" aria-hidden=\"true\"><\/i><\/span><span class=\"fusion-toggle-heading\">Himne<\/span><\/a><\/h4><\/div><div id=\"01ccd00371f367d4d\" class=\"panel-collapse collapse \" aria-labelledby=\"toggle_01ccd00371f367d4d\"><div class=\"panel-body toggle-content fusion-clearfix\">\n<p style=\"text-align: center;\" align=\"justify\"><span style=\"font-size: medium;\">Durant el cam\u00ed, el cant aflora molt freq\u00fcentment als llavis, gaireb\u00e9 com si fos un fidel company per expressar els motius del viatger. Aix\u00f2 tamb\u00e9 s&#8217;aplica a la vida de fe que \u00e9s un pelegrinatge a la llum del Senyor Ressuscitat. Les Sagrades Escriptures estan impregnades de cant i els Salms s\u00f3n un exemple notable: les oracions del poble d&#8217;Israel van ser escrites per ser cantades. La tradici\u00f3 de l&#8217;Esgl\u00e9sia no fa m\u00e9s que perllongar aquesta relaci\u00f3, fent del cant i de la m\u00fasica un dels pulmons de la lit\u00fargia. El Jubileu, que de per si mateix s&#8217;expressa com un esdeveniment del Poble de D\u00e9u en marxa cap a la Porta Santa, troba tamb\u00e9 en el cant una de les maneres per donar veu al seu lema, &#8220;Pelegrins de l&#8217;esperan\u00e7a&#8221;.<\/span><\/p>\n<p style=\"text-align: center;\" align=\"justify\"><span style=\"font-size: medium;\">El text cont\u00e9 nombrosos temes de l&#8217;Any Sant. En primer lloc, el mateix lema, troba el millor ress\u00f2 b\u00edblic en algunes p\u00e0gines del profeta Isa\u00efes (Isa\u00efes 9 i Isa\u00efes 60). Els temes de la creaci\u00f3, la fraternitat, la tendresa de D\u00e9u i l&#8217;esperan\u00e7a al dest\u00ed ressonen en un llenguatge que no \u00e9s &#8220;t\u00e8cnicament&#8221; teol\u00f2gic, encara que ho sigui en el fons i en les al\u00b7lusions, per fer-lo ressonar amb eloq\u00fc\u00e8ncia a les orelles del nostre temps.<\/span><\/p>\n<p style=\"text-align: center;\" align=\"justify\"><span style=\"font-size: medium;\">Pas a pas, el poble dels creients en el seu pelegrinatge diari es recolza confiadament en la font de la Vida. El cant que sorgeixi espont\u00e0niament durant el cam\u00ed (cf. Agust\u00ed, Discorsi, 256) est\u00e0 dirigit a D\u00e9u. \u00c9s un cant ple de l&#8217;esperan\u00e7a de ser alliberats i sostinguts. \u00c9s un cant acompanyat del desig que arribi a les orelles d&#8217;aquell que el fa brollar. \u00c9s D\u00e9u qui, com una flama sempre viva, mant\u00e9 encesa l&#8217;esperan\u00e7a i dona energia a les passes del poble que camina.<\/span><\/p>\n<p style=\"text-align: center;\" align=\"justify\"><span style=\"font-size: medium;\">El profeta Isa\u00efes veu repetidament la fam\u00edlia d&#8217;homes i dones, fills i filles, que tornen de la dispersi\u00f3, reunits a la llum de la Paraula de D\u00e9u: \u201cEl poble que caminava a les tenebres ha vist una gran llum\u201d (Isa\u00efes 9, 1). La llum \u00e9s la del Fill fet home, Jes\u00fas, que amb la seva Paraula reuneix tots els pobles i les nacions. \u00c9s la flama viva de Jes\u00fas la que mou el pas: \u201cAl\u00e7a&#8217;t, revesteix-te de llum, perqu\u00e8 ve la teva llum, la gl\u00f2ria del Senyor resplendeix sobre tu\u201d (Isa\u00efes, 60,1).<\/span><\/p>\n<p style=\"text-align: center;\" align=\"justify\"><span style=\"font-size: medium;\">L&#8217;esperan\u00e7a cristiana \u00e9s din\u00e0mica i il\u00b7lumina el pelegrinatge de la vida, mostrant la cara de germans i germanes, companys de cam\u00ed. No \u00e9s un deambular com a llops solitaris, sin\u00f3 un cam\u00ed de poble, confiat i joi\u00f3s, que avan\u00e7a cap a una destinaci\u00f3 Nova. El bufa de l&#8217;Esperit de vida no deixa d&#8217;il\u00b7luminar l&#8217;aurora del futur que sorgeix. El Pare celestial observa amb paci\u00e8ncia i tendresa el pelegrinatge dels seus fills i els obre de bat a bat el Cam\u00ed, assenyalant Jes\u00fas, el seu Fill, que es converteix en espai de cam\u00ed per a tothom.<\/span><\/p>\n<p style=\"text-align: center;\" align=\"justify\"><span style=\"font-size: medium;\">L\u2019himne del Jubileu 2025, va ser triat d\u2019entre 270 propostes arribades de 38 pa\u00efsos diferents. El guanyador del Concurs Internacional convocat per la Santa Seu va ser el Mestre Francesco Meneghello, de P\u00e0dua. La m\u00fasica \u00e9s de Francesco Meneghello. El nom del guardonat es va anunciar en el mes de maig de 2024, durant els actes de convocat\u00f2ria del Jubileu. El Cor Musical de la Capella Pontif\u00edcia Sixtina fou l\u2019encarregada de gravar la primera edici\u00f3 de l&#8217;Himne Oficial del Jubileu 2025.<\/span><\/p>\n<p style=\"text-align: center;\" align=\"justify\"><span style=\"font-size: medium;\">L\u2019Esgl\u00e9sia de Mallorca compta amb la seva pr\u00f2pia versi\u00f3 arranjada per la Comissi\u00f3 de Cant Lit\u00fargic de la Seu de Mallorca i ja ha estat interpretada per la Capella de M\u00fasica de la mateixa catedral i per l\u2019Escolania de Blauets de Lluc, en el transcurs de les respectives celebracions d\u2019obertura de l\u2019Any Sant com a llocs jubilars.<\/span><\/p>\n<\/div><\/div><\/div><\/div><\/div><div ><a class=\"fusion-button button-flat button-xlarge button-custom fusion-button-default button-3 fusion-button-default-span fusion-button-default-type\" style=\"--button_accent_color:var(--awb-color1);--button_accent_hover_color:var(--awb-color8);--button_border_hover_color:var(--awb-color1);--button-border-radius-top-left:0px;--button-border-radius-top-right:0px;--button-border-radius-bottom-right:0px;--button-border-radius-bottom-left:0px;--button_gradient_top_color:#027f3d;--button_gradient_bottom_color:#027f3d;--button_gradient_top_color_hover:#009c4e;--button_gradient_bottom_color_hover:#009c4e;--button_text_transform:var(--awb-typography3-text-transform);--button_typography-letter-spacing:var(--awb-typography3-letter-spacing);--button_typography-font-family:var(--awb-typography3-font-family);--button_typography-font-weight:var(--awb-typography3-font-weight);--button_typography-font-style:var(--awb-typography3-font-style);--button_margin-top:40px;\" target=\"_self\" href=\"https:\/\/bisbatdemallorca.org\/download\/himne-jubileu-2025\/?wpdmdl=25649&amp;refresh=67f762915ba8e1744265873\"><span class=\"fusion-button-text awb-button__text awb-button__text--default\">Lletra<\/span><\/a><\/div><div ><a class=\"fusion-button button-flat button-xlarge button-custom fusion-button-default button-4 fusion-button-default-span fusion-button-default-type\" style=\"--button_accent_color:var(--awb-color1);--button_accent_hover_color:var(--awb-color8);--button_border_hover_color:var(--awb-color1);--button-border-radius-top-left:0px;--button-border-radius-top-right:0px;--button-border-radius-bottom-right:0px;--button-border-radius-bottom-left:0px;--button_gradient_top_color:#027f3d;--button_gradient_bottom_color:#027f3d;--button_gradient_top_color_hover:#009c4e;--button_gradient_bottom_color_hover:#009c4e;--button_text_transform:var(--awb-typography3-text-transform);--button_typography-letter-spacing:var(--awb-typography3-letter-spacing);--button_typography-font-family:var(--awb-typography3-font-family);--button_typography-font-weight:var(--awb-typography3-font-weight);--button_typography-font-style:var(--awb-typography3-font-style);--button_margin-top:40px;\" target=\"_self\"><span class=\"fusion-button-text awb-button__text awb-button__text--default\">Himne<\/span><\/a><\/div><\/div><\/div><div class=\"fusion-layout-column fusion_builder_column fusion-builder-column-14 fusion_builder_column_1_2 1_2 fusion-flex-column\" style=\"--awb-bg-size:cover;--awb-width-large:50%;--awb-margin-top-large:0px;--awb-spacing-right-large:3.84%;--awb-margin-bottom-large:20px;--awb-spacing-left-large:3.84%;--awb-width-medium:50%;--awb-order-medium:0;--awb-spacing-right-medium:3.84%;--awb-spacing-left-medium:3.84%;--awb-width-small:100%;--awb-order-small:0;--awb-spacing-right-small:1.92%;--awb-spacing-left-small:1.92%;\"><div class=\"fusion-column-wrapper fusion-column-has-shadow fusion-flex-justify-content-flex-start fusion-content-layout-column\"><div class=\"fusion-slider-sc\"><div class=\"fusion-flexslider-loading flexslider flexslider-hover-type-none\" data-slideshow_autoplay=\"1\" data-slideshow_smooth_height=\"0\" data-slideshow_speed=\"7000\" style=\"max-width:100%;height:100%;\"><ul class=\"slides\"><li class=\"video\"><div class=\"full-video\"><div class=\"fusion-video fusion-youtube\" style=\"--awb-max-width:600px;--awb-max-height:360px;\"><div class=\"video-shortcode\"><div class=\"fluid-width-video-wrapper\" style=\"padding-top:60%;\" ><iframe title=\"YouTube video player 1\" src=\"https:\/\/www.youtube.com\/embed\/748YvCM_djY?wmode=transparent&autoplay=0\" width=\"600\" height=\"360\" allowfullscreen allow=\"autoplay; clipboard-write; encrypted-media; gyroscope; picture-in-picture;\"><\/iframe><\/div><\/div><\/div><\/div><\/li><\/ul><\/div><\/div><\/div><\/div><\/div><\/div><div class=\"fusion-fullwidth fullwidth-box fusion-builder-row-6 fusion-flex-container has-pattern-background has-mask-background nonhundred-percent-fullwidth non-hundred-percent-height-scrolling\" style=\"--awb-border-radius-top-left:0px;--awb-border-radius-top-right:0px;--awb-border-radius-bottom-right:0px;--awb-border-radius-bottom-left:0px;--awb-padding-top:100px;--awb-padding-right:0px;--awb-padding-bottom:100px;--awb-padding-left:0px;--awb-padding-right-medium:60px;--awb-padding-left-medium:60px;--awb-margin-bottom-small:40px;--awb-background-color:var(--awb-color1);--awb-background-image:linear-gradient(90deg, hsla(var(--awb-color5-h),var(--awb-color5-s),var(--awb-color5-l),calc(var(--awb-color5-a) - 90%)) 40%,var(--awb-color1) 0%);--awb-flex-wrap:wrap;\" ><div class=\"fusion-builder-row fusion-row fusion-flex-align-items-flex-start fusion-flex-content-wrap\" style=\"max-width:1248px;margin-left: calc(-4% \/ 2 );margin-right: calc(-4% \/ 2 );\"><div class=\"fusion-layout-column fusion_builder_column fusion-builder-column-15 fusion_builder_column_1_2 1_2 fusion-flex-column fusion-flex-align-self-stretch fusion-no-large-visibility\" style=\"--awb-bg-position:center center;--awb-bg-size:cover;--awb-width-large:50%;--awb-margin-top-large:0px;--awb-spacing-right-large:3.84%;--awb-margin-bottom-large:0px;--awb-spacing-left-large:3.84%;--awb-width-medium:100%;--awb-order-medium:0;--awb-spacing-right-medium:1.92%;--awb-spacing-left-medium:1.92%;--awb-width-small:100%;--awb-order-small:0;--awb-spacing-right-small:1.92%;--awb-spacing-left-small:1.92%;\"><div class=\"fusion-column-wrapper fusion-column-has-shadow fusion-flex-justify-content-flex-start fusion-content-layout-column\"><div class=\"fusion-image-element \" style=\"--awb-caption-title-font-family:var(--h2_typography-font-family);--awb-caption-title-font-weight:var(--h2_typography-font-weight);--awb-caption-title-font-style:var(--h2_typography-font-style);--awb-caption-title-size:var(--h2_typography-font-size);--awb-caption-title-transform:var(--h2_typography-text-transform);--awb-caption-title-line-height:var(--h2_typography-line-height);--awb-caption-title-letter-spacing:var(--h2_typography-letter-spacing);\"><span class=\" fusion-imageframe imageframe-none imageframe-7 hover-type-none\"><img decoding=\"async\" width=\"960\" height=\"550\" title=\"business-about-2\" src=\"https:\/\/bisbatdemallorca.org\/wp-content\/uploads\/2025\/02\/business-about-2.jpg\" alt class=\"img-responsive wp-image-24272\" srcset=\"https:\/\/www.bisbatdemallorca.org\/wp-content\/uploads\/2025\/02\/business-about-2-200x115.jpg 200w, https:\/\/www.bisbatdemallorca.org\/wp-content\/uploads\/2025\/02\/business-about-2-400x229.jpg 400w, https:\/\/www.bisbatdemallorca.org\/wp-content\/uploads\/2025\/02\/business-about-2-600x344.jpg 600w, https:\/\/www.bisbatdemallorca.org\/wp-content\/uploads\/2025\/02\/business-about-2-800x458.jpg 800w, https:\/\/www.bisbatdemallorca.org\/wp-content\/uploads\/2025\/02\/business-about-2.jpg 960w\" sizes=\"(max-width: 640px) 100vw, 600px\" \/><\/span><\/div><\/div><\/div><div class=\"fusion-layout-column fusion_builder_column fusion-builder-column-16 fusion_builder_column_1_2 1_2 fusion-flex-column fusion-flex-align-self-stretch fusion-no-small-visibility fusion-no-medium-visibility\" style=\"--awb-padding-bottom:179px;--awb-bg-image:url(&#039;https:\/\/bisbatdemallorca.org\/wp-content\/uploads\/2025\/04\/WhatsApp-Image-2025-04-08-at-15.17.44.jpeg&#039;);--awb-bg-position:center bottom;--awb-bg-size:cover;--awb-width-large:50%;--awb-margin-top-large:0px;--awb-spacing-right-large:3.84%;--awb-margin-bottom-large:0px;--awb-spacing-left-large:3.84%;--awb-width-medium:100%;--awb-order-medium:0;--awb-spacing-right-medium:1.92%;--awb-spacing-left-medium:1.92%;--awb-width-small:100%;--awb-order-small:0;--awb-spacing-right-small:1.92%;--awb-spacing-left-small:1.92%;\"><div class=\"fusion-column-wrapper fusion-column-has-shadow fusion-flex-justify-content-flex-start fusion-content-layout-column fusion-empty-column-bg-image fusion-column-has-bg-image\" data-bg-url=\"https:\/\/bisbatdemallorca.org\/wp-content\/uploads\/2025\/04\/WhatsApp-Image-2025-04-08-at-15.17.44.jpeg\"><img decoding=\"async\" class=\"fusion-empty-dims-img-placeholder fusion-no-large-visibility\" src=\"data:image\/gif;base64,R0lGODlhAQABAAAAACH5BAEKAAEALAAAAAABAAEAAAICTAEAOw==\"><\/div><\/div><div class=\"fusion-layout-column fusion_builder_column fusion-builder-column-17 fusion_builder_column_1_2 1_2 fusion-flex-column\" style=\"--awb-padding-top:40px;--awb-padding-bottom:40px;--awb-padding-left:40px;--awb-padding-top-medium:60px;--awb-padding-bottom-medium:0px;--awb-bg-size:cover;--awb-width-large:50%;--awb-margin-top-large:0px;--awb-spacing-right-large:3.84%;--awb-margin-bottom-large:0px;--awb-spacing-left-large:3.84%;--awb-width-medium:100%;--awb-order-medium:0;--awb-spacing-right-medium:1.92%;--awb-spacing-left-medium:1.92%;--awb-width-small:100%;--awb-order-small:0;--awb-spacing-right-small:1.92%;--awb-spacing-left-small:1.92%;\"><div class=\"fusion-column-wrapper fusion-column-has-shadow fusion-flex-justify-content-flex-start fusion-content-layout-column\"><div class=\"accordian fusion-accordian\" style=\"--awb-border-size:1px;--awb-icon-size:16px;--awb-content-font-size:var(--awb-typography4-font-size);--awb-icon-alignment:left;--awb-hover-color:var(--awb-color2);--awb-border-color:var(--awb-color3);--awb-background-color:var(--awb-color1);--awb-divider-color:var(--awb-color3);--awb-divider-hover-color:var(--awb-color3);--awb-icon-color:var(--awb-color1);--awb-title-color:var(--awb-color8);--awb-content-color:var(--awb-color8);--awb-icon-box-color:var(--awb-color8);--awb-toggle-hover-accent-color:var(--awb-color5);--awb-title-font-family:var(--awb-typography1-font-family);--awb-title-font-weight:var(--awb-typography1-font-weight);--awb-title-font-style:var(--awb-typography1-font-style);--awb-title-font-size:var(--awb-typography1-font-size);--awb-content-font-family:var(--awb-typography4-font-family);--awb-content-font-weight:var(--awb-typography4-font-weight);--awb-content-font-style:var(--awb-typography4-font-style);\"><div class=\"panel-group fusion-toggle-icon-boxed\" id=\"accordion-24160-5\"><div class=\"fusion-panel panel-default panel-1a6be58cec2fdfedf fusion-toggle-has-divider\"><div class=\"panel-heading\"><h4 class=\"panel-title toggle\" id=\"toggle_1a6be58cec2fdfedf\"><a aria-expanded=\"false\" aria-controls=\"1a6be58cec2fdfedf\" role=\"button\" data-toggle=\"collapse\" data-parent=\"#accordion-24160-5\" data-target=\"#1a6be58cec2fdfedf\" href=\"#1a6be58cec2fdfedf\"><span class=\"fusion-toggle-icon-wrapper\" aria-hidden=\"true\"><i class=\"fa-fusion-box active-icon awb-icon-minus\" aria-hidden=\"true\"><\/i><i class=\"fa-fusion-box inactive-icon fa-angle-down fas\" aria-hidden=\"true\"><\/i><\/span><span class=\"fusion-toggle-heading\">Els llocs jubilars <\/span><\/a><\/h4><\/div><div id=\"1a6be58cec2fdfedf\" class=\"panel-collapse collapse \" aria-labelledby=\"toggle_1a6be58cec2fdfedf\"><div class=\"panel-body toggle-content fusion-clearfix\">\n<p style=\"text-align: center;\" align=\"justify\">Abans de l\u2019obertura de l\u2019Any Sant a l\u2019Esgl\u00e9sia de Mallorca, el Bisbe Monsenyor Sebasti\u00e0 Taltavull va designar que els fidels de la nostra di\u00f2cesis podran obtenir la gr\u00e0cia del Jubileu peregrinant a:<br \/>\n\u2022 A la Seu de Mallorca<br \/>\n\u2022 A la bas\u00edlica del Santuari de Lluc<br \/>\n\u2022 A la bas\u00edlica de Sant Miquel de Palma<br \/>\nAl primer d\u2019aquests temples li correspon aquest dret per esser l\u2019esgl\u00e9sia catedral de tots els cristians de Mallorca. Les altres dues bas\u00edliques per esser dels dos santuaris marians m\u00e9s visitats de la nostra illa. Un a la ciutat i l\u2019altra a la Part Forana. Amb la designaci\u00f3 d\u2019aquests llocs amb tanta tradici\u00f3 de romiatges col\u00b7lectius i individuals, ha volgut el nostre Bisbe que Maria, la Mare de Jes\u00fas i Mare Nostra, sigui tamb\u00e9 companya en el pelegrinatge de cada \u00fa. Ella \u00e9s la guia m\u00e9s segura per arribar al Fill, fins i tot esdev\u00e9 \u201cl\u2019arca m\u00e9s segura en temps de diluvis\u201d o dificultats, tal com ha dit el Papa Francesc.<br \/>\nEs demana a tots els rectors i responsables de llocs de culte, superiors de congregacions i comunitats religioses, caps d\u2019\u00e0rees i delegacions, arxiprestes, directors de col\u00b7legis i de llocs d\u2019atenci\u00f3 a les persones&#8230; a que s\u2019animin, en el transcurs d\u2019aquest any, a organitzar trobades jubilars en alguns dels indrets esmentats. A qualsevol d\u2019ells hi trobareu acollida i facilitats per poder-hi viure la finalitat del Jubileu. \u00c9s important que abans contacteu amb els responsables de cada lloc per tal de concretar dates i detalls. En aquest mateix lloc hi trobareu un calendari on hi pujarem les peregrinacions i actes jubilars que aneu indicant i que restar\u00e0 a disposici\u00f3 dels que ho vulguin consultar.<\/p>\n<\/div><\/div><\/div><\/div><\/div><\/div><\/div><\/div><\/div><div class=\"fusion-fullwidth fullwidth-box fusion-builder-row-7 fusion-flex-container has-pattern-background has-mask-background nonhundred-percent-fullwidth non-hundred-percent-height-scrolling\" style=\"--awb-border-radius-top-left:0px;--awb-border-radius-top-right:0px;--awb-border-radius-bottom-right:0px;--awb-border-radius-bottom-left:0px;--awb-padding-top:100px;--awb-padding-right:0px;--awb-padding-bottom:100px;--awb-padding-left:0px;--awb-padding-right-medium:60px;--awb-padding-left-medium:60px;--awb-margin-bottom-small:40px;--awb-background-color:var(--awb-color1);--awb-background-image:linear-gradient(90deg, hsla(var(--awb-color5-h),var(--awb-color5-s),var(--awb-color5-l),calc(var(--awb-color5-a) - 90%)) 40%,var(--awb-color1) 0%);--awb-flex-wrap:wrap;\" ><div class=\"fusion-builder-row fusion-row fusion-flex-align-items-flex-start fusion-flex-content-wrap\" style=\"max-width:1248px;margin-left: calc(-4% \/ 2 );margin-right: calc(-4% \/ 2 );\"><div class=\"fusion-layout-column fusion_builder_column fusion-builder-column-18 fusion_builder_column_1_2 1_2 fusion-flex-column fusion-flex-align-self-stretch fusion-no-large-visibility\" style=\"--awb-bg-position:center center;--awb-bg-size:cover;--awb-width-large:50%;--awb-margin-top-large:0px;--awb-spacing-right-large:3.84%;--awb-margin-bottom-large:0px;--awb-spacing-left-large:3.84%;--awb-width-medium:100%;--awb-order-medium:0;--awb-spacing-right-medium:1.92%;--awb-spacing-left-medium:1.92%;--awb-width-small:100%;--awb-order-small:0;--awb-spacing-right-small:1.92%;--awb-spacing-left-small:1.92%;\"><div class=\"fusion-column-wrapper fusion-column-has-shadow fusion-flex-justify-content-flex-start fusion-content-layout-column\"><div class=\"fusion-image-element \" style=\"--awb-caption-title-font-family:var(--h2_typography-font-family);--awb-caption-title-font-weight:var(--h2_typography-font-weight);--awb-caption-title-font-style:var(--h2_typography-font-style);--awb-caption-title-size:var(--h2_typography-font-size);--awb-caption-title-transform:var(--h2_typography-text-transform);--awb-caption-title-line-height:var(--h2_typography-line-height);--awb-caption-title-letter-spacing:var(--h2_typography-letter-spacing);\"><span class=\" fusion-imageframe imageframe-none imageframe-8 hover-type-none\"><img decoding=\"async\" width=\"960\" height=\"550\" title=\"business-about-2\" src=\"https:\/\/bisbatdemallorca.org\/wp-content\/uploads\/2025\/02\/business-about-2.jpg\" alt class=\"img-responsive wp-image-24272\" srcset=\"https:\/\/www.bisbatdemallorca.org\/wp-content\/uploads\/2025\/02\/business-about-2-200x115.jpg 200w, https:\/\/www.bisbatdemallorca.org\/wp-content\/uploads\/2025\/02\/business-about-2-400x229.jpg 400w, https:\/\/www.bisbatdemallorca.org\/wp-content\/uploads\/2025\/02\/business-about-2-600x344.jpg 600w, https:\/\/www.bisbatdemallorca.org\/wp-content\/uploads\/2025\/02\/business-about-2-800x458.jpg 800w, https:\/\/www.bisbatdemallorca.org\/wp-content\/uploads\/2025\/02\/business-about-2.jpg 960w\" sizes=\"(max-width: 640px) 100vw, 600px\" \/><\/span><\/div><\/div><\/div><div class=\"fusion-layout-column fusion_builder_column fusion-builder-column-19 fusion_builder_column_1_2 1_2 fusion-flex-column\" style=\"--awb-padding-top:40px;--awb-padding-bottom:40px;--awb-padding-left:40px;--awb-padding-top-medium:60px;--awb-padding-bottom-medium:0px;--awb-bg-size:cover;--awb-width-large:50%;--awb-margin-top-large:0px;--awb-spacing-right-large:3.84%;--awb-margin-bottom-large:0px;--awb-spacing-left-large:3.84%;--awb-width-medium:100%;--awb-order-medium:0;--awb-spacing-right-medium:1.92%;--awb-spacing-left-medium:1.92%;--awb-width-small:100%;--awb-order-small:0;--awb-spacing-right-small:1.92%;--awb-spacing-left-small:1.92%;\"><div class=\"fusion-column-wrapper fusion-column-has-shadow fusion-flex-justify-content-flex-start fusion-content-layout-column\"><div class=\"accordian fusion-accordian\" style=\"--awb-border-size:1px;--awb-icon-size:16px;--awb-content-font-size:var(--awb-typography4-font-size);--awb-icon-alignment:left;--awb-hover-color:var(--awb-color2);--awb-border-color:var(--awb-color3);--awb-background-color:var(--awb-color1);--awb-divider-color:var(--awb-color3);--awb-divider-hover-color:var(--awb-color3);--awb-icon-color:var(--awb-color1);--awb-title-color:var(--awb-color8);--awb-content-color:var(--awb-color8);--awb-icon-box-color:var(--awb-color8);--awb-toggle-hover-accent-color:var(--awb-color5);--awb-title-font-family:var(--awb-typography1-font-family);--awb-title-font-weight:var(--awb-typography1-font-weight);--awb-title-font-style:var(--awb-typography1-font-style);--awb-title-font-size:var(--awb-typography1-font-size);--awb-content-font-family:var(--awb-typography4-font-family);--awb-content-font-weight:var(--awb-typography4-font-weight);--awb-content-font-style:var(--awb-typography4-font-style);\"><div class=\"panel-group fusion-toggle-icon-boxed\" id=\"accordion-24160-6\"><div class=\"fusion-panel panel-default panel-867cab876635003b3 fusion-toggle-has-divider\"><div class=\"panel-heading\"><h4 class=\"panel-title toggle\" id=\"toggle_867cab876635003b3\"><a aria-expanded=\"false\" aria-controls=\"867cab876635003b3\" role=\"button\" data-toggle=\"collapse\" data-parent=\"#accordion-24160-6\" data-target=\"#867cab876635003b3\" href=\"#867cab876635003b3\"><span class=\"fusion-toggle-icon-wrapper\" aria-hidden=\"true\"><i class=\"fa-fusion-box active-icon awb-icon-minus\" aria-hidden=\"true\"><\/i><i class=\"fa-fusion-box inactive-icon fa-angle-down fas\" aria-hidden=\"true\"><\/i><\/span><span class=\"fusion-toggle-heading\">Preg\u00e0ria del Jubileu<\/span><\/a><\/h4><\/div><div id=\"867cab876635003b3\" class=\"panel-collapse collapse \" aria-labelledby=\"toggle_867cab876635003b3\"><div class=\"panel-body toggle-content fusion-clearfix\">\n<p>Pare que esteu en el cel,<br \/>\nque la fe que ens heu donat<br \/>\nen el vostre Fill Jesucrist, el nostre germ\u00e0,<br \/>\ni la crida a la caritat<br \/>\nque heu inf\u00f3s en els nostres cors<br \/>\na trav\u00e9s de l\u2019Esperit Sant,<br \/>\ndesvetllin en nosaltres<br \/>\nla benaurada esperan\u00e7a<br \/>\nen la vinguda del vostre Regne.<\/p>\n<p>Que la vostra gr\u00e0cia ens transformi<br \/>\nen sembradors de les llavors de l\u2019Evangeli<br \/>\nque fermentin la humanitat i la creaci\u00f3,<br \/>\ntot esperant confiadament<br \/>\nel cel nou i la terra nova<br \/>\nquan, ven\u00e7udes les forces del mal,<br \/>\nes manifesti per sempre la vostra gl\u00f2ria.<\/p>\n<p>Que la gr\u00e0cia del Jubileu<br \/>\nrevifi en nosaltres, Pelegrins d\u2019Esperan\u00e7a,<br \/>\nl\u2019anhel pels b\u00e9ns eterns<br \/>\ni vessi sobre tot el m\u00f3n<br \/>\nla joia i la pau del nostre Redemptor.<br \/>\nA v\u00f3s, D\u00e9u bene\u00eft per sempre,<br \/>\nsigui donada la lloan\u00e7a i la gl\u00f2ria<br \/>\npels segles dels segles.<\/p>\n<p>Am\u00e9n.<\/p>\n<\/div><\/div><\/div><\/div><\/div><\/div><\/div><div class=\"fusion-layout-column fusion_builder_column fusion-builder-column-20 fusion_builder_column_1_2 1_2 fusion-flex-column fusion-flex-align-self-stretch fusion-no-small-visibility fusion-no-medium-visibility\" style=\"--awb-padding-top:195px;--awb-bg-image:url(&#039;https:\/\/bisbatdemallorca.org\/wp-content\/uploads\/2025\/04\/papafrancisco_0-scaled.jpg&#039;);--awb-bg-position:center center;--awb-bg-size:cover;--awb-width-large:50%;--awb-margin-top-large:0px;--awb-spacing-right-large:3.84%;--awb-margin-bottom-large:0px;--awb-spacing-left-large:3.84%;--awb-width-medium:100%;--awb-order-medium:0;--awb-spacing-right-medium:1.92%;--awb-spacing-left-medium:1.92%;--awb-width-small:100%;--awb-order-small:0;--awb-spacing-right-small:1.92%;--awb-spacing-left-small:1.92%;\"><div class=\"fusion-column-wrapper fusion-column-has-shadow fusion-flex-justify-content-flex-start fusion-content-layout-column fusion-empty-column-bg-image fusion-column-has-bg-image\" data-bg-url=\"https:\/\/bisbatdemallorca.org\/wp-content\/uploads\/2025\/04\/papafrancisco_0-scaled.jpg\"><img decoding=\"async\" class=\"fusion-empty-dims-img-placeholder fusion-no-large-visibility\" src=\"data:image\/gif;base64,R0lGODlhAQABAAAAACH5BAEKAAEALAAAAAABAAEAAAICTAEAOw==\"><\/div><\/div><\/div><\/div><div class=\"fusion-fullwidth fullwidth-box fusion-builder-row-8 fusion-flex-container has-pattern-background has-mask-background nonhundred-percent-fullwidth non-hundred-percent-height-scrolling\" style=\"--awb-border-radius-top-left:0px;--awb-border-radius-top-right:0px;--awb-border-radius-bottom-right:0px;--awb-border-radius-bottom-left:0px;--awb-padding-top:100px;--awb-padding-right:0px;--awb-padding-bottom:100px;--awb-padding-left:0px;--awb-padding-right-medium:60px;--awb-padding-left-medium:60px;--awb-margin-bottom-small:40px;--awb-background-color:var(--awb-color1);--awb-background-image:linear-gradient(90deg, hsla(var(--awb-color5-h),var(--awb-color5-s),var(--awb-color5-l),calc(var(--awb-color5-a) - 90%)) 40%,var(--awb-color1) 0%);--awb-flex-wrap:wrap;\" ><div class=\"fusion-builder-row fusion-row fusion-flex-align-items-flex-start fusion-flex-content-wrap\" style=\"max-width:1248px;margin-left: calc(-4% \/ 2 );margin-right: calc(-4% \/ 2 );\"><div class=\"fusion-layout-column fusion_builder_column fusion-builder-column-21 fusion_builder_column_1_2 1_2 fusion-flex-column fusion-flex-align-self-stretch fusion-no-large-visibility\" style=\"--awb-bg-position:center center;--awb-bg-size:cover;--awb-width-large:50%;--awb-margin-top-large:0px;--awb-spacing-right-large:3.84%;--awb-margin-bottom-large:0px;--awb-spacing-left-large:3.84%;--awb-width-medium:100%;--awb-order-medium:0;--awb-spacing-right-medium:1.92%;--awb-spacing-left-medium:1.92%;--awb-width-small:100%;--awb-order-small:0;--awb-spacing-right-small:1.92%;--awb-spacing-left-small:1.92%;\"><div class=\"fusion-column-wrapper fusion-column-has-shadow fusion-flex-justify-content-flex-start fusion-content-layout-column\"><div class=\"fusion-image-element \" style=\"--awb-caption-title-font-family:var(--h2_typography-font-family);--awb-caption-title-font-weight:var(--h2_typography-font-weight);--awb-caption-title-font-style:var(--h2_typography-font-style);--awb-caption-title-size:var(--h2_typography-font-size);--awb-caption-title-transform:var(--h2_typography-text-transform);--awb-caption-title-line-height:var(--h2_typography-line-height);--awb-caption-title-letter-spacing:var(--h2_typography-letter-spacing);\"><span class=\" fusion-imageframe imageframe-none imageframe-9 hover-type-none\"><img decoding=\"async\" width=\"960\" height=\"550\" title=\"business-about-2\" src=\"https:\/\/bisbatdemallorca.org\/wp-content\/uploads\/2025\/02\/business-about-2.jpg\" alt class=\"img-responsive wp-image-24272\" srcset=\"https:\/\/www.bisbatdemallorca.org\/wp-content\/uploads\/2025\/02\/business-about-2-200x115.jpg 200w, https:\/\/www.bisbatdemallorca.org\/wp-content\/uploads\/2025\/02\/business-about-2-400x229.jpg 400w, https:\/\/www.bisbatdemallorca.org\/wp-content\/uploads\/2025\/02\/business-about-2-600x344.jpg 600w, https:\/\/www.bisbatdemallorca.org\/wp-content\/uploads\/2025\/02\/business-about-2-800x458.jpg 800w, https:\/\/www.bisbatdemallorca.org\/wp-content\/uploads\/2025\/02\/business-about-2.jpg 960w\" sizes=\"(max-width: 640px) 100vw, 600px\" \/><\/span><\/div><\/div><\/div><div class=\"fusion-layout-column fusion_builder_column fusion-builder-column-22 fusion_builder_column_1_2 1_2 fusion-flex-column fusion-flex-align-self-stretch fusion-no-small-visibility fusion-no-medium-visibility\" style=\"--awb-padding-top:46px;--awb-padding-bottom:94px;--awb-bg-image:url(&#039;https:\/\/bisbatdemallorca.org\/wp-content\/uploads\/2025\/02\/cq5dam.web_.1280.1280-3.jpeg&#039;);--awb-bg-position:center center;--awb-bg-size:cover;--awb-width-large:50%;--awb-margin-top-large:0px;--awb-spacing-right-large:3.84%;--awb-margin-bottom-large:0px;--awb-spacing-left-large:3.84%;--awb-width-medium:100%;--awb-order-medium:0;--awb-spacing-right-medium:1.92%;--awb-spacing-left-medium:1.92%;--awb-width-small:100%;--awb-order-small:0;--awb-spacing-right-small:1.92%;--awb-spacing-left-small:1.92%;\"><div class=\"fusion-column-wrapper fusion-column-has-shadow fusion-flex-justify-content-flex-start fusion-content-layout-column fusion-empty-column-bg-image fusion-column-has-bg-image\" data-bg-url=\"https:\/\/bisbatdemallorca.org\/wp-content\/uploads\/2025\/02\/cq5dam.web_.1280.1280-3.jpeg\"><img decoding=\"async\" class=\"fusion-empty-dims-img-placeholder fusion-no-large-visibility\" src=\"data:image\/gif;base64,R0lGODlhAQABAAAAACH5BAEKAAEALAAAAAABAAEAAAICTAEAOw==\"><\/div><\/div><div class=\"fusion-layout-column fusion_builder_column fusion-builder-column-23 fusion_builder_column_1_2 1_2 fusion-flex-column\" style=\"--awb-padding-top:40px;--awb-padding-bottom:40px;--awb-padding-left:40px;--awb-padding-top-medium:60px;--awb-padding-bottom-medium:0px;--awb-bg-size:cover;--awb-width-large:50%;--awb-margin-top-large:0px;--awb-spacing-right-large:3.84%;--awb-margin-bottom-large:0px;--awb-spacing-left-large:3.84%;--awb-width-medium:100%;--awb-order-medium:0;--awb-spacing-right-medium:1.92%;--awb-spacing-left-medium:1.92%;--awb-width-small:100%;--awb-order-small:0;--awb-spacing-right-small:1.92%;--awb-spacing-left-small:1.92%;\"><div class=\"fusion-column-wrapper fusion-column-has-shadow fusion-flex-justify-content-flex-start fusion-content-layout-column\"><div class=\"accordian fusion-accordian\" style=\"--awb-border-size:1px;--awb-icon-size:16px;--awb-content-font-size:var(--awb-typography4-font-size);--awb-icon-alignment:left;--awb-hover-color:var(--awb-color2);--awb-border-color:var(--awb-color3);--awb-background-color:var(--awb-color1);--awb-divider-color:var(--awb-color3);--awb-divider-hover-color:var(--awb-color3);--awb-icon-color:var(--awb-color1);--awb-title-color:var(--awb-color8);--awb-content-color:var(--awb-color8);--awb-icon-box-color:var(--awb-color8);--awb-toggle-hover-accent-color:var(--awb-color5);--awb-title-font-family:var(--awb-typography1-font-family);--awb-title-font-weight:var(--awb-typography1-font-weight);--awb-title-font-style:var(--awb-typography1-font-style);--awb-title-font-size:var(--awb-typography1-font-size);--awb-content-font-family:var(--awb-typography4-font-family);--awb-content-font-weight:var(--awb-typography4-font-weight);--awb-content-font-style:var(--awb-typography4-font-style);\"><div class=\"panel-group fusion-toggle-icon-boxed\" id=\"accordion-24160-7\"><div class=\"fusion-panel panel-default panel-caf07880e7a50f5e3 fusion-toggle-has-divider\"><div class=\"panel-heading\"><h4 class=\"panel-title toggle\" id=\"toggle_caf07880e7a50f5e3\"><a aria-expanded=\"false\" aria-controls=\"caf07880e7a50f5e3\" role=\"button\" data-toggle=\"collapse\" data-parent=\"#accordion-24160-7\" data-target=\"#caf07880e7a50f5e3\" href=\"#caf07880e7a50f5e3\"><span class=\"fusion-toggle-icon-wrapper\" aria-hidden=\"true\"><i class=\"fa-fusion-box active-icon awb-icon-minus\" aria-hidden=\"true\"><\/i><i class=\"fa-fusion-box inactive-icon fa-angle-down fas\" aria-hidden=\"true\"><\/i><\/span><span class=\"fusion-toggle-heading\">La indulg\u00e8ncia<\/span><\/a><\/h4><\/div><div id=\"caf07880e7a50f5e3\" class=\"panel-collapse collapse \" aria-labelledby=\"toggle_caf07880e7a50f5e3\"><div class=\"panel-body toggle-content fusion-clearfix\">\n<p style=\"text-align: center;\" align=\"justify\">La indulg\u00e8ncia, do inestimable de la miseric\u00f2rdia divina, \u00e9s un dels \u201csignes\u201d peculiars dels anys jubilars. El dilluns 13 de maig de 2024, la Penitenciaria Apost\u00f2lica va donar a con\u00e8ixer les Normes sobre la concessi\u00f3 de la Indulg\u00e8ncia durant el Jubileu del 2025. La Indulg\u00e8ncia, escriuen, citant el que afirma el Papa Francesc a la Bula de Convocaci\u00f3 del Jubileu, Spes non confundit , \u00e9s \u00abuna gr\u00e0cia jubilar\u00bb que \u00abpermet descobrir com d\u2019il\u00b7limitada \u00e9s la miseric\u00f2rdia de D\u00e9u\u00bb. Tamb\u00e9 en ocasi\u00f3 del proper Jubileu, per voluntat del Sant Pare, la Penitenciaria \u00abpret\u00e9n motivar els \u00e0nims dels fidels per desitjar i alimentar el piu desig d&#8217;obtenir la Indulg\u00e8ncia\u00bb i per aix\u00f2 ha establert algunes prescripcions i pautes per als pelegrins.<br \/>\nPodran rebre la indulg\u00e8ncia, amb la remissi\u00f3 i el perd\u00f3 dels pecats, tots els fidels \u00abveritablement penedits\u00bb i \u00abmoguts per l\u2019esperit de caritat\u00bb, \u00abque, en el curs de l&#8217;Any Sant, purificats a trav\u00e9s del sagrament de la penit\u00e8ncia i alimentats per la Santa Comuni\u00f3, preguin per les intencions del Summe Pont\u00edfex\u00bb, es llegeix a les Normes. Seguint les disposicions de la Penitenciaria, signades pel Penitenciari Major, S.E. el cardenal Angelo De Donatis, la indulg\u00e8ncia es podr\u00e0 aplicar \u00aba les \u00e0nimes del Purgatori en forma de sufragi\u00bb.<br \/>\nEls fidels, \u201cperegrins d&#8217;esperan\u00e7a\u201d, podran aconseguir la Indulg\u00e8ncia si emprenen un pelegrinatge cap a qualsevol lloc jubilar, cap a almenys una de les quatre Bas\u00edliques Papals Majors de Roma, a Terra Santa o en altres circumscripcions eclesi\u00e0stiques, i participant en un moment de preg\u00e0ria, celebraci\u00f3 o reconciliaci\u00f3. Tamb\u00e9 si \u00abvisiten devotament qualsevol lloc jubilar\u00bb, vivint moments d&#8217;adoraci\u00f3 eucar\u00edstica i meditaci\u00f3, concloent amb el Pare Nostre, la Professi\u00f3 de Fe i les invocacions a Maria.<br \/>\nAix\u00ed mateix, visitant altres llocs del m\u00f3n, com, entre d&#8217;altres, \u00ables dues Bas\u00edliques Papals menors d&#8217;Ass\u00eds: de Sant Francesc i de Santa Maria dels \u00c0ngels; les Bas\u00edliques Pontif\u00edcies de la Verge de Loreto, de la Verge de Pompeia, de Sant Antoni de P\u00e0dua\u00bb. En cas de greu impediment, els fidels \u00abveritablement penedits que no podran participar en les solemnes celebracions, en les peregrinacions o en les pies visites\u00bb, podran aconseguir la indulg\u00e8ncia jubilar, amb les mateixes condicions, el Pare Nostre, la Professi\u00f3 de Fe en qualsevol forma leg\u00edtima i altres oracions d&#8217;acord amb les finalitats de l&#8217;Any Sant, oferint els seus patiments o dificultats de la pr\u00f2pia vida\u00bb.<br \/>\nUna altra modalitat per aconseguir la indulg\u00e8ncia seran les \u00abobres de miseric\u00f2rdia i de penit\u00e8ncia, amb les quals es testimonia la conversi\u00f3 empresa\u00bb. Els fidels, \u00abseguint l&#8217;exemple i el mandat de Crist\u00bb, s\u00f3n estimulats \u00aba fer m\u00e9s freq\u00fcentment obres de caritat o miseric\u00f2rdia, principalment al servei d&#8217;aquells germans que estan aclaparats per diverses necessitats\u00bb. Aix\u00ed mateix, si es dirigeixen a visitar \u00abels germans que es troben en necessitat o en dificultat (malalts, empresonats, ancians en solitud, persones amb capacitats diferents\u2026), com fent un pelegrinatge cap al Crist present en ells\u00bb.<br \/>\nL&#8217;\u00abesperit penitencial\u00bb, es llegeix tamb\u00e9 a les Normes, \u00ab\u00e9s com l&#8217;\u00e0nima del Jubileu\u00bb i, per tant, la indulg\u00e8ncia podr\u00e0 ser aconseguida tamb\u00e9 \u00ababstenint-se, en esperit de penit\u00e8ncia, almenys durant un dia de distraccions banals (reals i tamb\u00e9 virtuals) i de consums superflus, aix\u00ed com atorgant una proporcionada suma de diners als pobres, o sostenint obres de car\u00e0cter religi\u00f3s o social, especialment a favor de la defensa i protecci\u00f3 de la vida\u00bb. I tamb\u00e9 dedicant una part adequada del propi temps lliure a activitats de voluntariat.<\/p>\n<\/div><\/div><\/div><\/div><\/div><\/div><\/div><\/div><\/div><div class=\"fusion-fullwidth fullwidth-box fusion-builder-row-9 fusion-flex-container has-pattern-background has-mask-background nonhundred-percent-fullwidth non-hundred-percent-height-scrolling\" style=\"--awb-border-radius-top-left:0px;--awb-border-radius-top-right:0px;--awb-border-radius-bottom-right:0px;--awb-border-radius-bottom-left:0px;--awb-padding-top:100px;--awb-padding-right:0px;--awb-padding-bottom:100px;--awb-padding-left:0px;--awb-padding-right-medium:60px;--awb-padding-left-medium:60px;--awb-margin-bottom-small:40px;--awb-background-color:var(--awb-color1);--awb-background-image:linear-gradient(90deg, hsla(var(--awb-color5-h),var(--awb-color5-s),var(--awb-color5-l),calc(var(--awb-color5-a) - 90%)) 40%,var(--awb-color1) 0%);--awb-flex-wrap:wrap;\" ><div class=\"fusion-builder-row fusion-row fusion-flex-align-items-flex-start fusion-flex-content-wrap\" style=\"max-width:1248px;margin-left: calc(-4% \/ 2 );margin-right: calc(-4% \/ 2 );\"><div class=\"fusion-layout-column fusion_builder_column fusion-builder-column-24 fusion_builder_column_1_2 1_2 fusion-flex-column fusion-flex-align-self-stretch fusion-no-large-visibility\" style=\"--awb-bg-position:center center;--awb-bg-size:cover;--awb-width-large:50%;--awb-margin-top-large:0px;--awb-spacing-right-large:3.84%;--awb-margin-bottom-large:0px;--awb-spacing-left-large:3.84%;--awb-width-medium:100%;--awb-order-medium:0;--awb-spacing-right-medium:1.92%;--awb-spacing-left-medium:1.92%;--awb-width-small:100%;--awb-order-small:0;--awb-spacing-right-small:1.92%;--awb-spacing-left-small:1.92%;\"><div class=\"fusion-column-wrapper fusion-column-has-shadow fusion-flex-justify-content-flex-start fusion-content-layout-column\"><div class=\"fusion-image-element \" style=\"--awb-caption-title-font-family:var(--h2_typography-font-family);--awb-caption-title-font-weight:var(--h2_typography-font-weight);--awb-caption-title-font-style:var(--h2_typography-font-style);--awb-caption-title-size:var(--h2_typography-font-size);--awb-caption-title-transform:var(--h2_typography-text-transform);--awb-caption-title-line-height:var(--h2_typography-line-height);--awb-caption-title-letter-spacing:var(--h2_typography-letter-spacing);\"><span class=\" fusion-imageframe imageframe-none imageframe-10 hover-type-none\"><img decoding=\"async\" width=\"960\" height=\"550\" title=\"business-about-2\" src=\"https:\/\/bisbatdemallorca.org\/wp-content\/uploads\/2025\/02\/business-about-2.jpg\" alt class=\"img-responsive wp-image-24272\" srcset=\"https:\/\/www.bisbatdemallorca.org\/wp-content\/uploads\/2025\/02\/business-about-2-200x115.jpg 200w, https:\/\/www.bisbatdemallorca.org\/wp-content\/uploads\/2025\/02\/business-about-2-400x229.jpg 400w, https:\/\/www.bisbatdemallorca.org\/wp-content\/uploads\/2025\/02\/business-about-2-600x344.jpg 600w, https:\/\/www.bisbatdemallorca.org\/wp-content\/uploads\/2025\/02\/business-about-2-800x458.jpg 800w, https:\/\/www.bisbatdemallorca.org\/wp-content\/uploads\/2025\/02\/business-about-2.jpg 960w\" sizes=\"(max-width: 640px) 100vw, 600px\" \/><\/span><\/div><\/div><\/div><div class=\"fusion-layout-column fusion_builder_column fusion-builder-column-25 fusion_builder_column_1_2 1_2 fusion-flex-column\" style=\"--awb-padding-top:40px;--awb-padding-right:111px;--awb-padding-bottom:40px;--awb-padding-left:40px;--awb-padding-top-medium:60px;--awb-padding-bottom-medium:0px;--awb-bg-size:cover;--awb-width-large:50%;--awb-margin-top-large:0px;--awb-spacing-right-large:3.84%;--awb-margin-bottom-large:0px;--awb-spacing-left-large:3.84%;--awb-width-medium:100%;--awb-order-medium:0;--awb-spacing-right-medium:1.92%;--awb-spacing-left-medium:1.92%;--awb-width-small:100%;--awb-order-small:0;--awb-spacing-right-small:1.92%;--awb-spacing-left-small:1.92%;\"><div class=\"fusion-column-wrapper fusion-column-has-shadow fusion-flex-justify-content-flex-start fusion-content-layout-column\"><div class=\"accordian fusion-accordian\" style=\"--awb-border-size:1px;--awb-icon-size:16px;--awb-content-font-size:var(--awb-typography4-font-size);--awb-icon-alignment:left;--awb-hover-color:var(--awb-color2);--awb-border-color:var(--awb-color3);--awb-background-color:var(--awb-color1);--awb-divider-color:var(--awb-color3);--awb-divider-hover-color:var(--awb-color3);--awb-icon-color:var(--awb-color1);--awb-title-color:var(--awb-color8);--awb-content-color:var(--awb-color8);--awb-icon-box-color:var(--awb-color8);--awb-toggle-hover-accent-color:var(--awb-color5);--awb-title-font-family:var(--awb-typography1-font-family);--awb-title-font-weight:var(--awb-typography1-font-weight);--awb-title-font-style:var(--awb-typography1-font-style);--awb-title-font-size:var(--awb-typography1-font-size);--awb-content-font-family:var(--awb-typography4-font-family);--awb-content-font-weight:var(--awb-typography4-font-weight);--awb-content-font-style:var(--awb-typography4-font-style);\"><div class=\"panel-group fusion-toggle-icon-boxed\" id=\"accordion-24160-8\"><div class=\"fusion-panel panel-default panel-98f9bc230ca822cb6 fusion-toggle-has-divider\"><div class=\"panel-heading\"><h4 class=\"panel-title toggle\" id=\"toggle_98f9bc230ca822cb6\"><a aria-expanded=\"false\" aria-controls=\"98f9bc230ca822cb6\" role=\"button\" data-toggle=\"collapse\" data-parent=\"#accordion-24160-8\" data-target=\"#98f9bc230ca822cb6\" href=\"#98f9bc230ca822cb6\"><span class=\"fusion-toggle-icon-wrapper\" aria-hidden=\"true\"><i class=\"fa-fusion-box active-icon awb-icon-minus\" aria-hidden=\"true\"><\/i><i class=\"fa-fusion-box inactive-icon fa-angle-down fas\" aria-hidden=\"true\"><\/i><\/span><span class=\"fusion-toggle-heading\">La Pelegrinaci\u00f3<\/span><\/a><\/h4><\/div><div id=\"98f9bc230ca822cb6\" class=\"panel-collapse collapse \" aria-labelledby=\"toggle_98f9bc230ca822cb6\"><div class=\"panel-body toggle-content fusion-clearfix\">\n<p style=\"text-align: center;\" align=\"justify\">El Bisbat de Mallorca est\u00e0 treballant amb inter\u00e8s en l\u2019organitzaci\u00f3 d\u2019un Pelegrinatge Jubilar a Roma. Les dates previstes per aquest son del 17 al 20 de novembre de 2025. Presidits pel nostre Bisbe, Mons. Sebasti\u00e0 Taltavull, hi son convidats a participar-hi els membres de la nostra Esgl\u00e9sia: els clergues i les seves parr\u00f2quies, les fam\u00edlies i els membres de vida consagrada, totes les delegacions diocesanes, els moviments eclesials, les \u00e0rees d\u2019atenci\u00f3 i els grups de treballs. Tamb\u00e9, els malalts, els impossibilitats que ho desitgin&#8230; en aquest romiatge a la Ciutat on hi fou fundada l\u2019Esgl\u00e9sia, sempre tothom hi \u00e9s ben arribat. Esteu atents al proc\u00e9s d\u2019inscripcions.<\/p>\n<\/div><\/div><\/div><\/div><\/div><\/div><\/div><div class=\"fusion-layout-column fusion_builder_column fusion-builder-column-26 fusion_builder_column_1_2 1_2 fusion-flex-column fusion-flex-align-self-stretch fusion-no-small-visibility fusion-no-medium-visibility\" style=\"--awb-padding-top:122px;--awb-padding-bottom:142px;--awb-bg-image:url(&#039;https:\/\/bisbatdemallorca.org\/wp-content\/uploads\/2025\/02\/default.jpg&#039;);--awb-bg-position:center center;--awb-bg-size:cover;--awb-width-large:50%;--awb-margin-top-large:0px;--awb-spacing-right-large:3.84%;--awb-margin-bottom-large:0px;--awb-spacing-left-large:3.84%;--awb-width-medium:100%;--awb-order-medium:0;--awb-spacing-right-medium:1.92%;--awb-spacing-left-medium:1.92%;--awb-width-small:100%;--awb-order-small:0;--awb-spacing-right-small:1.92%;--awb-spacing-left-small:1.92%;\"><div class=\"fusion-column-wrapper fusion-column-has-shadow fusion-flex-justify-content-flex-start fusion-content-layout-column fusion-empty-column-bg-image fusion-column-has-bg-image\" data-bg-url=\"https:\/\/bisbatdemallorca.org\/wp-content\/uploads\/2025\/02\/default.jpg\"><img decoding=\"async\" class=\"fusion-empty-dims-img-placeholder fusion-no-large-visibility\" src=\"data:image\/gif;base64,R0lGODlhAQABAAAAACH5BAEKAAEALAAAAAABAAEAAAICTAEAOw==\"><\/div><\/div><\/div><\/div><div class=\"fusion-fullwidth fullwidth-box fusion-builder-row-10 fusion-flex-container nonhundred-percent-fullwidth non-hundred-percent-height-scrolling\" style=\"--awb-border-radius-top-left:0px;--awb-border-radius-top-right:0px;--awb-border-radius-bottom-right:0px;--awb-border-radius-bottom-left:0px;--awb-margin-top:57px;--awb-flex-wrap:wrap;\" ><div class=\"fusion-builder-row fusion-row fusion-flex-align-items-flex-start fusion-flex-content-wrap\" style=\"max-width:1248px;margin-left: calc(-4% \/ 2 );margin-right: calc(-4% \/ 2 );\"><div class=\"fusion-layout-column fusion_builder_column fusion-builder-column-27 fusion_builder_column_1_1 1_1 fusion-flex-column\" style=\"--awb-bg-size:cover;--awb-width-large:100%;--awb-margin-top-large:0px;--awb-spacing-right-large:1.92%;--awb-margin-bottom-large:20px;--awb-spacing-left-large:1.92%;--awb-width-medium:100%;--awb-order-medium:0;--awb-spacing-right-medium:1.92%;--awb-spacing-left-medium:1.92%;--awb-width-small:100%;--awb-order-small:0;--awb-spacing-right-small:1.92%;--awb-spacing-left-small:1.92%;\"><div class=\"fusion-column-wrapper fusion-column-has-shadow fusion-flex-justify-content-flex-start fusion-content-layout-column\"><div class=\"fusion-blog-shortcode fusion-blog-shortcode-1 fusion-blog-archive fusion-blog-layout-medium-alternate fusion-blog-pagination\"><div class=\"fusion-posts-container fusion-posts-container-pagination fusion-blog-rollover\" data-pages=\"3\"><article id=\"blog-1-post-24915\" class=\"fusion-post-medium-alternate post-24915 post type-post status-publish format-standard has-post-thumbnail hentry category-agencia-baleria category-jubileu\">\n<div class=\"fusion-date-and-formats\"><div class=\"fusion-date-box updated\"><span class=\"fusion-date\">18<\/span><span class=\"fusion-month-year\">03, 2025<\/span><\/div><div class=\"fusion-format-box\"><i class=\"awb-icon-pen\" aria-hidden=\"true\"><\/i><\/div><\/div>\t<style type=\"text\/css\">\n\t\t\n\t\t\n\t\t\n\t\t\n\t\t\t<\/style>\n\n\n\t\t\t<div class=\"fusion-flexslider flexslider fusion-flexslider-loading fusion-post-slideshow\" style=\"\">\n\t\t<ul class=\"slides\">\n\t\t\t\n\t\t\t\t\t\t\t\t\t\t\t\t\t\t<li><div  class=\"fusion-image-wrapper fusion-image-size-fixed\" aria-haspopup=\"true\">\n\t\t\t\t<img decoding=\"async\" width=\"320\" height=\"202\" src=\"https:\/\/www.bisbatdemallorca.org\/wp-content\/uploads\/2025\/03\/Jubileo-Familia-Misionera-Verbum-Dei-320x202.jpg\" class=\"attachment-blog-medium size-blog-medium wp-post-image\" alt=\"\" srcset=\"https:\/\/www.bisbatdemallorca.org\/wp-content\/uploads\/2025\/03\/Jubileo-Familia-Misionera-Verbum-Dei-320x202.jpg 320w, https:\/\/www.bisbatdemallorca.org\/wp-content\/uploads\/2025\/03\/Jubileo-Familia-Misionera-Verbum-Dei-700x441.jpg 700w\" sizes=\"(max-width: 320px) 100vw, 320px\" \/><div class=\"fusion-rollover\">\n\t<div class=\"fusion-rollover-content\">\n\n\t\t\t\t\t\t\t\t\t\t\t\t\t\t<a class=\"fusion-rollover-link\" href=\"https:\/\/www.bisbatdemallorca.org\/ca\/la-familia-missionera-verbum-dei-celebra-el-jubileu-a-la-seu\/\">La Fam\u00edlia Missionera Verbum Dei celebra el Jubileu a la Seu<\/a>\n\t\t\t\n\t\t\t\t\t\t\t\t\t\t\t\t\t\t\n\t\t\t\t\t\t\t\t\n\t\t\t\t\t\t\t\t\t\t\t\t\t<div class=\"fusion-rollover-sep\"><\/div>\n\t\t\t\t\n\t\t\t\t\t\t\t\t\t\t\t\t\t\t\t\t\t\t<a class=\"fusion-rollover-gallery\" href=\"https:\/\/www.bisbatdemallorca.org\/wp-content\/uploads\/2025\/03\/Jubileo-Familia-Misionera-Verbum-Dei.jpg\" data-options=\"\" data-id=\"24915\" data-rel=\"iLightbox[gallery]\" data-title=\"Jubileo Familia Misionera Verbum Dei\" data-caption=\"\">\n\t\t\t\t\t\tGallery\t\t\t\t\t<\/a>\n\t\t\t\t\t\t\t\t\t\t\t\t\t\t\n\t\t\n\t\t\t\t\t\t\t\t\t\t\t\t<h4 class=\"fusion-rollover-title\">\n\t\t\t\t\t<a class=\"fusion-rollover-title-link\" href=\"https:\/\/www.bisbatdemallorca.org\/ca\/la-familia-missionera-verbum-dei-celebra-el-jubileu-a-la-seu\/\">\n\t\t\t\t\t\tLa Fam\u00edlia Missionera Verbum Dei celebra el Jubileu a la Seu\t\t\t\t\t<\/a>\n\t\t\t\t<\/h4>\n\t\t\t\n\t\t\t\t\t\t\t\t\t\t<div class=\"fusion-rollover-categories\"><a href=\"https:\/\/www.bisbatdemallorca.org\/ca\/category\/agencia-baleria\/\" rel=\"tag\">Agencia Bal\u00e8ria<\/a>, <a href=\"https:\/\/www.bisbatdemallorca.org\/ca\/category\/jubileu\/\" rel=\"tag\">Jubileu<\/a><\/div>\t\t\t\t\t\n\t\t\n\t\t\t\t\t\t<a class=\"fusion-link-wrapper\" href=\"https:\/\/www.bisbatdemallorca.org\/ca\/la-familia-missionera-verbum-dei-celebra-el-jubileu-a-la-seu\/\" aria-label=\"La Fam\u00edlia Missionera Verbum Dei celebra el Jubileu a la Seu\"><\/a>\n\t<\/div>\n<\/div>\n<\/div>\n<\/li>\n\t\t\t\n\t\t\t\n\t\t\t\t\t\t\t\t\t\t\t\t\t\t\t\t\t\t\t\t\t\t\t\t\t\t\t\t\t\t\t\t\t\t\t\t\t\t\t\t\t\t\t\t\t\t\t\t\t\t\t\t\t\t\t\t\t\t\t\t\t\t\t\t\t\t\t\t<\/ul>\n\t<\/div>\n\t<div class=\"fusion-post-content post-content\"><h2 class=\"blog-shortcode-post-title entry-title\"><a href=\"https:\/\/www.bisbatdemallorca.org\/ca\/la-familia-missionera-verbum-dei-celebra-el-jubileu-a-la-seu\/\">La Fam\u00edlia Missionera Verbum Dei celebra el Jubileu a la Seu<\/a><\/h2><p class=\"fusion-single-line-meta\">By <span class=\"vcard\"><span class=\"fn\"><a href=\"https:\/\/www.bisbatdemallorca.org\/ca\/author\/administraciobisbat\/\" title=\"Entrades de Administraci\u00f3 Bisbat de Mallorca\" rel=\"author\">Administraci\u00f3 Bisbat de Mallorca<\/a><\/span><\/span><span class=\"fusion-inline-sep\">|<\/span><span class=\"updated\" style=\"display:none;\">2025-04-10T06:22:19+02:00<\/span><span>mar\u00e7 18, 2025<\/span><span class=\"fusion-inline-sep\">|<\/span>Categories: <a href=\"https:\/\/www.bisbatdemallorca.org\/ca\/category\/agencia-baleria\/\" rel=\"category tag\">Agencia Bal\u00e8ria<\/a>, <a href=\"https:\/\/www.bisbatdemallorca.org\/ca\/category\/jubileu\/\" rel=\"category tag\">Jubileu<\/a><span class=\"fusion-inline-sep\">|<\/span><span class=\"fusion-comments\"><a href=\"https:\/\/www.bisbatdemallorca.org\/ca\/la-familia-missionera-verbum-dei-celebra-el-jubileu-a-la-seu\/#respond\">0 Comments<\/a><\/span><\/p><div class=\"fusion-post-content-container\"><p>El dissabte 15 de mar\u00e7, la Catedral de Mallorca acoll\u00ed [...]<\/p><\/div><\/div><div class=\"fusion-clearfix\"><\/div><div class=\"fusion-meta-info\"><div class=\"fusion-alignright\"><a class=\"fusion-read-more\" href=\"https:\/\/www.bisbatdemallorca.org\/ca\/la-familia-missionera-verbum-dei-celebra-el-jubileu-a-la-seu\/\" aria-label=\"More on La Fam\u00edlia Missionera Verbum Dei celebra el Jubileu a la Seu\">Read More<\/a><\/div><\/div><\/article>\n<article id=\"blog-1-post-24314\" class=\"fusion-post-medium-alternate post-24314 post type-post status-publish format-standard has-post-thumbnail hentry category-agencia-baleria category-jubileu\">\n<div class=\"fusion-date-and-formats\"><div class=\"fusion-date-box updated\"><span class=\"fusion-date\">11<\/span><span class=\"fusion-month-year\">02, 2025<\/span><\/div><div class=\"fusion-format-box\"><i class=\"awb-icon-pen\" aria-hidden=\"true\"><\/i><\/div><\/div>\t<style type=\"text\/css\">\n\t\t\n\t\t\n\t\t\n\t\t\n\t\t\t<\/style>\n\n\n\t\t\t<div class=\"fusion-flexslider flexslider fusion-flexslider-loading fusion-post-slideshow\" style=\"\">\n\t\t<ul class=\"slides\">\n\t\t\t\n\t\t\t\t\t\t\t\t\t\t\t\t\t\t<li><div  class=\"fusion-image-wrapper fusion-image-size-fixed\" aria-haspopup=\"true\">\n\t\t\t\t<img decoding=\"async\" width=\"320\" height=\"202\" src=\"https:\/\/www.bisbatdemallorca.org\/wp-content\/uploads\/2025\/02\/444481123_872782808220734_7141606591514243172_n-320x202.jpg\" class=\"attachment-blog-medium size-blog-medium wp-post-image\" alt=\"\" srcset=\"https:\/\/www.bisbatdemallorca.org\/wp-content\/uploads\/2025\/02\/444481123_872782808220734_7141606591514243172_n-320x202.jpg 320w, https:\/\/www.bisbatdemallorca.org\/wp-content\/uploads\/2025\/02\/444481123_872782808220734_7141606591514243172_n-700x441.jpg 700w\" sizes=\"(max-width: 320px) 100vw, 320px\" \/><div class=\"fusion-rollover\">\n\t<div class=\"fusion-rollover-content\">\n\n\t\t\t\t\t\t\t\t\t\t\t\t\t\t<a class=\"fusion-rollover-link\" href=\"https:\/\/www.bisbatdemallorca.org\/ca\/la-catedral-de-mallorca-acollira-els-peregrins-per-lany-jubilar\/\">La Catedral de Mallorca acollira\u0300 els peregrins per l\u2019Any jubilar<\/a>\n\t\t\t\n\t\t\t\t\t\t\t\t\t\t\t\t\t\t\n\t\t\t\t\t\t\t\t\n\t\t\t\t\t\t\t\t\t\t\t\t\t<div class=\"fusion-rollover-sep\"><\/div>\n\t\t\t\t\n\t\t\t\t\t\t\t\t\t\t\t\t\t\t\t\t\t\t<a class=\"fusion-rollover-gallery\" href=\"https:\/\/www.bisbatdemallorca.org\/wp-content\/uploads\/2025\/02\/444481123_872782808220734_7141606591514243172_n.jpg\" data-options=\"\" data-id=\"24314\" data-rel=\"iLightbox[gallery]\" data-title=\"444481123_872782808220734_7141606591514243172_n\" data-caption=\"\">\n\t\t\t\t\t\tGallery\t\t\t\t\t<\/a>\n\t\t\t\t\t\t\t\t\t\t\t\t\t\t\n\t\t\n\t\t\t\t\t\t\t\t\t\t\t\t<h4 class=\"fusion-rollover-title\">\n\t\t\t\t\t<a class=\"fusion-rollover-title-link\" href=\"https:\/\/www.bisbatdemallorca.org\/ca\/la-catedral-de-mallorca-acollira-els-peregrins-per-lany-jubilar\/\">\n\t\t\t\t\t\tLa Catedral de Mallorca acollira\u0300 els peregrins per l\u2019Any jubilar\t\t\t\t\t<\/a>\n\t\t\t\t<\/h4>\n\t\t\t\n\t\t\t\t\t\t\t\t\t\t<div class=\"fusion-rollover-categories\"><a href=\"https:\/\/www.bisbatdemallorca.org\/ca\/category\/agencia-baleria\/\" rel=\"tag\">Agencia Bal\u00e8ria<\/a>, <a href=\"https:\/\/www.bisbatdemallorca.org\/ca\/category\/jubileu\/\" rel=\"tag\">Jubileu<\/a><\/div>\t\t\t\t\t\n\t\t\n\t\t\t\t\t\t<a class=\"fusion-link-wrapper\" href=\"https:\/\/www.bisbatdemallorca.org\/ca\/la-catedral-de-mallorca-acollira-els-peregrins-per-lany-jubilar\/\" aria-label=\"La Catedral de Mallorca acollira\u0300 els peregrins per l\u2019Any jubilar\"><\/a>\n\t<\/div>\n<\/div>\n<\/div>\n<\/li>\n\t\t\t\n\t\t\t\n\t\t\t\t\t\t\t\t\t\t\t\t\t\t\t\t\t\t\t\t\t\t\t\t\t\t\t\t\t\t\t\t\t\t\t\t\t\t\t\t\t\t\t\t\t\t\t\t\t\t\t\t\t\t\t\t\t\t\t\t\t\t\t\t\t\t\t\t<\/ul>\n\t<\/div>\n\t<div class=\"fusion-post-content post-content\"><h2 class=\"blog-shortcode-post-title entry-title\"><a href=\"https:\/\/www.bisbatdemallorca.org\/ca\/la-catedral-de-mallorca-acollira-els-peregrins-per-lany-jubilar\/\">La Catedral de Mallorca acollira\u0300 els peregrins per l\u2019Any jubilar<\/a><\/h2><p class=\"fusion-single-line-meta\">By <span class=\"vcard\"><span class=\"fn\"><a href=\"https:\/\/www.bisbatdemallorca.org\/ca\/author\/administraciobisbat\/\" title=\"Entrades de Administraci\u00f3 Bisbat de Mallorca\" rel=\"author\">Administraci\u00f3 Bisbat de Mallorca<\/a><\/span><\/span><span class=\"fusion-inline-sep\">|<\/span><span class=\"updated\" style=\"display:none;\">2025-04-10T06:22:20+02:00<\/span><span>febrer 11, 2025<\/span><span class=\"fusion-inline-sep\">|<\/span>Categories: <a href=\"https:\/\/www.bisbatdemallorca.org\/ca\/category\/agencia-baleria\/\" rel=\"category tag\">Agencia Bal\u00e8ria<\/a>, <a href=\"https:\/\/www.bisbatdemallorca.org\/ca\/category\/jubileu\/\" rel=\"category tag\">Jubileu<\/a><span class=\"fusion-inline-sep\">|<\/span><span class=\"fusion-comments\"><a href=\"https:\/\/www.bisbatdemallorca.org\/ca\/la-catedral-de-mallorca-acollira-els-peregrins-per-lany-jubilar\/#respond\">0 Comments<\/a><\/span><\/p><div class=\"fusion-post-content-container\"><p>La Catedral de Mallorca, juntament amb la basi\u0301lica de Sant [...]<\/p><\/div><\/div><div class=\"fusion-clearfix\"><\/div><div class=\"fusion-meta-info\"><div class=\"fusion-alignright\"><a class=\"fusion-read-more\" href=\"https:\/\/www.bisbatdemallorca.org\/ca\/la-catedral-de-mallorca-acollira-els-peregrins-per-lany-jubilar\/\" aria-label=\"More on La Catedral de Mallorca acollira\u0300 els peregrins per l\u2019Any jubilar\">Read More<\/a><\/div><\/div><\/article>\n<article id=\"blog-1-post-24027\" class=\"fusion-post-medium-alternate post-24027 post type-post status-publish format-standard has-post-thumbnail hentry category-agencia-baleria category-jubileu\">\n<div class=\"fusion-date-and-formats\"><div class=\"fusion-date-box updated\"><span class=\"fusion-date\">25<\/span><span class=\"fusion-month-year\">01, 2025<\/span><\/div><div class=\"fusion-format-box\"><i class=\"awb-icon-pen\" aria-hidden=\"true\"><\/i><\/div><\/div>\t<style type=\"text\/css\">\n\t\t\n\t\t\n\t\t\n\t\t\n\t\t\t<\/style>\n\n\n\t\t\t<div class=\"fusion-flexslider flexslider fusion-flexslider-loading fusion-post-slideshow\" style=\"\">\n\t\t<ul class=\"slides\">\n\t\t\t\n\t\t\t\t\t\t\t\t\t\t\t\t\t\t<li><div  class=\"fusion-image-wrapper fusion-image-size-fixed\" aria-haspopup=\"true\">\n\t\t\t\t<img decoding=\"async\" width=\"320\" height=\"202\" src=\"https:\/\/www.bisbatdemallorca.org\/wp-content\/uploads\/2025\/01\/WhatsApp-Image-2025-01-25-at-11.45.45-320x202.jpeg\" class=\"attachment-blog-medium size-blog-medium wp-post-image\" alt=\"\" srcset=\"https:\/\/www.bisbatdemallorca.org\/wp-content\/uploads\/2025\/01\/WhatsApp-Image-2025-01-25-at-11.45.45-320x202.jpeg 320w, https:\/\/www.bisbatdemallorca.org\/wp-content\/uploads\/2025\/01\/WhatsApp-Image-2025-01-25-at-11.45.45-700x441.jpeg 700w\" sizes=\"(max-width: 320px) 100vw, 320px\" \/><div class=\"fusion-rollover\">\n\t<div class=\"fusion-rollover-content\">\n\n\t\t\t\t\t\t\t\t\t\t\t\t\t\t<a class=\"fusion-rollover-link\" href=\"https:\/\/www.bisbatdemallorca.org\/ca\/la-diocesi-de-mallorca-participa-en-lassemblea-de-delegats-de-mitjans-de-comunicacio-social-reunida-a-roma-pel-jubileu-2025\/\">La Di\u00f2cesi de Mallorca participa en l\u2019Assemblea de delegats de Mitjans de Comunicaci\u00f3 Social reunida a Roma pel Jubileu 2025<\/a>\n\t\t\t\n\t\t\t\t\t\t\t\t\t\t\t\t\t\t\n\t\t\t\t\t\t\t\t\n\t\t\t\t\t\t\t\t\t\t\t\t\t<div class=\"fusion-rollover-sep\"><\/div>\n\t\t\t\t\n\t\t\t\t\t\t\t\t\t\t\t\t\t\t\t\t\t\t<a class=\"fusion-rollover-gallery\" href=\"https:\/\/www.bisbatdemallorca.org\/wp-content\/uploads\/2025\/01\/WhatsApp-Image-2025-01-25-at-11.45.45.jpeg\" data-options=\"\" data-id=\"24027\" data-rel=\"iLightbox[gallery]\" data-title=\"WhatsApp Image 2025-01-25 at 11.45.45\" data-caption=\"\">\n\t\t\t\t\t\tGallery\t\t\t\t\t<\/a>\n\t\t\t\t\t\t\t\t\t\t\t\t\t\t\n\t\t\n\t\t\t\t\t\t\t\t\t\t\t\t<h4 class=\"fusion-rollover-title\">\n\t\t\t\t\t<a class=\"fusion-rollover-title-link\" href=\"https:\/\/www.bisbatdemallorca.org\/ca\/la-diocesi-de-mallorca-participa-en-lassemblea-de-delegats-de-mitjans-de-comunicacio-social-reunida-a-roma-pel-jubileu-2025\/\">\n\t\t\t\t\t\tLa Di\u00f2cesi de Mallorca participa en l\u2019Assemblea de delegats de Mitjans de Comunicaci\u00f3 Social reunida a Roma pel Jubileu 2025\t\t\t\t\t<\/a>\n\t\t\t\t<\/h4>\n\t\t\t\n\t\t\t\t\t\t\t\t\t\t<div class=\"fusion-rollover-categories\"><a href=\"https:\/\/www.bisbatdemallorca.org\/ca\/category\/agencia-baleria\/\" rel=\"tag\">Agencia Bal\u00e8ria<\/a>, <a href=\"https:\/\/www.bisbatdemallorca.org\/ca\/category\/jubileu\/\" rel=\"tag\">Jubileu<\/a><\/div>\t\t\t\t\t\n\t\t\n\t\t\t\t\t\t<a class=\"fusion-link-wrapper\" href=\"https:\/\/www.bisbatdemallorca.org\/ca\/la-diocesi-de-mallorca-participa-en-lassemblea-de-delegats-de-mitjans-de-comunicacio-social-reunida-a-roma-pel-jubileu-2025\/\" aria-label=\"La Di\u00f2cesi de Mallorca participa en l\u2019Assemblea de delegats de Mitjans de Comunicaci\u00f3 Social reunida a Roma pel Jubileu 2025\"><\/a>\n\t<\/div>\n<\/div>\n<\/div>\n<\/li>\n\t\t\t\n\t\t\t\n\t\t\t\t\t\t\t\t\t\t\t\n\t\t\t\t\t\n\t\t\t\t\t\t\t\t\t\t\t<li>\n\t\t\t\t\t\t\t<div class=\"fusion-image-wrapper\">\n\t\t\t\t\t\t\t\t<a href=\"https:\/\/www.bisbatdemallorca.org\/ca\/la-diocesi-de-mallorca-participa-en-lassemblea-de-delegats-de-mitjans-de-comunicacio-social-reunida-a-roma-pel-jubileu-2025\/\" aria-label=\"La Di\u00f2cesi de Mallorca participa en l\u2019Assemblea de delegats de Mitjans de Comunicaci\u00f3 Social reunida a Roma pel Jubileu 2025\">\n\t\t\t\t\t\t\t\t\t<img decoding=\"async\" width=\"320\" height=\"202\" src=\"https:\/\/www.bisbatdemallorca.org\/wp-content\/uploads\/2025\/01\/WhatsApp-Image-2025-01-25-at-11.45.46-1-320x202.jpeg\" alt=\"\" class=\"wp-image-24031\" role=\"presentation\" srcset=\"https:\/\/www.bisbatdemallorca.org\/wp-content\/uploads\/2025\/01\/WhatsApp-Image-2025-01-25-at-11.45.46-1-320x202.jpeg 320w, https:\/\/www.bisbatdemallorca.org\/wp-content\/uploads\/2025\/01\/WhatsApp-Image-2025-01-25-at-11.45.46-1-700x441.jpeg 700w\" sizes=\"(max-width: 320px) 100vw, 320px\" \/>\t\t\t\t\t\t\t\t<\/a>\n\t\t\t\t\t\t\t\t<a style=\"display:none;\" href=\"https:\/\/www.bisbatdemallorca.org\/wp-content\/uploads\/2025\/01\/WhatsApp-Image-2025-01-25-at-11.45.46-1.jpeg\" data-rel=\"iLightbox[gallery24027]\"  title=\"\" data-title=\"WhatsApp Image 2025-01-25 at 11.45.46 (1)\" data-caption=\"\">\n\t\t\t\t\t\t\t\t\t\t\t\t\t\t\t\t\t<\/a>\n\t\t\t\t\t\t\t<\/div>\n\t\t\t\t\t\t<\/li>\n\t\t\t\t\t\t\t\t\t\t\t\t\t\t\t\t\t\t\t\t\t\t\t\t\n\t\t\t\t\t\n\t\t\t\t\t\t\t\t\t\t\t<li>\n\t\t\t\t\t\t\t<div class=\"fusion-image-wrapper\">\n\t\t\t\t\t\t\t\t<a href=\"https:\/\/www.bisbatdemallorca.org\/ca\/la-diocesi-de-mallorca-participa-en-lassemblea-de-delegats-de-mitjans-de-comunicacio-social-reunida-a-roma-pel-jubileu-2025\/\" aria-label=\"La Di\u00f2cesi de Mallorca participa en l\u2019Assemblea de delegats de Mitjans de Comunicaci\u00f3 Social reunida a Roma pel Jubileu 2025\">\n\t\t\t\t\t\t\t\t\t<img decoding=\"async\" width=\"320\" height=\"202\" src=\"https:\/\/www.bisbatdemallorca.org\/wp-content\/uploads\/2025\/01\/WhatsApp-Image-2025-01-27-at-12.19.56-1-320x202.jpeg\" alt=\"\" class=\"wp-image-24029\" role=\"presentation\" srcset=\"https:\/\/www.bisbatdemallorca.org\/wp-content\/uploads\/2025\/01\/WhatsApp-Image-2025-01-27-at-12.19.56-1-320x202.jpeg 320w, https:\/\/www.bisbatdemallorca.org\/wp-content\/uploads\/2025\/01\/WhatsApp-Image-2025-01-27-at-12.19.56-1-700x441.jpeg 700w\" sizes=\"(max-width: 320px) 100vw, 320px\" \/>\t\t\t\t\t\t\t\t<\/a>\n\t\t\t\t\t\t\t\t<a style=\"display:none;\" href=\"https:\/\/www.bisbatdemallorca.org\/wp-content\/uploads\/2025\/01\/WhatsApp-Image-2025-01-27-at-12.19.56-1.jpeg\" data-rel=\"iLightbox[gallery24027]\"  title=\"\" data-title=\"WhatsApp Image 2025-01-27 at 12.19.56 (1)\" data-caption=\"\">\n\t\t\t\t\t\t\t\t\t\t\t\t\t\t\t\t\t<\/a>\n\t\t\t\t\t\t\t<\/div>\n\t\t\t\t\t\t<\/li>\n\t\t\t\t\t\t\t\t\t\t\t\t\t\t\t\t\t\t\t\t\t\t\t\t\n\t\t\t\t\t\n\t\t\t\t\t\t\t\t\t\t\t<li>\n\t\t\t\t\t\t\t<div class=\"fusion-image-wrapper\">\n\t\t\t\t\t\t\t\t<a href=\"https:\/\/www.bisbatdemallorca.org\/ca\/la-diocesi-de-mallorca-participa-en-lassemblea-de-delegats-de-mitjans-de-comunicacio-social-reunida-a-roma-pel-jubileu-2025\/\" aria-label=\"La Di\u00f2cesi de Mallorca participa en l\u2019Assemblea de delegats de Mitjans de Comunicaci\u00f3 Social reunida a Roma pel Jubileu 2025\">\n\t\t\t\t\t\t\t\t\t<img decoding=\"async\" width=\"320\" height=\"202\" src=\"https:\/\/www.bisbatdemallorca.org\/wp-content\/uploads\/2025\/01\/WhatsApp-Image-2025-01-27-at-12.19.55-320x202.jpeg\" alt=\"\" class=\"wp-image-24028\" role=\"presentation\" srcset=\"https:\/\/www.bisbatdemallorca.org\/wp-content\/uploads\/2025\/01\/WhatsApp-Image-2025-01-27-at-12.19.55-320x202.jpeg 320w, https:\/\/www.bisbatdemallorca.org\/wp-content\/uploads\/2025\/01\/WhatsApp-Image-2025-01-27-at-12.19.55-700x441.jpeg 700w\" sizes=\"(max-width: 320px) 100vw, 320px\" \/>\t\t\t\t\t\t\t\t<\/a>\n\t\t\t\t\t\t\t\t<a style=\"display:none;\" href=\"https:\/\/www.bisbatdemallorca.org\/wp-content\/uploads\/2025\/01\/WhatsApp-Image-2025-01-27-at-12.19.55.jpeg\" data-rel=\"iLightbox[gallery24027]\"  title=\"\" data-title=\"WhatsApp Image 2025-01-27 at 12.19.55\" data-caption=\"\">\n\t\t\t\t\t\t\t\t\t\t\t\t\t\t\t\t\t<\/a>\n\t\t\t\t\t\t\t<\/div>\n\t\t\t\t\t\t<\/li>\n\t\t\t\t\t\t\t\t\t\t\t\t\t\t\t\t\t\t\t\t\t\t\t\t\t\t\t\t\t\t\t\t\t\t\t\t<\/ul>\n\t<\/div>\n\t<div class=\"fusion-post-content post-content\"><h2 class=\"blog-shortcode-post-title entry-title\"><a href=\"https:\/\/www.bisbatdemallorca.org\/ca\/la-diocesi-de-mallorca-participa-en-lassemblea-de-delegats-de-mitjans-de-comunicacio-social-reunida-a-roma-pel-jubileu-2025\/\">La Di\u00f2cesi de Mallorca participa en l\u2019Assemblea de delegats de Mitjans de Comunicaci\u00f3 Social reunida a Roma pel Jubileu 2025<\/a><\/h2><p class=\"fusion-single-line-meta\">By <span class=\"vcard\"><span class=\"fn\"><a href=\"https:\/\/www.bisbatdemallorca.org\/ca\/author\/administraciobisbat\/\" title=\"Entrades de Administraci\u00f3 Bisbat de Mallorca\" rel=\"author\">Administraci\u00f3 Bisbat de Mallorca<\/a><\/span><\/span><span class=\"fusion-inline-sep\">|<\/span><span class=\"updated\" style=\"display:none;\">2025-02-27T12:03:53+01:00<\/span><span>gener 25, 2025<\/span><span class=\"fusion-inline-sep\">|<\/span>Categories: <a href=\"https:\/\/www.bisbatdemallorca.org\/ca\/category\/agencia-baleria\/\" rel=\"category tag\">Agencia Bal\u00e8ria<\/a>, <a href=\"https:\/\/www.bisbatdemallorca.org\/ca\/category\/jubileu\/\" rel=\"category tag\">Jubileu<\/a><span class=\"fusion-inline-sep\">|<\/span><span class=\"fusion-comments\"><a href=\"https:\/\/www.bisbatdemallorca.org\/ca\/la-diocesi-de-mallorca-participa-en-lassemblea-de-delegats-de-mitjans-de-comunicacio-social-reunida-a-roma-pel-jubileu-2025\/#respond\">0 Comments<\/a><\/span><\/p><div class=\"fusion-post-content-container\"><p>L\u2019Assemblea\u00a0de\u00a0delegats diocesans per a les Comunicacions Socials\u00a0t\u00e9 lloc enguany a [...]<\/p><\/div><\/div><div class=\"fusion-clearfix\"><\/div><div class=\"fusion-meta-info\"><div class=\"fusion-alignright\"><a class=\"fusion-read-more\" href=\"https:\/\/www.bisbatdemallorca.org\/ca\/la-diocesi-de-mallorca-participa-en-lassemblea-de-delegats-de-mitjans-de-comunicacio-social-reunida-a-roma-pel-jubileu-2025\/\" aria-label=\"More on La Di\u00f2cesi de Mallorca participa en l\u2019Assemblea de delegats de Mitjans de Comunicaci\u00f3 Social reunida a Roma pel Jubileu 2025\">Read More<\/a><\/div><\/div><\/article>\n<\/div><div class=\"pagination clearfix\"><span class=\"current\">1<\/span><a href=\"https:\/\/www.bisbatdemallorca.org\/ca\/wp-json\/wp\/v2\/pages\/24160\/page\/2\/\" class=\"inactive\">2<\/a><a class=\"pagination-next\" rel=\"next\" href=\"https:\/\/www.bisbatdemallorca.org\/ca\/wp-json\/wp\/v2\/pages\/24160\/page\/2\/\"><span class=\"page-text\">Next<\/span><span class=\"page-next\"><\/span><\/a><\/div><div class=\"fusion-clearfix\"><\/div><\/div><\/div><\/div><\/div><\/div><\/p>\n","protected":false},"excerpt":{"rendered":"","protected":false},"author":2,"featured_media":0,"parent":0,"menu_order":0,"comment_status":"closed","ping_status":"closed","template":"","meta":{"footnotes":""},"class_list":["post-24160","page","type-page","status-publish","hentry"],"yoast_head":"<!-- This site is optimized with the Yoast SEO plugin v27.0 - https:\/\/yoast.com\/product\/yoast-seo-wordpress\/ -->\n<title>Jubileu 2025<\/title>\n<meta name=\"robots\" content=\"index, follow, max-snippet:-1, max-image-preview:large, max-video-preview:-1\" \/>\n<link rel=\"canonical\" href=\"https:\/\/www.bisbatdemallorca.org\/ca\/jubileu25\/\" \/>\n<meta property=\"og:locale\" content=\"ca_ES\" \/>\n<meta property=\"og:locale:alternate\" content=\"en_US\" \/>\n<meta property=\"og:locale:alternate\" content=\"es_ES\" \/>\n<meta property=\"og:type\" content=\"article\" \/>\n<meta property=\"og:title\" content=\"Jubileu 2025\" \/>\n<meta property=\"og:url\" content=\"https:\/\/www.bisbatdemallorca.org\/ca\/la-diocesi-de-mallorca-participa-en-lassemblea-de-delegats-de-mitjans-de-comunicacio-social-reunida-a-roma-pel-jubileu-2025\/\" \/>\n<meta property=\"og:site_name\" content=\"Bisbat de Mallorca\" \/>\n<meta property=\"article:modified_time\" content=\"2025-10-27T16:37:40+00:00\" \/>\n<meta name=\"twitter:card\" content=\"summary_large_image\" \/>\n<meta name=\"twitter:label1\" content=\"Temps estimat de lectura\" \/>\n\t<meta name=\"twitter:data1\" content=\"28 minuts\" \/>\n<script type=\"application\/ld+json\" class=\"yoast-schema-graph\">{\"@context\":\"https:\/\/schema.org\",\"@graph\":[{\"@type\":\"WebPage\",\"@id\":\"https:\/\/www.bisbatdemallorca.org\/jubileu25\/\",\"url\":\"https:\/\/www.bisbatdemallorca.org\/jubileu25\/\",\"name\":\"Jubileu 2025\",\"isPartOf\":{\"@id\":\"https:\/\/www.bisbatdemallorca.org\/ca\/#website\"},\"datePublished\":\"2025-02-05T09:28:02+00:00\",\"dateModified\":\"2025-10-27T16:37:40+00:00\",\"breadcrumb\":{\"@id\":\"https:\/\/www.bisbatdemallorca.org\/jubileu25\/#breadcrumb\"},\"inLanguage\":\"ca\",\"potentialAction\":[{\"@type\":\"ReadAction\",\"target\":[\"https:\/\/www.bisbatdemallorca.org\/jubileu25\/\"]}]},{\"@type\":\"BreadcrumbList\",\"@id\":\"https:\/\/www.bisbatdemallorca.org\/jubileu25\/#breadcrumb\",\"itemListElement\":[{\"@type\":\"ListItem\",\"position\":1,\"name\":\"Portada\",\"item\":\"https:\/\/www.bisbatdemallorca.org\/ca\/\"},{\"@type\":\"ListItem\",\"position\":2,\"name\":\"Borrador autom\u00e1tico\"}]},{\"@type\":\"WebSite\",\"@id\":\"https:\/\/www.bisbatdemallorca.org\/ca\/#website\",\"url\":\"https:\/\/www.bisbatdemallorca.org\/ca\/\",\"name\":\"Bisbat de Mallorca\",\"description\":\"Just another WordPress site\",\"publisher\":{\"@id\":\"https:\/\/www.bisbatdemallorca.org\/ca\/#organization\"},\"potentialAction\":[{\"@type\":\"SearchAction\",\"target\":{\"@type\":\"EntryPoint\",\"urlTemplate\":\"https:\/\/www.bisbatdemallorca.org\/ca\/?s={search_term_string}\"},\"query-input\":{\"@type\":\"PropertyValueSpecification\",\"valueRequired\":true,\"valueName\":\"search_term_string\"}}],\"inLanguage\":\"ca\"},{\"@type\":\"Organization\",\"@id\":\"https:\/\/www.bisbatdemallorca.org\/ca\/#organization\",\"name\":\"Bisbat De Mallorca\",\"url\":\"https:\/\/www.bisbatdemallorca.org\/ca\/\",\"logo\":{\"@type\":\"ImageObject\",\"inLanguage\":\"ca\",\"@id\":\"https:\/\/www.bisbatdemallorca.org\/ca\/#\/schema\/logo\/image\/\",\"url\":\"https:\/\/bisbatdemallorca.org\/wp-content\/uploads\/2022\/04\/Logo_Bisbat-de-Mallorca-scaled.jpeg\",\"contentUrl\":\"https:\/\/bisbatdemallorca.org\/wp-content\/uploads\/2022\/04\/Logo_Bisbat-de-Mallorca-scaled.jpeg\",\"width\":2560,\"height\":1810,\"caption\":\"Bisbat De Mallorca\"},\"image\":{\"@id\":\"https:\/\/www.bisbatdemallorca.org\/ca\/#\/schema\/logo\/image\/\"}}]}<\/script>\n<!-- \/ Yoast SEO plugin. -->","yoast_head_json":{"title":"Jubileu 2025","robots":{"index":"index","follow":"follow","max-snippet":"max-snippet:-1","max-image-preview":"max-image-preview:large","max-video-preview":"max-video-preview:-1"},"canonical":"https:\/\/www.bisbatdemallorca.org\/ca\/jubileu25\/","og_locale":"ca_ES","og_type":"article","og_title":"[:ca]Jubileu 2025[:es]Borrador autom\u00e1tico[:] - Bisbat de Mallorca","og_url":"https:\/\/www.bisbatdemallorca.org\/ca\/la-diocesi-de-mallorca-participa-en-lassemblea-de-delegats-de-mitjans-de-comunicacio-social-reunida-a-roma-pel-jubileu-2025\/","og_site_name":"Bisbat de Mallorca","article_modified_time":"2025-10-27T16:37:40+00:00","twitter_card":"summary_large_image","twitter_misc":{"Temps estimat de lectura":"28 minuts"},"schema":{"@context":"https:\/\/schema.org","@graph":[{"@type":"WebPage","@id":"https:\/\/www.bisbatdemallorca.org\/jubileu25\/","url":"https:\/\/www.bisbatdemallorca.org\/jubileu25\/","name":"Jubileu 2025","isPartOf":{"@id":"https:\/\/www.bisbatdemallorca.org\/ca\/#website"},"datePublished":"2025-02-05T09:28:02+00:00","dateModified":"2025-10-27T16:37:40+00:00","breadcrumb":{"@id":"https:\/\/www.bisbatdemallorca.org\/jubileu25\/#breadcrumb"},"inLanguage":"ca","potentialAction":[{"@type":"ReadAction","target":["https:\/\/www.bisbatdemallorca.org\/jubileu25\/"]}]},{"@type":"BreadcrumbList","@id":"https:\/\/www.bisbatdemallorca.org\/jubileu25\/#breadcrumb","itemListElement":[{"@type":"ListItem","position":1,"name":"Portada","item":"https:\/\/www.bisbatdemallorca.org\/ca\/"},{"@type":"ListItem","position":2,"name":"Borrador autom\u00e1tico"}]},{"@type":"WebSite","@id":"https:\/\/www.bisbatdemallorca.org\/ca\/#website","url":"https:\/\/www.bisbatdemallorca.org\/ca\/","name":"Bisbat de Mallorca","description":"Just another WordPress site","publisher":{"@id":"https:\/\/www.bisbatdemallorca.org\/ca\/#organization"},"potentialAction":[{"@type":"SearchAction","target":{"@type":"EntryPoint","urlTemplate":"https:\/\/www.bisbatdemallorca.org\/ca\/?s={search_term_string}"},"query-input":{"@type":"PropertyValueSpecification","valueRequired":true,"valueName":"search_term_string"}}],"inLanguage":"ca"},{"@type":"Organization","@id":"https:\/\/www.bisbatdemallorca.org\/ca\/#organization","name":"Bisbat De Mallorca","url":"https:\/\/www.bisbatdemallorca.org\/ca\/","logo":{"@type":"ImageObject","inLanguage":"ca","@id":"https:\/\/www.bisbatdemallorca.org\/ca\/#\/schema\/logo\/image\/","url":"https:\/\/bisbatdemallorca.org\/wp-content\/uploads\/2022\/04\/Logo_Bisbat-de-Mallorca-scaled.jpeg","contentUrl":"https:\/\/bisbatdemallorca.org\/wp-content\/uploads\/2022\/04\/Logo_Bisbat-de-Mallorca-scaled.jpeg","width":2560,"height":1810,"caption":"Bisbat De Mallorca"},"image":{"@id":"https:\/\/www.bisbatdemallorca.org\/ca\/#\/schema\/logo\/image\/"}}]}},"_links":{"self":[{"href":"https:\/\/www.bisbatdemallorca.org\/ca\/wp-json\/wp\/v2\/pages\/24160","targetHints":{"allow":["GET"]}}],"collection":[{"href":"https:\/\/www.bisbatdemallorca.org\/ca\/wp-json\/wp\/v2\/pages"}],"about":[{"href":"https:\/\/www.bisbatdemallorca.org\/ca\/wp-json\/wp\/v2\/types\/page"}],"author":[{"embeddable":true,"href":"https:\/\/www.bisbatdemallorca.org\/ca\/wp-json\/wp\/v2\/users\/2"}],"replies":[{"embeddable":true,"href":"https:\/\/www.bisbatdemallorca.org\/ca\/wp-json\/wp\/v2\/comments?post=24160"}],"version-history":[{"count":0,"href":"https:\/\/www.bisbatdemallorca.org\/ca\/wp-json\/wp\/v2\/pages\/24160\/revisions"}],"wp:attachment":[{"href":"https:\/\/www.bisbatdemallorca.org\/ca\/wp-json\/wp\/v2\/media?parent=24160"}],"curies":[{"name":"wp","href":"https:\/\/api.w.org\/{rel}","templated":true}]}}