{"id":4617,"date":"2022-03-16T16:29:11","date_gmt":"2022-03-16T16:29:11","guid":{"rendered":"https:\/\/bisbatdemallorca.aplicacionesinteligentes.es\/?page_id=4617"},"modified":"2022-05-10T11:20:17","modified_gmt":"2022-05-10T11:20:17","slug":"noticies","status":"publish","type":"page","link":"https:\/\/www.bisbatdemallorca.org\/ca\/noticies\/","title":{"rendered":"Not\u00edcies"},"content":{"rendered":"<div class=\"fusion-fullwidth fullwidth-box fusion-builder-row-1 fusion-flex-container nonhundred-percent-fullwidth non-hundred-percent-height-scrolling\" style=\"--awb-border-radius-top-left:0px;--awb-border-radius-top-right:0px;--awb-border-radius-bottom-right:0px;--awb-border-radius-bottom-left:0px;--awb-flex-wrap:wrap;\" ><div class=\"fusion-builder-row fusion-row fusion-flex-align-items-flex-start fusion-flex-content-wrap\" style=\"max-width:1248px;margin-left: calc(-4% \/ 2 );margin-right: calc(-4% \/ 2 );\"><div class=\"fusion-layout-column fusion_builder_column fusion-builder-column-0 fusion_builder_column_1_1 1_1 fusion-flex-column\" style=\"--awb-bg-size:cover;--awb-width-large:100%;--awb-margin-top-large:0px;--awb-spacing-right-large:1.92%;--awb-margin-bottom-large:20px;--awb-spacing-left-large:1.92%;--awb-width-medium:100%;--awb-order-medium:0;--awb-spacing-right-medium:1.92%;--awb-spacing-left-medium:1.92%;--awb-width-small:100%;--awb-order-small:0;--awb-spacing-right-small:1.92%;--awb-spacing-left-small:1.92%;\"><div class=\"fusion-column-wrapper fusion-column-has-shadow fusion-flex-justify-content-flex-start fusion-content-layout-column\"><div class=\"fusion-text fusion-text-1\" style=\"--awb-text-transform:none;\"><div class=\"bisbat-headers\">\n<h4>Noticies destacades<\/h4>\n<\/div>\n<\/div><div class=\"fusion-blog-shortcode fusion-blog-shortcode-1 fusion-blog-archive fusion-blog-layout-medium fusion-blog-pagination\"><div class=\"fusion-posts-container fusion-posts-container-pagination fusion-no-meta-info fusion-blog-rollover\" data-pages=\"139\"><article id=\"blog-1-post-32540\" class=\"fusion-post-medium post-32540 post type-post status-publish format-standard has-post-thumbnail hentry category-agencia-baleria\">\n\t<style type=\"text\/css\">\n\t\t\n\t\t\n\t\t\n\t\t\n\t\t\t<\/style>\n\n\n\t\t\t<div class=\"fusion-flexslider flexslider fusion-flexslider-loading fusion-post-slideshow\" style=\"\">\n\t\t<ul class=\"slides\">\n\t\t\t\n\t\t\t\t\t\t\t\t\t\t\t\t\t\t<li><div  class=\"fusion-image-wrapper fusion-image-size-fixed\" aria-haspopup=\"true\">\n\t\t\t\t<img decoding=\"async\" width=\"320\" height=\"202\" src=\"https:\/\/www.bisbatdemallorca.org\/wp-content\/uploads\/2026\/04\/Mn.-Jaume-Obrador-BURUNDI-320x202.jpeg\" class=\"attachment-blog-medium size-blog-medium wp-post-image\" alt=\"\" srcset=\"https:\/\/www.bisbatdemallorca.org\/wp-content\/uploads\/2026\/04\/Mn.-Jaume-Obrador-BURUNDI-320x202.jpeg 320w, https:\/\/www.bisbatdemallorca.org\/wp-content\/uploads\/2026\/04\/Mn.-Jaume-Obrador-BURUNDI-700x441.jpeg 700w\" sizes=\"(max-width: 320px) 100vw, 320px\" \/><div class=\"fusion-rollover\">\n\t<div class=\"fusion-rollover-content\">\n\n\t\t\t\t\t\t\t\t\t\t\t\t\t\t<a class=\"fusion-rollover-link\" href=\"https:\/\/www.bisbatdemallorca.org\/ca\/jornada-mallorca-missionera-2026\/\">JORNADA MALLORCA MISSIONERA 2026<\/a>\n\t\t\t\n\t\t\t\t\t\t\t\t\t\t\t\t\t\t\n\t\t\t\t\t\t\t\t\n\t\t\t\t\t\t\t\t\t\t\t\t\t<div class=\"fusion-rollover-sep\"><\/div>\n\t\t\t\t\n\t\t\t\t\t\t\t\t\t\t\t\t\t\t\t\t\t\t<a class=\"fusion-rollover-gallery\" href=\"https:\/\/www.bisbatdemallorca.org\/wp-content\/uploads\/2026\/04\/Mn.-Jaume-Obrador-BURUNDI.jpeg\" data-options=\"\" data-id=\"32540\" data-rel=\"iLightbox[gallery]\" data-title=\"Mn. Jaume Obrador BURUNDI\" data-caption=\"\">\n\t\t\t\t\t\tGallery\t\t\t\t\t<\/a>\n\t\t\t\t\t\t\t\t\t\t\t\t\t\t\n\t\t\n\t\t\t\t\t\t\t\t\t\t\t\t<h4 class=\"fusion-rollover-title\">\n\t\t\t\t\t<a class=\"fusion-rollover-title-link\" href=\"https:\/\/www.bisbatdemallorca.org\/ca\/jornada-mallorca-missionera-2026\/\">\n\t\t\t\t\t\tJORNADA MALLORCA MISSIONERA 2026\t\t\t\t\t<\/a>\n\t\t\t\t<\/h4>\n\t\t\t\n\t\t\t\t\t\t\t\t\t\t<div class=\"fusion-rollover-categories\"><a href=\"https:\/\/www.bisbatdemallorca.org\/ca\/category\/agencia-baleria\/\" rel=\"tag\">Agencia Bal\u00e8ria<\/a><\/div>\t\t\t\t\t\n\t\t\n\t\t\t\t\t\t<a class=\"fusion-link-wrapper\" href=\"https:\/\/www.bisbatdemallorca.org\/ca\/jornada-mallorca-missionera-2026\/\" aria-label=\"JORNADA MALLORCA MISSIONERA 2026\"><\/a>\n\t<\/div>\n<\/div>\n<\/div>\n<\/li>\n\t\t\t\n\t\t\t\n\t\t\t\t\t\t\t\t\t\t\t\t\t\t\t\t\t\t\t\t\t\t\t\t\t\t\t\t\t\t\t\t\t\t\t\t\t\t\t\t\t\t\t\t\t\t\t\t\t\t\t\t\t\t\t\t\t\t\t\t\t\t\t\t\t\t\t\t<\/ul>\n\t<\/div>\n\t<div class=\"fusion-post-content post-content\"><h2 class=\"blog-shortcode-post-title entry-title\"><a href=\"https:\/\/www.bisbatdemallorca.org\/ca\/jornada-mallorca-missionera-2026\/\">JORNADA MALLORCA MISSIONERA 2026<\/a><\/h2><div class=\"fusion-post-content-container\"><p>El proper diumenge, 3 de maig, l\u2019Esgl\u00e9sia de Mallorca t\u00e9 un record molt especial pels seus missioners, en la preg\u00e0ria, en l\u2019ajuda econ\u00f2mica a trav\u00e9s de la col\u00b7lecta i en altres activitats organitzades per parr\u00f2quies i per altres grups. \u00c9s la jornada de \u201cMallorca Missionera\u201d, que gaudeix d\u2019una gran tradici\u00f3 [...]<\/p><\/div><\/div><div class=\"fusion-clearfix\"><\/div><\/article>\n<article id=\"blog-1-post-32518\" class=\"fusion-post-medium post-32518 post type-post status-publish format-standard has-post-thumbnail hentry category-agencia-baleria\">\n\t<style type=\"text\/css\">\n\t\t\n\t\t\n\t\t\n\t\t\n\t\t\t<\/style>\n\n\n\t\t\t<div class=\"fusion-flexslider flexslider fusion-flexslider-loading fusion-post-slideshow\" style=\"\">\n\t\t<ul class=\"slides\">\n\t\t\t\n\t\t\t\t\t\t\t\t\t\t\t\t\t\t<li><div  class=\"fusion-image-wrapper fusion-image-size-fixed\" aria-haspopup=\"true\">\n\t\t\t\t<img decoding=\"async\" width=\"320\" height=\"202\" src=\"https:\/\/www.bisbatdemallorca.org\/wp-content\/uploads\/2026\/04\/20260428-Col\u00b7loqui-Les-missions-inspiracio-per-a-la-vida-del-segle-XXI-2910-320x202.jpg\" class=\"attachment-blog-medium size-blog-medium wp-post-image\" alt=\"\" srcset=\"https:\/\/www.bisbatdemallorca.org\/wp-content\/uploads\/2026\/04\/20260428-Col\u00b7loqui-Les-missions-inspiracio-per-a-la-vida-del-segle-XXI-2910-320x202.jpg 320w, https:\/\/www.bisbatdemallorca.org\/wp-content\/uploads\/2026\/04\/20260428-Col\u00b7loqui-Les-missions-inspiracio-per-a-la-vida-del-segle-XXI-2910-700x441.jpg 700w\" sizes=\"(max-width: 320px) 100vw, 320px\" \/><div class=\"fusion-rollover\">\n\t<div class=\"fusion-rollover-content\">\n\n\t\t\t\t\t\t\t\t\t\t\t\t\t\t<a class=\"fusion-rollover-link\" href=\"https:\/\/www.bisbatdemallorca.org\/ca\/la-missio-inspiracio-per-viure-la-fe-en-el-segle-xxi\/\">La missi\u00f3, inspiraci\u00f3 per viure la fe en el segle XXI<\/a>\n\t\t\t\n\t\t\t\t\t\t\t\t\t\t\t\t\t\t\n\t\t\t\t\t\t\t\t\n\t\t\t\t\t\t\t\t\t\t\t\t\t<div class=\"fusion-rollover-sep\"><\/div>\n\t\t\t\t\n\t\t\t\t\t\t\t\t\t\t\t\t\t\t\t\t\t\t<a class=\"fusion-rollover-gallery\" href=\"https:\/\/www.bisbatdemallorca.org\/wp-content\/uploads\/2026\/04\/20260428-Col\u00b7loqui-Les-missions-inspiracio-per-a-la-vida-del-segle-XXI-2910-scaled.jpg\" data-options=\"\" data-id=\"32518\" data-rel=\"iLightbox[gallery]\" data-title=\"20260428 Col\u00b7loqui \u201cLes missions, inspiracio\u0301 per a la vida del segle XXI\u201d-2910\" data-caption=\"\">\n\t\t\t\t\t\tGallery\t\t\t\t\t<\/a>\n\t\t\t\t\t\t\t\t\t\t\t\t\t\t\n\t\t\n\t\t\t\t\t\t\t\t\t\t\t\t<h4 class=\"fusion-rollover-title\">\n\t\t\t\t\t<a class=\"fusion-rollover-title-link\" href=\"https:\/\/www.bisbatdemallorca.org\/ca\/la-missio-inspiracio-per-viure-la-fe-en-el-segle-xxi\/\">\n\t\t\t\t\t\tLa missi\u00f3, inspiraci\u00f3 per viure la fe en el segle XXI\t\t\t\t\t<\/a>\n\t\t\t\t<\/h4>\n\t\t\t\n\t\t\t\t\t\t\t\t\t\t<div class=\"fusion-rollover-categories\"><a href=\"https:\/\/www.bisbatdemallorca.org\/ca\/category\/agencia-baleria\/\" rel=\"tag\">Agencia Bal\u00e8ria<\/a><\/div>\t\t\t\t\t\n\t\t\n\t\t\t\t\t\t<a class=\"fusion-link-wrapper\" href=\"https:\/\/www.bisbatdemallorca.org\/ca\/la-missio-inspiracio-per-viure-la-fe-en-el-segle-xxi\/\" aria-label=\"La missi\u00f3, inspiraci\u00f3 per viure la fe en el segle XXI\"><\/a>\n\t<\/div>\n<\/div>\n<\/div>\n<\/li>\n\t\t\t\n\t\t\t\n\t\t\t\t\t\t\t\t\t\t\t\n\t\t\t\t\t\n\t\t\t\t\t\t\t\t\t\t\t<li>\n\t\t\t\t\t\t\t<div class=\"fusion-image-wrapper\">\n\t\t\t\t\t\t\t\t<a href=\"https:\/\/www.bisbatdemallorca.org\/ca\/la-missio-inspiracio-per-viure-la-fe-en-el-segle-xxi\/\" aria-label=\"La missi\u00f3, inspiraci\u00f3 per viure la fe en el segle XXI\">\n\t\t\t\t\t\t\t\t\t<img decoding=\"async\" width=\"320\" height=\"202\" src=\"https:\/\/www.bisbatdemallorca.org\/wp-content\/uploads\/2026\/04\/20260428-Col\u00b7loqui-Les-missions-inspiracio-per-a-la-vida-del-segle-XXI-2907-320x202.jpg\" alt=\"\" class=\"wp-image-32520\" role=\"presentation\" srcset=\"https:\/\/www.bisbatdemallorca.org\/wp-content\/uploads\/2026\/04\/20260428-Col\u00b7loqui-Les-missions-inspiracio-per-a-la-vida-del-segle-XXI-2907-320x202.jpg 320w, https:\/\/www.bisbatdemallorca.org\/wp-content\/uploads\/2026\/04\/20260428-Col\u00b7loqui-Les-missions-inspiracio-per-a-la-vida-del-segle-XXI-2907-700x441.jpg 700w\" sizes=\"(max-width: 320px) 100vw, 320px\" \/>\t\t\t\t\t\t\t\t<\/a>\n\t\t\t\t\t\t\t\t<a style=\"display:none;\" href=\"https:\/\/www.bisbatdemallorca.org\/wp-content\/uploads\/2026\/04\/20260428-Col\u00b7loqui-Les-missions-inspiracio-per-a-la-vida-del-segle-XXI-2907-scaled.jpg\" data-rel=\"iLightbox[gallery32518]\"  title=\"\" data-title=\"20260428 Col\u00b7loqui \u201cLes missions, inspiracio\u0301 per a la vida del segle XXI\u201d-2907\" data-caption=\"\">\n\t\t\t\t\t\t\t\t\t\t\t\t\t\t\t\t\t<\/a>\n\t\t\t\t\t\t\t<\/div>\n\t\t\t\t\t\t<\/li>\n\t\t\t\t\t\t\t\t\t\t\t\t\t\t\t\t\t\t\t\t\t\t\t\t\n\t\t\t\t\t\n\t\t\t\t\t\t\t\t\t\t\t<li>\n\t\t\t\t\t\t\t<div class=\"fusion-image-wrapper\">\n\t\t\t\t\t\t\t\t<a href=\"https:\/\/www.bisbatdemallorca.org\/ca\/la-missio-inspiracio-per-viure-la-fe-en-el-segle-xxi\/\" aria-label=\"La missi\u00f3, inspiraci\u00f3 per viure la fe en el segle XXI\">\n\t\t\t\t\t\t\t\t\t<img decoding=\"async\" width=\"320\" height=\"202\" src=\"https:\/\/www.bisbatdemallorca.org\/wp-content\/uploads\/2026\/04\/20260428-Col\u00b7loqui-Les-missions-inspiracio-per-a-la-vida-del-segle-XXI-2899-320x202.jpg\" alt=\"\" class=\"wp-image-32521\" role=\"presentation\" srcset=\"https:\/\/www.bisbatdemallorca.org\/wp-content\/uploads\/2026\/04\/20260428-Col\u00b7loqui-Les-missions-inspiracio-per-a-la-vida-del-segle-XXI-2899-320x202.jpg 320w, https:\/\/www.bisbatdemallorca.org\/wp-content\/uploads\/2026\/04\/20260428-Col\u00b7loqui-Les-missions-inspiracio-per-a-la-vida-del-segle-XXI-2899-700x441.jpg 700w\" sizes=\"(max-width: 320px) 100vw, 320px\" \/>\t\t\t\t\t\t\t\t<\/a>\n\t\t\t\t\t\t\t\t<a style=\"display:none;\" href=\"https:\/\/www.bisbatdemallorca.org\/wp-content\/uploads\/2026\/04\/20260428-Col\u00b7loqui-Les-missions-inspiracio-per-a-la-vida-del-segle-XXI-2899-scaled.jpg\" data-rel=\"iLightbox[gallery32518]\"  title=\"\" data-title=\"20260428 Col\u00b7loqui \u201cLes missions, inspiracio\u0301 per a la vida del segle XXI\u201d-2899\" data-caption=\"\">\n\t\t\t\t\t\t\t\t\t\t\t\t\t\t\t\t\t<\/a>\n\t\t\t\t\t\t\t<\/div>\n\t\t\t\t\t\t<\/li>\n\t\t\t\t\t\t\t\t\t\t\t\t\t\t\t\t\t\t\t\t\t\t\t\t\n\t\t\t\t\t\n\t\t\t\t\t\t\t\t\t\t\t<li>\n\t\t\t\t\t\t\t<div class=\"fusion-image-wrapper\">\n\t\t\t\t\t\t\t\t<a href=\"https:\/\/www.bisbatdemallorca.org\/ca\/la-missio-inspiracio-per-viure-la-fe-en-el-segle-xxi\/\" aria-label=\"La missi\u00f3, inspiraci\u00f3 per viure la fe en el segle XXI\">\n\t\t\t\t\t\t\t\t\t<img decoding=\"async\" width=\"320\" height=\"202\" src=\"https:\/\/www.bisbatdemallorca.org\/wp-content\/uploads\/2026\/04\/20260428-Col\u00b7loqui-Les-missions-inspiracio-per-a-la-vida-del-segle-XXI-2886-320x202.jpg\" alt=\"\" class=\"wp-image-32522\" role=\"presentation\" srcset=\"https:\/\/www.bisbatdemallorca.org\/wp-content\/uploads\/2026\/04\/20260428-Col\u00b7loqui-Les-missions-inspiracio-per-a-la-vida-del-segle-XXI-2886-320x202.jpg 320w, https:\/\/www.bisbatdemallorca.org\/wp-content\/uploads\/2026\/04\/20260428-Col\u00b7loqui-Les-missions-inspiracio-per-a-la-vida-del-segle-XXI-2886-700x441.jpg 700w\" sizes=\"(max-width: 320px) 100vw, 320px\" \/>\t\t\t\t\t\t\t\t<\/a>\n\t\t\t\t\t\t\t\t<a style=\"display:none;\" href=\"https:\/\/www.bisbatdemallorca.org\/wp-content\/uploads\/2026\/04\/20260428-Col\u00b7loqui-Les-missions-inspiracio-per-a-la-vida-del-segle-XXI-2886-scaled.jpg\" data-rel=\"iLightbox[gallery32518]\"  title=\"\" data-title=\"20260428 Col\u00b7loqui \u201cLes missions, inspiracio\u0301 per a la vida del segle XXI\u201d-2886\" data-caption=\"\">\n\t\t\t\t\t\t\t\t\t\t\t\t\t\t\t\t\t<\/a>\n\t\t\t\t\t\t\t<\/div>\n\t\t\t\t\t\t<\/li>\n\t\t\t\t\t\t\t\t\t\t\t\t\t\t\t\t\t\t\t\t\t\t\t\t\n\t\t\t\t\t\n\t\t\t\t\t\t\t\t\t\t\t<li>\n\t\t\t\t\t\t\t<div class=\"fusion-image-wrapper\">\n\t\t\t\t\t\t\t\t<a href=\"https:\/\/www.bisbatdemallorca.org\/ca\/la-missio-inspiracio-per-viure-la-fe-en-el-segle-xxi\/\" aria-label=\"La missi\u00f3, inspiraci\u00f3 per viure la fe en el segle XXI\">\n\t\t\t\t\t\t\t\t\t<img decoding=\"async\" width=\"320\" height=\"202\" src=\"https:\/\/www.bisbatdemallorca.org\/wp-content\/uploads\/2026\/04\/20260428-Col\u00b7loqui-Les-missions-inspiracio-per-a-la-vida-del-segle-XXI-2883-320x202.jpg\" alt=\"\" class=\"wp-image-32523\" role=\"presentation\" srcset=\"https:\/\/www.bisbatdemallorca.org\/wp-content\/uploads\/2026\/04\/20260428-Col\u00b7loqui-Les-missions-inspiracio-per-a-la-vida-del-segle-XXI-2883-320x202.jpg 320w, https:\/\/www.bisbatdemallorca.org\/wp-content\/uploads\/2026\/04\/20260428-Col\u00b7loqui-Les-missions-inspiracio-per-a-la-vida-del-segle-XXI-2883-700x441.jpg 700w\" sizes=\"(max-width: 320px) 100vw, 320px\" \/>\t\t\t\t\t\t\t\t<\/a>\n\t\t\t\t\t\t\t\t<a style=\"display:none;\" href=\"https:\/\/www.bisbatdemallorca.org\/wp-content\/uploads\/2026\/04\/20260428-Col\u00b7loqui-Les-missions-inspiracio-per-a-la-vida-del-segle-XXI-2883-scaled.jpg\" data-rel=\"iLightbox[gallery32518]\"  title=\"\" data-title=\"20260428 Col\u00b7loqui \u201cLes missions, inspiracio\u0301 per a la vida del segle XXI\u201d-2883\" data-caption=\"\">\n\t\t\t\t\t\t\t\t\t\t\t\t\t\t\t\t\t<\/a>\n\t\t\t\t\t\t\t<\/div>\n\t\t\t\t\t\t<\/li>\n\t\t\t\t\t\t\t\t\t\t\t\t\t\t\t\t\t\t\t\t\t<\/ul>\n\t<\/div>\n\t<div class=\"fusion-post-content post-content\"><h2 class=\"blog-shortcode-post-title entry-title\"><a href=\"https:\/\/www.bisbatdemallorca.org\/ca\/la-missio-inspiracio-per-viure-la-fe-en-el-segle-xxi\/\">La missi\u00f3, inspiraci\u00f3 per viure la fe en el segle XXI<\/a><\/h2><div class=\"fusion-post-content-container\"><p>El col\u00b7loqui \u201cLes missions, inspiraci\u00f3 per a la vida del segle XXI\u201d, organitzat per la Delegaci\u00f3 Diocesana de Missions, reun\u00ed ahir, 28 d\u2019abril, a les 19.00 hores, unes 70 persones a Palma entorn de la reflexi\u00f3 sobre el paper actual de la missi\u00f3 en una societat canviant. La sessi\u00f3 compt\u00e0 [...]<\/p><\/div><\/div><div class=\"fusion-clearfix\"><\/div><\/article>\n<article id=\"blog-1-post-32508\" class=\"fusion-post-medium post-32508 post type-post status-publish format-standard has-post-thumbnail hentry category-agencia-baleria\">\n\t<style type=\"text\/css\">\n\t\t\n\t\t\n\t\t\n\t\t\n\t\t\t<\/style>\n\n\n\t\t\t<div class=\"fusion-flexslider flexslider fusion-flexslider-loading fusion-post-slideshow\" style=\"\">\n\t\t<ul class=\"slides\">\n\t\t\t\n\t\t\t\t\t\t\t\t\t\t\t\t\t\t<li><div  class=\"fusion-image-wrapper fusion-image-size-fixed\" aria-haspopup=\"true\">\n\t\t\t\t<img decoding=\"async\" width=\"320\" height=\"202\" src=\"https:\/\/www.bisbatdemallorca.org\/wp-content\/uploads\/2026\/04\/WhatsApp-Image-2026-04-28-at-14.48.49-320x202.jpeg\" class=\"attachment-blog-medium size-blog-medium wp-post-image\" alt=\"\" srcset=\"https:\/\/www.bisbatdemallorca.org\/wp-content\/uploads\/2026\/04\/WhatsApp-Image-2026-04-28-at-14.48.49-320x202.jpeg 320w, https:\/\/www.bisbatdemallorca.org\/wp-content\/uploads\/2026\/04\/WhatsApp-Image-2026-04-28-at-14.48.49-700x441.jpeg 700w\" sizes=\"(max-width: 320px) 100vw, 320px\" \/><div class=\"fusion-rollover\">\n\t<div class=\"fusion-rollover-content\">\n\n\t\t\t\t\t\t\t\t\t\t\t\t\t\t<a class=\"fusion-rollover-link\" href=\"https:\/\/www.bisbatdemallorca.org\/ca\/festes-marianes-al-convent-de-framenors-caputxins-de-mallorca\/\">Festes marianes al convent de framenors Caputxins de Mallorca<\/a>\n\t\t\t\n\t\t\t\t\t\t\t\t\t\t\t\t\t\t\n\t\t\t\t\t\t\t\t\n\t\t\t\t\t\t\t\t\t\t\t\t\t<div class=\"fusion-rollover-sep\"><\/div>\n\t\t\t\t\n\t\t\t\t\t\t\t\t\t\t\t\t\t\t\t\t\t\t<a class=\"fusion-rollover-gallery\" href=\"https:\/\/www.bisbatdemallorca.org\/wp-content\/uploads\/2026\/04\/WhatsApp-Image-2026-04-28-at-14.48.49.jpeg\" data-options=\"\" data-id=\"32508\" data-rel=\"iLightbox[gallery]\" data-title=\"WhatsApp Image 2026-04-28 at 14.48.49\" data-caption=\"\">\n\t\t\t\t\t\tGallery\t\t\t\t\t<\/a>\n\t\t\t\t\t\t\t\t\t\t\t\t\t\t\n\t\t\n\t\t\t\t\t\t\t\t\t\t\t\t<h4 class=\"fusion-rollover-title\">\n\t\t\t\t\t<a class=\"fusion-rollover-title-link\" href=\"https:\/\/www.bisbatdemallorca.org\/ca\/festes-marianes-al-convent-de-framenors-caputxins-de-mallorca\/\">\n\t\t\t\t\t\tFestes marianes al convent de framenors Caputxins de Mallorca\t\t\t\t\t<\/a>\n\t\t\t\t<\/h4>\n\t\t\t\n\t\t\t\t\t\t\t\t\t\t<div class=\"fusion-rollover-categories\"><a href=\"https:\/\/www.bisbatdemallorca.org\/ca\/category\/agencia-baleria\/\" rel=\"tag\">Agencia Bal\u00e8ria<\/a><\/div>\t\t\t\t\t\n\t\t\n\t\t\t\t\t\t<a class=\"fusion-link-wrapper\" href=\"https:\/\/www.bisbatdemallorca.org\/ca\/festes-marianes-al-convent-de-framenors-caputxins-de-mallorca\/\" aria-label=\"Festes marianes al convent de framenors Caputxins de Mallorca\"><\/a>\n\t<\/div>\n<\/div>\n<\/div>\n<\/li>\n\t\t\t\n\t\t\t\n\t\t\t\t\t\t\t\t\t\t\t\n\t\t\t\t\t\n\t\t\t\t\t\t\t\t\t\t\t<li>\n\t\t\t\t\t\t\t<div class=\"fusion-image-wrapper\">\n\t\t\t\t\t\t\t\t<a href=\"https:\/\/www.bisbatdemallorca.org\/ca\/festes-marianes-al-convent-de-framenors-caputxins-de-mallorca\/\" aria-label=\"Festes marianes al convent de framenors Caputxins de Mallorca\">\n\t\t\t\t\t\t\t\t\t<img decoding=\"async\" width=\"320\" height=\"202\" src=\"https:\/\/www.bisbatdemallorca.org\/wp-content\/uploads\/2026\/04\/WhatsApp-Image-2026-04-28-at-14.48.48-320x202.jpeg\" alt=\"\" class=\"wp-image-32509\" role=\"presentation\" srcset=\"https:\/\/www.bisbatdemallorca.org\/wp-content\/uploads\/2026\/04\/WhatsApp-Image-2026-04-28-at-14.48.48-320x202.jpeg 320w, https:\/\/www.bisbatdemallorca.org\/wp-content\/uploads\/2026\/04\/WhatsApp-Image-2026-04-28-at-14.48.48-700x441.jpeg 700w\" sizes=\"(max-width: 320px) 100vw, 320px\" \/>\t\t\t\t\t\t\t\t<\/a>\n\t\t\t\t\t\t\t\t<a style=\"display:none;\" href=\"https:\/\/www.bisbatdemallorca.org\/wp-content\/uploads\/2026\/04\/WhatsApp-Image-2026-04-28-at-14.48.48.jpeg\" data-rel=\"iLightbox[gallery32508]\"  title=\"\" data-title=\"WhatsApp Image 2026-04-28 at 14.48.48\" data-caption=\"\">\n\t\t\t\t\t\t\t\t\t\t\t\t\t\t\t\t\t<\/a>\n\t\t\t\t\t\t\t<\/div>\n\t\t\t\t\t\t<\/li>\n\t\t\t\t\t\t\t\t\t\t\t\t\t\t\t\t\t\t\t\t\t\t\t\t\n\t\t\t\t\t\n\t\t\t\t\t\t\t\t\t\t\t<li>\n\t\t\t\t\t\t\t<div class=\"fusion-image-wrapper\">\n\t\t\t\t\t\t\t\t<a href=\"https:\/\/www.bisbatdemallorca.org\/ca\/festes-marianes-al-convent-de-framenors-caputxins-de-mallorca\/\" aria-label=\"Festes marianes al convent de framenors Caputxins de Mallorca\">\n\t\t\t\t\t\t\t\t\t<img decoding=\"async\" width=\"320\" height=\"202\" src=\"https:\/\/www.bisbatdemallorca.org\/wp-content\/uploads\/2026\/04\/WhatsApp-Image-2026-04-28-at-14.48.49-1-320x202.jpeg\" alt=\"\" class=\"wp-image-32510\" role=\"presentation\" srcset=\"https:\/\/www.bisbatdemallorca.org\/wp-content\/uploads\/2026\/04\/WhatsApp-Image-2026-04-28-at-14.48.49-1-320x202.jpeg 320w, https:\/\/www.bisbatdemallorca.org\/wp-content\/uploads\/2026\/04\/WhatsApp-Image-2026-04-28-at-14.48.49-1-700x441.jpeg 700w\" sizes=\"(max-width: 320px) 100vw, 320px\" \/>\t\t\t\t\t\t\t\t<\/a>\n\t\t\t\t\t\t\t\t<a style=\"display:none;\" href=\"https:\/\/www.bisbatdemallorca.org\/wp-content\/uploads\/2026\/04\/WhatsApp-Image-2026-04-28-at-14.48.49-1.jpeg\" data-rel=\"iLightbox[gallery32508]\"  title=\"\" data-title=\"WhatsApp Image 2026-04-28 at 14.48.49 (1)\" data-caption=\"\">\n\t\t\t\t\t\t\t\t\t\t\t\t\t\t\t\t\t<\/a>\n\t\t\t\t\t\t\t<\/div>\n\t\t\t\t\t\t<\/li>\n\t\t\t\t\t\t\t\t\t\t\t\t\t\t\t\t\t\t\t\t\t\t\t\t\n\t\t\t\t\t\n\t\t\t\t\t\t\t\t\t\t\t<li>\n\t\t\t\t\t\t\t<div class=\"fusion-image-wrapper\">\n\t\t\t\t\t\t\t\t<a href=\"https:\/\/www.bisbatdemallorca.org\/ca\/festes-marianes-al-convent-de-framenors-caputxins-de-mallorca\/\" aria-label=\"Festes marianes al convent de framenors Caputxins de Mallorca\">\n\t\t\t\t\t\t\t\t\t<img decoding=\"async\" width=\"320\" height=\"202\" src=\"https:\/\/www.bisbatdemallorca.org\/wp-content\/uploads\/2026\/04\/WhatsApp-Image-2026-04-28-at-14.48.49-2-320x202.jpeg\" alt=\"\" class=\"wp-image-32511\" role=\"presentation\" srcset=\"https:\/\/www.bisbatdemallorca.org\/wp-content\/uploads\/2026\/04\/WhatsApp-Image-2026-04-28-at-14.48.49-2-320x202.jpeg 320w, https:\/\/www.bisbatdemallorca.org\/wp-content\/uploads\/2026\/04\/WhatsApp-Image-2026-04-28-at-14.48.49-2-700x441.jpeg 700w\" sizes=\"(max-width: 320px) 100vw, 320px\" \/>\t\t\t\t\t\t\t\t<\/a>\n\t\t\t\t\t\t\t\t<a style=\"display:none;\" href=\"https:\/\/www.bisbatdemallorca.org\/wp-content\/uploads\/2026\/04\/WhatsApp-Image-2026-04-28-at-14.48.49-2.jpeg\" data-rel=\"iLightbox[gallery32508]\"  title=\"\" data-title=\"WhatsApp Image 2026-04-28 at 14.48.49 (2)\" data-caption=\"\">\n\t\t\t\t\t\t\t\t\t\t\t\t\t\t\t\t\t<\/a>\n\t\t\t\t\t\t\t<\/div>\n\t\t\t\t\t\t<\/li>\n\t\t\t\t\t\t\t\t\t\t\t\t\t\t\t\t\t\t\t\t\t\t\t\t\t\t\t\t\t\t\t\t\t\t\t\t<\/ul>\n\t<\/div>\n\t<div class=\"fusion-post-content post-content\"><h2 class=\"blog-shortcode-post-title entry-title\"><a href=\"https:\/\/www.bisbatdemallorca.org\/ca\/festes-marianes-al-convent-de-framenors-caputxins-de-mallorca\/\">Festes marianes al convent de framenors Caputxins de Mallorca<\/a><\/h2><div class=\"fusion-post-content-container\"><p>Entorn del quart diumenge del temps de Pasqua, el convent de Caputxins de Mallorca va intensificar la seva activitat amb motiu de celebrar-s\u2019hi dues festes marianes que consideren pr\u00f2pies. El passat dissabte dia 25 de mar\u00e7, essent la vig\u00edlia de la jornada del Bon Pastor, la fam\u00edlia caputxina honr\u00e0 la [...]<\/p><\/div><\/div><div class=\"fusion-clearfix\"><\/div><\/article>\n<article id=\"blog-1-post-32485\" class=\"fusion-post-medium post-32485 post type-post status-publish format-standard has-post-thumbnail hentry category-agencia-baleria\">\n\t<style type=\"text\/css\">\n\t\t\n\t\t\n\t\t\n\t\t\n\t\t\t<\/style>\n\n\n\t\t\t<div class=\"fusion-flexslider flexslider fusion-flexslider-loading fusion-post-slideshow\" style=\"\">\n\t\t<ul class=\"slides\">\n\t\t\t\n\t\t\t\t\t\t\t\t\t\t\t\t\t\t<li><div  class=\"fusion-image-wrapper fusion-image-size-fixed\" aria-haspopup=\"true\">\n\t\t\t\t<img decoding=\"async\" width=\"320\" height=\"202\" src=\"https:\/\/www.bisbatdemallorca.org\/wp-content\/uploads\/2026\/04\/WhatsApp-Image-2026-04-27-at-15.01.27-320x202.jpeg\" class=\"attachment-blog-medium size-blog-medium wp-post-image\" alt=\"\" srcset=\"https:\/\/www.bisbatdemallorca.org\/wp-content\/uploads\/2026\/04\/WhatsApp-Image-2026-04-27-at-15.01.27-320x202.jpeg 320w, https:\/\/www.bisbatdemallorca.org\/wp-content\/uploads\/2026\/04\/WhatsApp-Image-2026-04-27-at-15.01.27-700x441.jpeg 700w\" sizes=\"(max-width: 320px) 100vw, 320px\" \/><div class=\"fusion-rollover\">\n\t<div class=\"fusion-rollover-content\">\n\n\t\t\t\t\t\t\t\t\t\t\t\t\t\t<a class=\"fusion-rollover-link\" href=\"https:\/\/www.bisbatdemallorca.org\/ca\/el-col%c2%b7legi-fra-joan-ballester-posa-la-primera-pedra-del-seu-nou-edifici\/\">El Col\u00b7legi Fra Joan Ballester posa la primera pedra del seu nou edifici<\/a>\n\t\t\t\n\t\t\t\t\t\t\t\t\t\t\t\t\t\t\n\t\t\t\t\t\t\t\t\n\t\t\t\t\t\t\t\t\t\t\t\t\t<div class=\"fusion-rollover-sep\"><\/div>\n\t\t\t\t\n\t\t\t\t\t\t\t\t\t\t\t\t\t\t\t\t\t\t<a class=\"fusion-rollover-gallery\" href=\"https:\/\/www.bisbatdemallorca.org\/wp-content\/uploads\/2026\/04\/WhatsApp-Image-2026-04-27-at-15.01.27.jpeg\" data-options=\"\" data-id=\"32485\" data-rel=\"iLightbox[gallery]\" data-title=\"WhatsApp Image 2026-04-27 at 15.01.27\" data-caption=\"\">\n\t\t\t\t\t\tGallery\t\t\t\t\t<\/a>\n\t\t\t\t\t\t\t\t\t\t\t\t\t\t\n\t\t\n\t\t\t\t\t\t\t\t\t\t\t\t<h4 class=\"fusion-rollover-title\">\n\t\t\t\t\t<a class=\"fusion-rollover-title-link\" href=\"https:\/\/www.bisbatdemallorca.org\/ca\/el-col%c2%b7legi-fra-joan-ballester-posa-la-primera-pedra-del-seu-nou-edifici\/\">\n\t\t\t\t\t\tEl Col\u00b7legi Fra Joan Ballester posa la primera pedra del seu nou edifici\t\t\t\t\t<\/a>\n\t\t\t\t<\/h4>\n\t\t\t\n\t\t\t\t\t\t\t\t\t\t<div class=\"fusion-rollover-categories\"><a href=\"https:\/\/www.bisbatdemallorca.org\/ca\/category\/agencia-baleria\/\" rel=\"tag\">Agencia Bal\u00e8ria<\/a><\/div>\t\t\t\t\t\n\t\t\n\t\t\t\t\t\t<a class=\"fusion-link-wrapper\" href=\"https:\/\/www.bisbatdemallorca.org\/ca\/el-col%c2%b7legi-fra-joan-ballester-posa-la-primera-pedra-del-seu-nou-edifici\/\" aria-label=\"El Col\u00b7legi Fra Joan Ballester posa la primera pedra del seu nou edifici\"><\/a>\n\t<\/div>\n<\/div>\n<\/div>\n<\/li>\n\t\t\t\n\t\t\t\n\t\t\t\t\t\t\t\t\t\t\t\n\t\t\t\t\t\n\t\t\t\t\t\t\t\t\t\t\t<li>\n\t\t\t\t\t\t\t<div class=\"fusion-image-wrapper\">\n\t\t\t\t\t\t\t\t<a href=\"https:\/\/www.bisbatdemallorca.org\/ca\/el-col%c2%b7legi-fra-joan-ballester-posa-la-primera-pedra-del-seu-nou-edifici\/\" aria-label=\"El Col\u00b7legi Fra Joan Ballester posa la primera pedra del seu nou edifici\">\n\t\t\t\t\t\t\t\t\t<img decoding=\"async\" width=\"320\" height=\"202\" src=\"https:\/\/www.bisbatdemallorca.org\/wp-content\/uploads\/2026\/04\/WhatsApp-Image-2026-04-27-at-15.01.24-320x202.jpeg\" alt=\"\" class=\"wp-image-32486\" role=\"presentation\" srcset=\"https:\/\/www.bisbatdemallorca.org\/wp-content\/uploads\/2026\/04\/WhatsApp-Image-2026-04-27-at-15.01.24-320x202.jpeg 320w, https:\/\/www.bisbatdemallorca.org\/wp-content\/uploads\/2026\/04\/WhatsApp-Image-2026-04-27-at-15.01.24-700x441.jpeg 700w\" sizes=\"(max-width: 320px) 100vw, 320px\" \/>\t\t\t\t\t\t\t\t<\/a>\n\t\t\t\t\t\t\t\t<a style=\"display:none;\" href=\"https:\/\/www.bisbatdemallorca.org\/wp-content\/uploads\/2026\/04\/WhatsApp-Image-2026-04-27-at-15.01.24.jpeg\" data-rel=\"iLightbox[gallery32485]\"  title=\"\" data-title=\"WhatsApp Image 2026-04-27 at 15.01.24\" data-caption=\"\">\n\t\t\t\t\t\t\t\t\t\t\t\t\t\t\t\t\t<\/a>\n\t\t\t\t\t\t\t<\/div>\n\t\t\t\t\t\t<\/li>\n\t\t\t\t\t\t\t\t\t\t\t\t\t\t\t\t\t\t\t\t\t\t\t\t\n\t\t\t\t\t\n\t\t\t\t\t\t\t\t\t\t\t<li>\n\t\t\t\t\t\t\t<div class=\"fusion-image-wrapper\">\n\t\t\t\t\t\t\t\t<a href=\"https:\/\/www.bisbatdemallorca.org\/ca\/el-col%c2%b7legi-fra-joan-ballester-posa-la-primera-pedra-del-seu-nou-edifici\/\" aria-label=\"El Col\u00b7legi Fra Joan Ballester posa la primera pedra del seu nou edifici\">\n\t\t\t\t\t\t\t\t\t<img decoding=\"async\" width=\"320\" height=\"202\" src=\"https:\/\/www.bisbatdemallorca.org\/wp-content\/uploads\/2026\/04\/WhatsApp-Image-2026-04-27-at-15.01.28-320x202.jpeg\" alt=\"\" class=\"wp-image-32488\" role=\"presentation\" srcset=\"https:\/\/www.bisbatdemallorca.org\/wp-content\/uploads\/2026\/04\/WhatsApp-Image-2026-04-27-at-15.01.28-320x202.jpeg 320w, https:\/\/www.bisbatdemallorca.org\/wp-content\/uploads\/2026\/04\/WhatsApp-Image-2026-04-27-at-15.01.28-700x441.jpeg 700w\" sizes=\"(max-width: 320px) 100vw, 320px\" \/>\t\t\t\t\t\t\t\t<\/a>\n\t\t\t\t\t\t\t\t<a style=\"display:none;\" href=\"https:\/\/www.bisbatdemallorca.org\/wp-content\/uploads\/2026\/04\/WhatsApp-Image-2026-04-27-at-15.01.28.jpeg\" data-rel=\"iLightbox[gallery32485]\"  title=\"\" data-title=\"WhatsApp Image 2026-04-27 at 15.01.28\" data-caption=\"\">\n\t\t\t\t\t\t\t\t\t\t\t\t\t\t\t\t\t<\/a>\n\t\t\t\t\t\t\t<\/div>\n\t\t\t\t\t\t<\/li>\n\t\t\t\t\t\t\t\t\t\t\t\t\t\t\t\t\t\t\t\t\t\t\t\t\n\t\t\t\t\t\n\t\t\t\t\t\t\t\t\t\t\t<li>\n\t\t\t\t\t\t\t<div class=\"fusion-image-wrapper\">\n\t\t\t\t\t\t\t\t<a href=\"https:\/\/www.bisbatdemallorca.org\/ca\/el-col%c2%b7legi-fra-joan-ballester-posa-la-primera-pedra-del-seu-nou-edifici\/\" aria-label=\"El Col\u00b7legi Fra Joan Ballester posa la primera pedra del seu nou edifici\">\n\t\t\t\t\t\t\t\t\t<img decoding=\"async\" width=\"320\" height=\"202\" src=\"https:\/\/www.bisbatdemallorca.org\/wp-content\/uploads\/2026\/04\/WhatsApp-Image-2026-04-27-at-15.01.29-320x202.jpeg\" alt=\"\" class=\"wp-image-32489\" role=\"presentation\" srcset=\"https:\/\/www.bisbatdemallorca.org\/wp-content\/uploads\/2026\/04\/WhatsApp-Image-2026-04-27-at-15.01.29-320x202.jpeg 320w, https:\/\/www.bisbatdemallorca.org\/wp-content\/uploads\/2026\/04\/WhatsApp-Image-2026-04-27-at-15.01.29-700x441.jpeg 700w\" sizes=\"(max-width: 320px) 100vw, 320px\" \/>\t\t\t\t\t\t\t\t<\/a>\n\t\t\t\t\t\t\t\t<a style=\"display:none;\" href=\"https:\/\/www.bisbatdemallorca.org\/wp-content\/uploads\/2026\/04\/WhatsApp-Image-2026-04-27-at-15.01.29.jpeg\" data-rel=\"iLightbox[gallery32485]\"  title=\"\" data-title=\"WhatsApp Image 2026-04-27 at 15.01.29\" data-caption=\"\">\n\t\t\t\t\t\t\t\t\t\t\t\t\t\t\t\t\t<\/a>\n\t\t\t\t\t\t\t<\/div>\n\t\t\t\t\t\t<\/li>\n\t\t\t\t\t\t\t\t\t\t\t\t\t\t\t\t\t\t\t\t\t\t\t\t\n\t\t\t\t\t\n\t\t\t\t\t\t\t\t\t\t\t<li>\n\t\t\t\t\t\t\t<div class=\"fusion-image-wrapper\">\n\t\t\t\t\t\t\t\t<a href=\"https:\/\/www.bisbatdemallorca.org\/ca\/el-col%c2%b7legi-fra-joan-ballester-posa-la-primera-pedra-del-seu-nou-edifici\/\" aria-label=\"El Col\u00b7legi Fra Joan Ballester posa la primera pedra del seu nou edifici\">\n\t\t\t\t\t\t\t\t\t<img decoding=\"async\" width=\"320\" height=\"202\" src=\"https:\/\/www.bisbatdemallorca.org\/wp-content\/uploads\/2026\/04\/WhatsApp-Image-2026-04-27-at-15.01.37-320x202.jpeg\" alt=\"\" class=\"wp-image-32490\" role=\"presentation\" srcset=\"https:\/\/www.bisbatdemallorca.org\/wp-content\/uploads\/2026\/04\/WhatsApp-Image-2026-04-27-at-15.01.37-320x202.jpeg 320w, https:\/\/www.bisbatdemallorca.org\/wp-content\/uploads\/2026\/04\/WhatsApp-Image-2026-04-27-at-15.01.37-700x441.jpeg 700w\" sizes=\"(max-width: 320px) 100vw, 320px\" \/>\t\t\t\t\t\t\t\t<\/a>\n\t\t\t\t\t\t\t\t<a style=\"display:none;\" href=\"https:\/\/www.bisbatdemallorca.org\/wp-content\/uploads\/2026\/04\/WhatsApp-Image-2026-04-27-at-15.01.37.jpeg\" data-rel=\"iLightbox[gallery32485]\"  title=\"\" data-title=\"WhatsApp Image 2026-04-27 at 15.01.37\" data-caption=\"\">\n\t\t\t\t\t\t\t\t\t\t\t\t\t\t\t\t\t<\/a>\n\t\t\t\t\t\t\t<\/div>\n\t\t\t\t\t\t<\/li>\n\t\t\t\t\t\t\t\t\t\t\t\t\t\t\t\t\t\t\t\t\t<\/ul>\n\t<\/div>\n\t<div class=\"fusion-post-content post-content\"><h2 class=\"blog-shortcode-post-title entry-title\"><a href=\"https:\/\/www.bisbatdemallorca.org\/ca\/el-col%c2%b7legi-fra-joan-ballester-posa-la-primera-pedra-del-seu-nou-edifici\/\">El Col\u00b7legi Fra Joan Ballester posa la primera pedra del seu nou edifici<\/a><\/h2><div class=\"fusion-post-content-container\"><p>El Col\u00b7legi Fra Joan Ballester de Campos va celebrar ahir l\u2019acte de col\u00b7locaci\u00f3 de la primera pedra del seu nou edifici, amb la participaci\u00f3 del bisbe de Mallorca, Sebasti\u00e0 Taltavull, juntament amb diverses autoritats i representants de la comunitat educativa. Entre els assistents hi havia la presidenta del Govern de [...]<\/p><\/div><\/div><div class=\"fusion-clearfix\"><\/div><\/article>\n<article id=\"blog-1-post-32478\" class=\"fusion-post-medium post-32478 post type-post status-publish format-standard has-post-thumbnail hentry category-agencia-baleria\">\n\t<style type=\"text\/css\">\n\t\t\n\t\t\n\t\t\n\t\t\n\t\t\t<\/style>\n\n\n\t\t\t<div class=\"fusion-flexslider flexslider fusion-flexslider-loading fusion-post-slideshow\" style=\"\">\n\t\t<ul class=\"slides\">\n\t\t\t\n\t\t\t\t\t\t\t\t\t\t\t\t\t\t<li><div  class=\"fusion-image-wrapper fusion-image-size-fixed\" aria-haspopup=\"true\">\n\t\t\t\t<img decoding=\"async\" width=\"320\" height=\"202\" src=\"https:\/\/www.bisbatdemallorca.org\/wp-content\/uploads\/2026\/04\/WhatsApp-Image-2026-04-27-at-11.38.08-2-320x202.jpeg\" class=\"attachment-blog-medium size-blog-medium wp-post-image\" alt=\"\" srcset=\"https:\/\/www.bisbatdemallorca.org\/wp-content\/uploads\/2026\/04\/WhatsApp-Image-2026-04-27-at-11.38.08-2-320x202.jpeg 320w, https:\/\/www.bisbatdemallorca.org\/wp-content\/uploads\/2026\/04\/WhatsApp-Image-2026-04-27-at-11.38.08-2-700x441.jpeg 700w\" sizes=\"(max-width: 320px) 100vw, 320px\" \/><div class=\"fusion-rollover\">\n\t<div class=\"fusion-rollover-content\">\n\n\t\t\t\t\t\t\t\t\t\t\t\t\t\t<a class=\"fusion-rollover-link\" href=\"https:\/\/www.bisbatdemallorca.org\/ca\/les-obres-del-nou-complex-de-sant-pau-a-la-recta-final\/\">Les obres del nou complex de Sant Pau, a la recta final<\/a>\n\t\t\t\n\t\t\t\t\t\t\t\t\t\t\t\t\t\t\n\t\t\t\t\t\t\t\t\n\t\t\t\t\t\t\t\t\t\t\t\t\t<div class=\"fusion-rollover-sep\"><\/div>\n\t\t\t\t\n\t\t\t\t\t\t\t\t\t\t\t\t\t\t\t\t\t\t<a class=\"fusion-rollover-gallery\" href=\"https:\/\/www.bisbatdemallorca.org\/wp-content\/uploads\/2026\/04\/WhatsApp-Image-2026-04-27-at-11.38.08-2.jpeg\" data-options=\"\" data-id=\"32478\" data-rel=\"iLightbox[gallery]\" data-title=\"WhatsApp Image 2026-04-27 at 11.38.08 (2)\" data-caption=\"\">\n\t\t\t\t\t\tGallery\t\t\t\t\t<\/a>\n\t\t\t\t\t\t\t\t\t\t\t\t\t\t\n\t\t\n\t\t\t\t\t\t\t\t\t\t\t\t<h4 class=\"fusion-rollover-title\">\n\t\t\t\t\t<a class=\"fusion-rollover-title-link\" href=\"https:\/\/www.bisbatdemallorca.org\/ca\/les-obres-del-nou-complex-de-sant-pau-a-la-recta-final\/\">\n\t\t\t\t\t\tLes obres del nou complex de Sant Pau, a la recta final\t\t\t\t\t<\/a>\n\t\t\t\t<\/h4>\n\t\t\t\n\t\t\t\t\t\t\t\t\t\t<div class=\"fusion-rollover-categories\"><a href=\"https:\/\/www.bisbatdemallorca.org\/ca\/category\/agencia-baleria\/\" rel=\"tag\">Agencia Bal\u00e8ria<\/a><\/div>\t\t\t\t\t\n\t\t\n\t\t\t\t\t\t<a class=\"fusion-link-wrapper\" href=\"https:\/\/www.bisbatdemallorca.org\/ca\/les-obres-del-nou-complex-de-sant-pau-a-la-recta-final\/\" aria-label=\"Les obres del nou complex de Sant Pau, a la recta final\"><\/a>\n\t<\/div>\n<\/div>\n<\/div>\n<\/li>\n\t\t\t\n\t\t\t\n\t\t\t\t\t\t\t\t\t\t\t\n\t\t\t\t\t\n\t\t\t\t\t\t\t\t\t\t\t<li>\n\t\t\t\t\t\t\t<div class=\"fusion-image-wrapper\">\n\t\t\t\t\t\t\t\t<a href=\"https:\/\/www.bisbatdemallorca.org\/ca\/les-obres-del-nou-complex-de-sant-pau-a-la-recta-final\/\" aria-label=\"Les obres del nou complex de Sant Pau, a la recta final\">\n\t\t\t\t\t\t\t\t\t<img decoding=\"async\" width=\"320\" height=\"202\" src=\"https:\/\/www.bisbatdemallorca.org\/wp-content\/uploads\/2026\/04\/WhatsApp-Image-2026-04-27-at-11.38.08-1-320x202.jpeg\" alt=\"\" class=\"wp-image-32480\" role=\"presentation\" srcset=\"https:\/\/www.bisbatdemallorca.org\/wp-content\/uploads\/2026\/04\/WhatsApp-Image-2026-04-27-at-11.38.08-1-320x202.jpeg 320w, https:\/\/www.bisbatdemallorca.org\/wp-content\/uploads\/2026\/04\/WhatsApp-Image-2026-04-27-at-11.38.08-1-700x441.jpeg 700w\" sizes=\"(max-width: 320px) 100vw, 320px\" \/>\t\t\t\t\t\t\t\t<\/a>\n\t\t\t\t\t\t\t\t<a style=\"display:none;\" href=\"https:\/\/www.bisbatdemallorca.org\/wp-content\/uploads\/2026\/04\/WhatsApp-Image-2026-04-27-at-11.38.08-1.jpeg\" data-rel=\"iLightbox[gallery32478]\"  title=\"\" data-title=\"WhatsApp Image 2026-04-27 at 11.38.08 (1)\" data-caption=\"\">\n\t\t\t\t\t\t\t\t\t\t\t\t\t\t\t\t\t<\/a>\n\t\t\t\t\t\t\t<\/div>\n\t\t\t\t\t\t<\/li>\n\t\t\t\t\t\t\t\t\t\t\t\t\t\t\t\t\t\t\t\t\t\t\t\t\n\t\t\t\t\t\n\t\t\t\t\t\t\t\t\t\t\t<li>\n\t\t\t\t\t\t\t<div class=\"fusion-image-wrapper\">\n\t\t\t\t\t\t\t\t<a href=\"https:\/\/www.bisbatdemallorca.org\/ca\/les-obres-del-nou-complex-de-sant-pau-a-la-recta-final\/\" aria-label=\"Les obres del nou complex de Sant Pau, a la recta final\">\n\t\t\t\t\t\t\t\t\t<img decoding=\"async\" width=\"320\" height=\"202\" src=\"https:\/\/www.bisbatdemallorca.org\/wp-content\/uploads\/2026\/04\/WhatsApp-Image-2026-04-27-at-11.38.06-1-320x202.jpeg\" alt=\"\" class=\"wp-image-32479\" role=\"presentation\" srcset=\"https:\/\/www.bisbatdemallorca.org\/wp-content\/uploads\/2026\/04\/WhatsApp-Image-2026-04-27-at-11.38.06-1-320x202.jpeg 320w, https:\/\/www.bisbatdemallorca.org\/wp-content\/uploads\/2026\/04\/WhatsApp-Image-2026-04-27-at-11.38.06-1-700x441.jpeg 700w\" sizes=\"(max-width: 320px) 100vw, 320px\" \/>\t\t\t\t\t\t\t\t<\/a>\n\t\t\t\t\t\t\t\t<a style=\"display:none;\" href=\"https:\/\/www.bisbatdemallorca.org\/wp-content\/uploads\/2026\/04\/WhatsApp-Image-2026-04-27-at-11.38.06-1.jpeg\" data-rel=\"iLightbox[gallery32478]\"  title=\"\" data-title=\"WhatsApp Image 2026-04-27 at 11.38.06 (1)\" data-caption=\"\">\n\t\t\t\t\t\t\t\t\t\t\t\t\t\t\t\t\t<\/a>\n\t\t\t\t\t\t\t<\/div>\n\t\t\t\t\t\t<\/li>\n\t\t\t\t\t\t\t\t\t\t\t\t\t\t\t\t\t\t\t\t\t\t\t\t\t\t\t\t\t\t\t\t\t\t\t\t\t\t\t\t\t\t\t\t\t\t\t\t\t\t\t<\/ul>\n\t<\/div>\n\t<div class=\"fusion-post-content post-content\"><h2 class=\"blog-shortcode-post-title entry-title\"><a href=\"https:\/\/www.bisbatdemallorca.org\/ca\/les-obres-del-nou-complex-de-sant-pau-a-la-recta-final\/\">Les obres del nou complex de Sant Pau, a la recta final<\/a><\/h2><div class=\"fusion-post-content-container\"><p>El bisbe de Mallorca, Mons. Sebasti\u00e0 Taltavull, acompanyat pel rector de la parr\u00f2quia, el P. Lloren\u00e7 Fern\u00e1ndez, ha visitat recentment les obres del nou complex socioreligi\u00f3s de Sant Pau, a Son Dameto, que es troben ja en la seva recta final. Si no hi ha cap imprevist, es preveu que [...]<\/p><\/div><\/div><div class=\"fusion-clearfix\"><\/div><\/article>\n<article id=\"blog-1-post-32473\" class=\"fusion-post-medium post-32473 post type-post status-publish format-standard has-post-thumbnail hentry category-agencia-baleria\">\n\t<style type=\"text\/css\">\n\t\t\n\t\t\n\t\t\n\t\t\n\t\t\t<\/style>\n\n\n\t\t\t<div class=\"fusion-flexslider flexslider fusion-flexslider-loading fusion-post-slideshow\" style=\"\">\n\t\t<ul class=\"slides\">\n\t\t\t\n\t\t\t\t\t\t\t\t\t\t\t\t\t\t<li><div  class=\"fusion-image-wrapper fusion-image-size-fixed\" aria-haspopup=\"true\">\n\t\t\t\t<img decoding=\"async\" width=\"320\" height=\"202\" src=\"https:\/\/www.bisbatdemallorca.org\/wp-content\/uploads\/2026\/04\/Assemblees-2026-320x202.jpg\" class=\"attachment-blog-medium size-blog-medium wp-post-image\" alt=\"\" srcset=\"https:\/\/www.bisbatdemallorca.org\/wp-content\/uploads\/2026\/04\/Assemblees-2026-320x202.jpg 320w, https:\/\/www.bisbatdemallorca.org\/wp-content\/uploads\/2026\/04\/Assemblees-2026-700x441.jpg 700w\" sizes=\"(max-width: 320px) 100vw, 320px\" \/><div class=\"fusion-rollover\">\n\t<div class=\"fusion-rollover-content\">\n\n\t\t\t\t\t\t\t\t\t\t\t\t\t\t<a class=\"fusion-rollover-link\" href=\"https:\/\/www.bisbatdemallorca.org\/ca\/assemblees-ocds-a-avila\/\">Assemblees OCDS a \u00c0vila<\/a>\n\t\t\t\n\t\t\t\t\t\t\t\t\t\t\t\t\t\t\n\t\t\t\t\t\t\t\t\n\t\t\t\t\t\t\t\t\t\t\t\t\t<div class=\"fusion-rollover-sep\"><\/div>\n\t\t\t\t\n\t\t\t\t\t\t\t\t\t\t\t\t\t\t\t\t\t\t<a class=\"fusion-rollover-gallery\" href=\"https:\/\/www.bisbatdemallorca.org\/wp-content\/uploads\/2026\/04\/Assemblees-2026.jpg\" data-options=\"\" data-id=\"32473\" data-rel=\"iLightbox[gallery]\" data-title=\"Assemblees 2026\" data-caption=\"\">\n\t\t\t\t\t\tGallery\t\t\t\t\t<\/a>\n\t\t\t\t\t\t\t\t\t\t\t\t\t\t\n\t\t\n\t\t\t\t\t\t\t\t\t\t\t\t<h4 class=\"fusion-rollover-title\">\n\t\t\t\t\t<a class=\"fusion-rollover-title-link\" href=\"https:\/\/www.bisbatdemallorca.org\/ca\/assemblees-ocds-a-avila\/\">\n\t\t\t\t\t\tAssemblees OCDS a \u00c0vila\t\t\t\t\t<\/a>\n\t\t\t\t<\/h4>\n\t\t\t\n\t\t\t\t\t\t\t\t\t\t<div class=\"fusion-rollover-categories\"><a href=\"https:\/\/www.bisbatdemallorca.org\/ca\/category\/agencia-baleria\/\" rel=\"tag\">Agencia Bal\u00e8ria<\/a><\/div>\t\t\t\t\t\n\t\t\n\t\t\t\t\t\t<a class=\"fusion-link-wrapper\" href=\"https:\/\/www.bisbatdemallorca.org\/ca\/assemblees-ocds-a-avila\/\" aria-label=\"Assemblees OCDS a \u00c0vila\"><\/a>\n\t<\/div>\n<\/div>\n<\/div>\n<\/li>\n\t\t\t\n\t\t\t\n\t\t\t\t\t\t\t\t\t\t\t\t\t\t\t\t\t\t\t\t\t\t\t\t\t\t\t\t\t\t\t\t\t\t\t\t\t\t\t\t\t\t\t\t\t\t\t\t\t\t\t\t\t\t\t\t\t\t\t\t\t\t\t\t\t\t\t\t<\/ul>\n\t<\/div>\n\t<div class=\"fusion-post-content post-content\"><h2 class=\"blog-shortcode-post-title entry-title\"><a href=\"https:\/\/www.bisbatdemallorca.org\/ca\/assemblees-ocds-a-avila\/\">Assemblees OCDS a \u00c0vila<\/a><\/h2><div class=\"fusion-post-content-container\"><p>El proppassat 11 d\u2019abril se celebraren al Centre Internacional Teresi\u00e0 Santjoanista (CITES) d\u2019\u00c0vila les IV assemblees ordin\u00e0ria i extraordin\u00e0ria de l\u2019Orde Carmelita Descal\u00e7 Seglar de la Prov\u00edncia Ib\u00e8rica de Santa Teresa de Jes\u00fas. La Zona de Sant Josep, corresponent a Catalunya i les Illes Balears, fou representada a l\u2019assemblea ordin\u00e0ria [...]<\/p><\/div><\/div><div class=\"fusion-clearfix\"><\/div><\/article>\n<article id=\"blog-1-post-32467\" class=\"fusion-post-medium post-32467 post type-post status-publish format-standard has-post-thumbnail hentry category-agencia-baleria tag-sencelles\">\n\t<style type=\"text\/css\">\n\t\t\n\t\t\n\t\t\n\t\t\n\t\t\t<\/style>\n\n\n\t\t\t<div class=\"fusion-flexslider flexslider fusion-flexslider-loading fusion-post-slideshow\" style=\"\">\n\t\t<ul class=\"slides\">\n\t\t\t\n\t\t\t\t\t\t\t\t\t\t\t\t\t\t<li><div  class=\"fusion-image-wrapper fusion-image-size-fixed\" aria-haspopup=\"true\">\n\t\t\t\t<img decoding=\"async\" width=\"320\" height=\"202\" src=\"https:\/\/www.bisbatdemallorca.org\/wp-content\/uploads\/2026\/04\/WhatsApp-Image-2026-04-20-at-14.20.03-1-320x202.jpeg\" class=\"attachment-blog-medium size-blog-medium wp-post-image\" alt=\"\" srcset=\"https:\/\/www.bisbatdemallorca.org\/wp-content\/uploads\/2026\/04\/WhatsApp-Image-2026-04-20-at-14.20.03-1-320x202.jpeg 320w, https:\/\/www.bisbatdemallorca.org\/wp-content\/uploads\/2026\/04\/WhatsApp-Image-2026-04-20-at-14.20.03-1-700x441.jpeg 700w\" sizes=\"(max-width: 320px) 100vw, 320px\" \/><div class=\"fusion-rollover\">\n\t<div class=\"fusion-rollover-content\">\n\n\t\t\t\t\t\t\t\t\t\t\t\t\t\t<a class=\"fusion-rollover-link\" href=\"https:\/\/www.bisbatdemallorca.org\/ca\/festa-de-langel-a-sencelles\/\">Festa de l&#8217;\u00c0ngel a Sencelles<\/a>\n\t\t\t\n\t\t\t\t\t\t\t\t\t\t\t\t\t\t\n\t\t\t\t\t\t\t\t\n\t\t\t\t\t\t\t\t\t\t\t\t\t<div class=\"fusion-rollover-sep\"><\/div>\n\t\t\t\t\n\t\t\t\t\t\t\t\t\t\t\t\t\t\t\t\t\t\t<a class=\"fusion-rollover-gallery\" href=\"https:\/\/www.bisbatdemallorca.org\/wp-content\/uploads\/2026\/04\/WhatsApp-Image-2026-04-20-at-14.20.03-1.jpeg\" data-options=\"\" data-id=\"32467\" data-rel=\"iLightbox[gallery]\" data-title=\"WhatsApp Image 2026-04-20 at 14.20.03 (1)\" data-caption=\"\">\n\t\t\t\t\t\tGallery\t\t\t\t\t<\/a>\n\t\t\t\t\t\t\t\t\t\t\t\t\t\t\n\t\t\n\t\t\t\t\t\t\t\t\t\t\t\t<h4 class=\"fusion-rollover-title\">\n\t\t\t\t\t<a class=\"fusion-rollover-title-link\" href=\"https:\/\/www.bisbatdemallorca.org\/ca\/festa-de-langel-a-sencelles\/\">\n\t\t\t\t\t\tFesta de l&#8217;\u00c0ngel a Sencelles\t\t\t\t\t<\/a>\n\t\t\t\t<\/h4>\n\t\t\t\n\t\t\t\t\t\t\t\t\t\t<div class=\"fusion-rollover-categories\"><a href=\"https:\/\/www.bisbatdemallorca.org\/ca\/category\/agencia-baleria\/\" rel=\"tag\">Agencia Bal\u00e8ria<\/a><\/div>\t\t\t\t\t\n\t\t\n\t\t\t\t\t\t<a class=\"fusion-link-wrapper\" href=\"https:\/\/www.bisbatdemallorca.org\/ca\/festa-de-langel-a-sencelles\/\" aria-label=\"Festa de l&#8217;\u00c0ngel a Sencelles\"><\/a>\n\t<\/div>\n<\/div>\n<\/div>\n<\/li>\n\t\t\t\n\t\t\t\n\t\t\t\t\t\t\t\t\t\t\t\n\t\t\t\t\t\n\t\t\t\t\t\t\t\t\t\t\t<li>\n\t\t\t\t\t\t\t<div class=\"fusion-image-wrapper\">\n\t\t\t\t\t\t\t\t<a href=\"https:\/\/www.bisbatdemallorca.org\/ca\/festa-de-langel-a-sencelles\/\" aria-label=\"Festa de l&#8217;\u00c0ngel a Sencelles\">\n\t\t\t\t\t\t\t\t\t<img decoding=\"async\" width=\"320\" height=\"202\" src=\"https:\/\/www.bisbatdemallorca.org\/wp-content\/uploads\/2026\/04\/WhatsApp-Image-2026-04-20-at-14.20.03-320x202.jpeg\" alt=\"\" class=\"wp-image-32469\" role=\"presentation\" srcset=\"https:\/\/www.bisbatdemallorca.org\/wp-content\/uploads\/2026\/04\/WhatsApp-Image-2026-04-20-at-14.20.03-320x202.jpeg 320w, https:\/\/www.bisbatdemallorca.org\/wp-content\/uploads\/2026\/04\/WhatsApp-Image-2026-04-20-at-14.20.03-700x441.jpeg 700w\" sizes=\"(max-width: 320px) 100vw, 320px\" \/>\t\t\t\t\t\t\t\t<\/a>\n\t\t\t\t\t\t\t\t<a style=\"display:none;\" href=\"https:\/\/www.bisbatdemallorca.org\/wp-content\/uploads\/2026\/04\/WhatsApp-Image-2026-04-20-at-14.20.03.jpeg\" data-rel=\"iLightbox[gallery32467]\"  title=\"\" data-title=\"WhatsApp Image 2026-04-20 at 14.20.03\" data-caption=\"\">\n\t\t\t\t\t\t\t\t\t\t\t\t\t\t\t\t\t<\/a>\n\t\t\t\t\t\t\t<\/div>\n\t\t\t\t\t\t<\/li>\n\t\t\t\t\t\t\t\t\t\t\t\t\t\t\t\t\t\t\t\t\t\t\t\t\t\t\t\t\t\t\t\t\t\t\t\t\t\t\t\t\t\t\t\t\t\t\t\t\t\t\t\t\t\t\t\t\t\t\t\t\t\t\t\t\t\t<\/ul>\n\t<\/div>\n\t<div class=\"fusion-post-content post-content\"><h2 class=\"blog-shortcode-post-title entry-title\"><a href=\"https:\/\/www.bisbatdemallorca.org\/ca\/festa-de-langel-a-sencelles\/\">Festa de l&#8217;\u00c0ngel a Sencelles<\/a><\/h2><div class=\"fusion-post-content-container\"><p>Sencelles \u00e9s el poble de la Beata Francinaina i un cop m\u00e9s es demostr\u00e0 com els seus habitants l'estimam i no renunciam ni a un sol \u00e0pex d'all\u00f2 que ens pugui connectar amb ella o ens serveixi per a fer-ne mem\u00f2ria i celebrar-la. D'aquesta manera i a falta d'un santuari [...]<\/p><\/div><\/div><div class=\"fusion-clearfix\"><\/div><\/article>\n<article id=\"blog-1-post-32458\" class=\"fusion-post-medium post-32458 post type-post status-publish format-standard has-post-thumbnail hentry category-agencia-baleria\">\n\t<style type=\"text\/css\">\n\t\t\n\t\t\n\t\t\n\t\t\n\t\t\t<\/style>\n\n\n\t\t\t<div class=\"fusion-flexslider flexslider fusion-flexslider-loading fusion-post-slideshow\" style=\"\">\n\t\t<ul class=\"slides\">\n\t\t\t\n\t\t\t\t\t\t\t\t\t\t\t\t\t\t<li><div  class=\"fusion-image-wrapper fusion-image-size-fixed\" aria-haspopup=\"true\">\n\t\t\t\t<img decoding=\"async\" width=\"320\" height=\"202\" src=\"https:\/\/www.bisbatdemallorca.org\/wp-content\/uploads\/2026\/04\/Trobada-Vida-Creixent-Sa-Pobla-6-320x202.jpg\" class=\"attachment-blog-medium size-blog-medium wp-post-image\" alt=\"\" srcset=\"https:\/\/www.bisbatdemallorca.org\/wp-content\/uploads\/2026\/04\/Trobada-Vida-Creixent-Sa-Pobla-6-320x202.jpg 320w, https:\/\/www.bisbatdemallorca.org\/wp-content\/uploads\/2026\/04\/Trobada-Vida-Creixent-Sa-Pobla-6-700x441.jpg 700w\" sizes=\"(max-width: 320px) 100vw, 320px\" \/><div class=\"fusion-rollover\">\n\t<div class=\"fusion-rollover-content\">\n\n\t\t\t\t\t\t\t\t\t\t\t\t\t\t<a class=\"fusion-rollover-link\" href=\"https:\/\/www.bisbatdemallorca.org\/ca\/trobada-de-vida-creixent\/\">Trobada de Vida Creixent<\/a>\n\t\t\t\n\t\t\t\t\t\t\t\t\t\t\t\t\t\t\n\t\t\t\t\t\t\t\t\n\t\t\t\t\t\t\t\t\t\t\t\t\t<div class=\"fusion-rollover-sep\"><\/div>\n\t\t\t\t\n\t\t\t\t\t\t\t\t\t\t\t\t\t\t\t\t\t\t<a class=\"fusion-rollover-gallery\" href=\"https:\/\/www.bisbatdemallorca.org\/wp-content\/uploads\/2026\/04\/Trobada-Vida-Creixent-Sa-Pobla-6.jpg\" data-options=\"\" data-id=\"32458\" data-rel=\"iLightbox[gallery]\" data-title=\"Trobada Vida Creixent Sa Pobla 6\" data-caption=\"\">\n\t\t\t\t\t\tGallery\t\t\t\t\t<\/a>\n\t\t\t\t\t\t\t\t\t\t\t\t\t\t\n\t\t\n\t\t\t\t\t\t\t\t\t\t\t\t<h4 class=\"fusion-rollover-title\">\n\t\t\t\t\t<a class=\"fusion-rollover-title-link\" href=\"https:\/\/www.bisbatdemallorca.org\/ca\/trobada-de-vida-creixent\/\">\n\t\t\t\t\t\tTrobada de Vida Creixent\t\t\t\t\t<\/a>\n\t\t\t\t<\/h4>\n\t\t\t\n\t\t\t\t\t\t\t\t\t\t<div class=\"fusion-rollover-categories\"><a href=\"https:\/\/www.bisbatdemallorca.org\/ca\/category\/agencia-baleria\/\" rel=\"tag\">Agencia Bal\u00e8ria<\/a><\/div>\t\t\t\t\t\n\t\t\n\t\t\t\t\t\t<a class=\"fusion-link-wrapper\" href=\"https:\/\/www.bisbatdemallorca.org\/ca\/trobada-de-vida-creixent\/\" aria-label=\"Trobada de Vida Creixent\"><\/a>\n\t<\/div>\n<\/div>\n<\/div>\n<\/li>\n\t\t\t\n\t\t\t\n\t\t\t\t\t\t\t\t\t\t\t\n\t\t\t\t\t\n\t\t\t\t\t\t\t\t\t\t\t<li>\n\t\t\t\t\t\t\t<div class=\"fusion-image-wrapper\">\n\t\t\t\t\t\t\t\t<a href=\"https:\/\/www.bisbatdemallorca.org\/ca\/trobada-de-vida-creixent\/\" aria-label=\"Trobada de Vida Creixent\">\n\t\t\t\t\t\t\t\t\t<img decoding=\"async\" width=\"320\" height=\"202\" src=\"https:\/\/www.bisbatdemallorca.org\/wp-content\/uploads\/2026\/04\/Trobada-Vida-Creixent-Sa-PObla-5-320x202.jpg\" alt=\"\" class=\"wp-image-32461\" role=\"presentation\" srcset=\"https:\/\/www.bisbatdemallorca.org\/wp-content\/uploads\/2026\/04\/Trobada-Vida-Creixent-Sa-PObla-5-320x202.jpg 320w, https:\/\/www.bisbatdemallorca.org\/wp-content\/uploads\/2026\/04\/Trobada-Vida-Creixent-Sa-PObla-5-700x441.jpg 700w\" sizes=\"(max-width: 320px) 100vw, 320px\" \/>\t\t\t\t\t\t\t\t<\/a>\n\t\t\t\t\t\t\t\t<a style=\"display:none;\" href=\"https:\/\/www.bisbatdemallorca.org\/wp-content\/uploads\/2026\/04\/Trobada-Vida-Creixent-Sa-PObla-5.jpg\" data-rel=\"iLightbox[gallery32458]\"  title=\"\" data-title=\"Trobada Vida Creixent Sa PObla 5\" data-caption=\"\">\n\t\t\t\t\t\t\t\t\t\t\t\t\t\t\t\t\t<\/a>\n\t\t\t\t\t\t\t<\/div>\n\t\t\t\t\t\t<\/li>\n\t\t\t\t\t\t\t\t\t\t\t\t\t\t\t\t\t\t\t\t\t\t\t\t\n\t\t\t\t\t\n\t\t\t\t\t\t\t\t\t\t\t<li>\n\t\t\t\t\t\t\t<div class=\"fusion-image-wrapper\">\n\t\t\t\t\t\t\t\t<a href=\"https:\/\/www.bisbatdemallorca.org\/ca\/trobada-de-vida-creixent\/\" aria-label=\"Trobada de Vida Creixent\">\n\t\t\t\t\t\t\t\t\t<img decoding=\"async\" width=\"320\" height=\"202\" src=\"https:\/\/www.bisbatdemallorca.org\/wp-content\/uploads\/2026\/04\/Trobada-Vida-Creixent-Sa-Pobla-3-320x202.jpg\" alt=\"\" class=\"wp-image-32460\" role=\"presentation\" srcset=\"https:\/\/www.bisbatdemallorca.org\/wp-content\/uploads\/2026\/04\/Trobada-Vida-Creixent-Sa-Pobla-3-320x202.jpg 320w, https:\/\/www.bisbatdemallorca.org\/wp-content\/uploads\/2026\/04\/Trobada-Vida-Creixent-Sa-Pobla-3-700x441.jpg 700w\" sizes=\"(max-width: 320px) 100vw, 320px\" \/>\t\t\t\t\t\t\t\t<\/a>\n\t\t\t\t\t\t\t\t<a style=\"display:none;\" href=\"https:\/\/www.bisbatdemallorca.org\/wp-content\/uploads\/2026\/04\/Trobada-Vida-Creixent-Sa-Pobla-3.jpg\" data-rel=\"iLightbox[gallery32458]\"  title=\"\" data-title=\"Trobada Vida Creixent Sa Pobla 3\" data-caption=\"\">\n\t\t\t\t\t\t\t\t\t\t\t\t\t\t\t\t\t<\/a>\n\t\t\t\t\t\t\t<\/div>\n\t\t\t\t\t\t<\/li>\n\t\t\t\t\t\t\t\t\t\t\t\t\t\t\t\t\t\t\t\t\t\t\t\t\n\t\t\t\t\t\n\t\t\t\t\t\t\t\t\t\t\t<li>\n\t\t\t\t\t\t\t<div class=\"fusion-image-wrapper\">\n\t\t\t\t\t\t\t\t<a href=\"https:\/\/www.bisbatdemallorca.org\/ca\/trobada-de-vida-creixent\/\" aria-label=\"Trobada de Vida Creixent\">\n\t\t\t\t\t\t\t\t\t<img decoding=\"async\" width=\"320\" height=\"202\" src=\"https:\/\/www.bisbatdemallorca.org\/wp-content\/uploads\/2026\/04\/Todaba-Vida-Creixent-Sa-Pobla-2-320x202.jpg\" alt=\"\" class=\"wp-image-32459\" role=\"presentation\" srcset=\"https:\/\/www.bisbatdemallorca.org\/wp-content\/uploads\/2026\/04\/Todaba-Vida-Creixent-Sa-Pobla-2-320x202.jpg 320w, https:\/\/www.bisbatdemallorca.org\/wp-content\/uploads\/2026\/04\/Todaba-Vida-Creixent-Sa-Pobla-2-700x441.jpg 700w\" sizes=\"(max-width: 320px) 100vw, 320px\" \/>\t\t\t\t\t\t\t\t<\/a>\n\t\t\t\t\t\t\t\t<a style=\"display:none;\" href=\"https:\/\/www.bisbatdemallorca.org\/wp-content\/uploads\/2026\/04\/Todaba-Vida-Creixent-Sa-Pobla-2.jpg\" data-rel=\"iLightbox[gallery32458]\"  title=\"\" data-title=\"Todaba Vida Creixent Sa Pobla 2\" data-caption=\"\">\n\t\t\t\t\t\t\t\t\t\t\t\t\t\t\t\t\t<\/a>\n\t\t\t\t\t\t\t<\/div>\n\t\t\t\t\t\t<\/li>\n\t\t\t\t\t\t\t\t\t\t\t\t\t\t\t\t\t\t\t\t\t\t\t\t\n\t\t\t\t\t\n\t\t\t\t\t\t\t\t\t\t\t<li>\n\t\t\t\t\t\t\t<div class=\"fusion-image-wrapper\">\n\t\t\t\t\t\t\t\t<a href=\"https:\/\/www.bisbatdemallorca.org\/ca\/trobada-de-vida-creixent\/\" aria-label=\"Trobada de Vida Creixent\">\n\t\t\t\t\t\t\t\t\t<img decoding=\"async\" width=\"320\" height=\"202\" src=\"https:\/\/www.bisbatdemallorca.org\/wp-content\/uploads\/2026\/04\/Trobada-Vida-Creixent-Saa-Pobla-1-320x202.jpg\" alt=\"\" class=\"wp-image-32463\" role=\"presentation\" srcset=\"https:\/\/www.bisbatdemallorca.org\/wp-content\/uploads\/2026\/04\/Trobada-Vida-Creixent-Saa-Pobla-1-320x202.jpg 320w, https:\/\/www.bisbatdemallorca.org\/wp-content\/uploads\/2026\/04\/Trobada-Vida-Creixent-Saa-Pobla-1-700x441.jpg 700w\" sizes=\"(max-width: 320px) 100vw, 320px\" \/>\t\t\t\t\t\t\t\t<\/a>\n\t\t\t\t\t\t\t\t<a style=\"display:none;\" href=\"https:\/\/www.bisbatdemallorca.org\/wp-content\/uploads\/2026\/04\/Trobada-Vida-Creixent-Saa-Pobla-1.jpg\" data-rel=\"iLightbox[gallery32458]\"  title=\"\" data-title=\"Trobada Vida Creixent Saa Pobla 1\" data-caption=\"\">\n\t\t\t\t\t\t\t\t\t\t\t\t\t\t\t\t\t<\/a>\n\t\t\t\t\t\t\t<\/div>\n\t\t\t\t\t\t<\/li>\n\t\t\t\t\t\t\t\t\t\t\t\t\t\t\t\t\t\t\t\t\t<\/ul>\n\t<\/div>\n\t<div class=\"fusion-post-content post-content\"><h2 class=\"blog-shortcode-post-title entry-title\"><a href=\"https:\/\/www.bisbatdemallorca.org\/ca\/trobada-de-vida-creixent\/\">Trobada de Vida Creixent<\/a><\/h2><div class=\"fusion-post-content-container\"><p>Dijous 23 d\u2019abril, els animadors de Vida Creixent es reuniren a sa Pobla, com a reuni\u00f3 establerta des del principi de curs. Despr\u00e9s de les paraules de benvinguda i d\u2019encoratjament de la presidenta, Catalina Moll, el consiliari acab\u00e0 d\u2019explicar el tema sobre la vida, des del principi fins al final, [...]<\/p><\/div><\/div><div class=\"fusion-clearfix\"><\/div><\/article>\n<article id=\"blog-1-post-32453\" class=\"fusion-post-medium post-32453 post type-post status-publish format-standard has-post-thumbnail hentry category-agencia-baleria\">\n\t<style type=\"text\/css\">\n\t\t\n\t\t\n\t\t\n\t\t\n\t\t\t<\/style>\n\n\n\t\t\t<div class=\"fusion-flexslider flexslider fusion-flexslider-loading fusion-post-slideshow\" style=\"\">\n\t\t<ul class=\"slides\">\n\t\t\t\n\t\t\t\t\t\t\t\t\t\t\t\t\t\t<li><div  class=\"fusion-image-wrapper fusion-image-size-fixed\" aria-haspopup=\"true\">\n\t\t\t\t<img decoding=\"async\" width=\"320\" height=\"202\" src=\"https:\/\/www.bisbatdemallorca.org\/wp-content\/uploads\/2026\/04\/WhatsApp-Image-2026-04-20-at-14.39.54-320x202.jpeg\" class=\"attachment-blog-medium size-blog-medium wp-post-image\" alt=\"\" srcset=\"https:\/\/www.bisbatdemallorca.org\/wp-content\/uploads\/2026\/04\/WhatsApp-Image-2026-04-20-at-14.39.54-320x202.jpeg 320w, https:\/\/www.bisbatdemallorca.org\/wp-content\/uploads\/2026\/04\/WhatsApp-Image-2026-04-20-at-14.39.54-700x441.jpeg 700w\" sizes=\"(max-width: 320px) 100vw, 320px\" \/><div class=\"fusion-rollover\">\n\t<div class=\"fusion-rollover-content\">\n\n\t\t\t\t\t\t\t\t\t\t\t\t\t\t<a class=\"fusion-rollover-link\" href=\"https:\/\/www.bisbatdemallorca.org\/ca\/festa-de-santa-maria-de-la-panada\/\">Festa de Santa Maria de la Panada<\/a>\n\t\t\t\n\t\t\t\t\t\t\t\t\t\t\t\t\t\t\n\t\t\t\t\t\t\t\t\n\t\t\t\t\t\t\t\t\t\t\t\t\t<div class=\"fusion-rollover-sep\"><\/div>\n\t\t\t\t\n\t\t\t\t\t\t\t\t\t\t\t\t\t\t\t\t\t\t<a class=\"fusion-rollover-gallery\" href=\"https:\/\/www.bisbatdemallorca.org\/wp-content\/uploads\/2026\/04\/WhatsApp-Image-2026-04-20-at-14.39.54.jpeg\" data-options=\"\" data-id=\"32453\" data-rel=\"iLightbox[gallery]\" data-title=\"WhatsApp Image 2026-04-20 at 14.39.54\" data-caption=\"\">\n\t\t\t\t\t\tGallery\t\t\t\t\t<\/a>\n\t\t\t\t\t\t\t\t\t\t\t\t\t\t\n\t\t\n\t\t\t\t\t\t\t\t\t\t\t\t<h4 class=\"fusion-rollover-title\">\n\t\t\t\t\t<a class=\"fusion-rollover-title-link\" href=\"https:\/\/www.bisbatdemallorca.org\/ca\/festa-de-santa-maria-de-la-panada\/\">\n\t\t\t\t\t\tFesta de Santa Maria de la Panada\t\t\t\t\t<\/a>\n\t\t\t\t<\/h4>\n\t\t\t\n\t\t\t\t\t\t\t\t\t\t<div class=\"fusion-rollover-categories\"><a href=\"https:\/\/www.bisbatdemallorca.org\/ca\/category\/agencia-baleria\/\" rel=\"tag\">Agencia Bal\u00e8ria<\/a><\/div>\t\t\t\t\t\n\t\t\n\t\t\t\t\t\t<a class=\"fusion-link-wrapper\" href=\"https:\/\/www.bisbatdemallorca.org\/ca\/festa-de-santa-maria-de-la-panada\/\" aria-label=\"Festa de Santa Maria de la Panada\"><\/a>\n\t<\/div>\n<\/div>\n<\/div>\n<\/li>\n\t\t\t\n\t\t\t\n\t\t\t\t\t\t\t\t\t\t\t\t\t\t\t\t\t\t\t\t\t\t\t\t\t\t\t\t\t\t\t\t\t\t\t\t\t\t\t\t\t\t\t\t\t\t\t\t\t\t\t\t\t\t\t\t\t\t\t\t\t\t\t\t\t\t\t\t<\/ul>\n\t<\/div>\n\t<div class=\"fusion-post-content post-content\"><h2 class=\"blog-shortcode-post-title entry-title\"><a href=\"https:\/\/www.bisbatdemallorca.org\/ca\/festa-de-santa-maria-de-la-panada\/\">Festa de Santa Maria de la Panada<\/a><\/h2><div class=\"fusion-post-content-container\"><p>Un any m\u00e9s l\u2019ermita de Sant Honorat del puig de Randa, acoll\u00ed la festa de Santa Maria de la Panada. Aquesta sempre s\u2019escau en el tercer diumenge del temps pasqual, per tant, aquest cop el 19 d\u2019abril proppassat. Novament el recinte s\u2019ompl\u00ed de gent que hi puj\u00e0 amb l\u2019objectiu de [...]<\/p><\/div><\/div><div class=\"fusion-clearfix\"><\/div><\/article>\n<article id=\"blog-1-post-32447\" class=\"fusion-post-medium post-32447 post type-post status-publish format-standard has-post-thumbnail hentry category-agencia-baleria\">\n\t<style type=\"text\/css\">\n\t\t\n\t\t\n\t\t\n\t\t\n\t\t\t<\/style>\n\n\n\t\t\t<div class=\"fusion-flexslider flexslider fusion-flexslider-loading fusion-post-slideshow\" style=\"\">\n\t\t<ul class=\"slides\">\n\t\t\t\n\t\t\t\t\t\t\t\t\t\t\t\t\t\t<li><div  class=\"fusion-image-wrapper fusion-image-size-fixed\" aria-haspopup=\"true\">\n\t\t\t\t<img decoding=\"async\" width=\"320\" height=\"202\" src=\"https:\/\/www.bisbatdemallorca.org\/wp-content\/uploads\/2026\/04\/F-13-320x202.jpg\" class=\"attachment-blog-medium size-blog-medium wp-post-image\" alt=\"\" srcset=\"https:\/\/www.bisbatdemallorca.org\/wp-content\/uploads\/2026\/04\/F-13-320x202.jpg 320w, https:\/\/www.bisbatdemallorca.org\/wp-content\/uploads\/2026\/04\/F-13-700x441.jpg 700w\" sizes=\"(max-width: 320px) 100vw, 320px\" \/><div class=\"fusion-rollover\">\n\t<div class=\"fusion-rollover-content\">\n\n\t\t\t\t\t\t\t\t\t\t\t\t\t\t<a class=\"fusion-rollover-link\" href=\"https:\/\/www.bisbatdemallorca.org\/ca\/nova-priora-al-monestir-de-santa-maria-magdalena\/\">Nova priora al Monestir de Santa Maria Magdalena<\/a>\n\t\t\t\n\t\t\t\t\t\t\t\t\t\t\t\t\t\t\n\t\t\t\t\t\t\t\t\n\t\t\t\t\t\t\t\t\t\t\t\t\t<div class=\"fusion-rollover-sep\"><\/div>\n\t\t\t\t\n\t\t\t\t\t\t\t\t\t\t\t\t\t\t\t\t\t\t<a class=\"fusion-rollover-gallery\" href=\"https:\/\/www.bisbatdemallorca.org\/wp-content\/uploads\/2026\/04\/F-13-scaled.jpg\" data-options=\"\" data-id=\"32447\" data-rel=\"iLightbox[gallery]\" data-title=\"F-13\" data-caption=\"\">\n\t\t\t\t\t\tGallery\t\t\t\t\t<\/a>\n\t\t\t\t\t\t\t\t\t\t\t\t\t\t\n\t\t\n\t\t\t\t\t\t\t\t\t\t\t\t<h4 class=\"fusion-rollover-title\">\n\t\t\t\t\t<a class=\"fusion-rollover-title-link\" href=\"https:\/\/www.bisbatdemallorca.org\/ca\/nova-priora-al-monestir-de-santa-maria-magdalena\/\">\n\t\t\t\t\t\tNova priora al Monestir de Santa Maria Magdalena\t\t\t\t\t<\/a>\n\t\t\t\t<\/h4>\n\t\t\t\n\t\t\t\t\t\t\t\t\t\t<div class=\"fusion-rollover-categories\"><a href=\"https:\/\/www.bisbatdemallorca.org\/ca\/category\/agencia-baleria\/\" rel=\"tag\">Agencia Bal\u00e8ria<\/a><\/div>\t\t\t\t\t\n\t\t\n\t\t\t\t\t\t<a class=\"fusion-link-wrapper\" href=\"https:\/\/www.bisbatdemallorca.org\/ca\/nova-priora-al-monestir-de-santa-maria-magdalena\/\" aria-label=\"Nova priora al Monestir de Santa Maria Magdalena\"><\/a>\n\t<\/div>\n<\/div>\n<\/div>\n<\/li>\n\t\t\t\n\t\t\t\n\t\t\t\t\t\t\t\t\t\t\t\n\t\t\t\t\t\n\t\t\t\t\t\t\t\t\t\t\t<li>\n\t\t\t\t\t\t\t<div class=\"fusion-image-wrapper\">\n\t\t\t\t\t\t\t\t<a href=\"https:\/\/www.bisbatdemallorca.org\/ca\/nova-priora-al-monestir-de-santa-maria-magdalena\/\" aria-label=\"Nova priora al Monestir de Santa Maria Magdalena\">\n\t\t\t\t\t\t\t\t\t<img decoding=\"async\" width=\"320\" height=\"202\" src=\"https:\/\/www.bisbatdemallorca.org\/wp-content\/uploads\/2026\/04\/Monasterio_017-320x202.jpg\" alt=\"\" class=\"wp-image-32449\" role=\"presentation\" srcset=\"https:\/\/www.bisbatdemallorca.org\/wp-content\/uploads\/2026\/04\/Monasterio_017-320x202.jpg 320w, https:\/\/www.bisbatdemallorca.org\/wp-content\/uploads\/2026\/04\/Monasterio_017-700x441.jpg 700w\" sizes=\"(max-width: 320px) 100vw, 320px\" \/>\t\t\t\t\t\t\t\t<\/a>\n\t\t\t\t\t\t\t\t<a style=\"display:none;\" href=\"https:\/\/www.bisbatdemallorca.org\/wp-content\/uploads\/2026\/04\/Monasterio_017.jpg\" data-rel=\"iLightbox[gallery32447]\"  title=\"Monasterio de Santa Magdalena\" data-title=\"Monasterio de Santa Magdalena\" data-caption=\"Monasterio de Santa Magdalena\">\n\t\t\t\t\t\t\t\t\t\t\t\t\t\t\t\t\t<\/a>\n\t\t\t\t\t\t\t<\/div>\n\t\t\t\t\t\t<\/li>\n\t\t\t\t\t\t\t\t\t\t\t\t\t\t\t\t\t\t\t\t\t\t\t\t\t\t\t\t\t\t\t\t\t\t\t\t\t\t\t\t\t\t\t\t\t\t\t\t\t\t\t\t\t\t\t\t\t\t\t\t\t\t\t\t\t\t<\/ul>\n\t<\/div>\n\t<div class=\"fusion-post-content post-content\"><h2 class=\"blog-shortcode-post-title entry-title\"><a href=\"https:\/\/www.bisbatdemallorca.org\/ca\/nova-priora-al-monestir-de-santa-maria-magdalena\/\">Nova priora al Monestir de Santa Maria Magdalena<\/a><\/h2><div class=\"fusion-post-content-container\"><p>El proppassat dia 3 de desembre de 2025 la Comunitat de Canongesses Regulars de Sant Agust\u00ed, del Monestir de Santa Maria Magdalena, celebr\u00e0 Cap\u00edtol electiu, essent elegida priora per al proper trienni Sor Margalida Vict\u00f2ria Bruno Morell. Presid\u00ed l\u2019elecci\u00f3 Mons. Sebasti\u00e0 Taltavull, bisbe de Mallorca, actuant com a secretari del [...]<\/p><\/div><\/div><div class=\"fusion-clearfix\"><\/div><\/article>\n<article id=\"blog-1-post-32439\" class=\"fusion-post-medium post-32439 post type-post status-publish format-standard has-post-thumbnail hentry category-agencia-baleria\">\n\t<style type=\"text\/css\">\n\t\t\n\t\t\n\t\t\n\t\t\n\t\t\t<\/style>\n\n\n\t\t\t<div class=\"fusion-flexslider flexslider fusion-flexslider-loading fusion-post-slideshow\" style=\"\">\n\t\t<ul class=\"slides\">\n\t\t\t\n\t\t\t\t\t\t\t\t\t\t\t\t\t\t<li><div  class=\"fusion-image-wrapper fusion-image-size-fixed\" aria-haspopup=\"true\">\n\t\t\t\t<img decoding=\"async\" width=\"320\" height=\"202\" src=\"https:\/\/www.bisbatdemallorca.org\/wp-content\/uploads\/2026\/04\/WhatsApp-Image-2026-04-20-at-14.16.23-320x202.jpeg\" class=\"attachment-blog-medium size-blog-medium wp-post-image\" alt=\"\" srcset=\"https:\/\/www.bisbatdemallorca.org\/wp-content\/uploads\/2026\/04\/WhatsApp-Image-2026-04-20-at-14.16.23-320x202.jpeg 320w, https:\/\/www.bisbatdemallorca.org\/wp-content\/uploads\/2026\/04\/WhatsApp-Image-2026-04-20-at-14.16.23-700x441.jpeg 700w\" sizes=\"(max-width: 320px) 100vw, 320px\" \/><div class=\"fusion-rollover\">\n\t<div class=\"fusion-rollover-content\">\n\n\t\t\t\t\t\t\t\t\t\t\t\t\t\t<a class=\"fusion-rollover-link\" href=\"https:\/\/www.bisbatdemallorca.org\/ca\/trobada-formativa-de-la-familia-franciscana\/\">Trobada formativa de la Fam\u00edlia Franciscana<\/a>\n\t\t\t\n\t\t\t\t\t\t\t\t\t\t\t\t\t\t\n\t\t\t\t\t\t\t\t\n\t\t\t\t\t\t\t\t\t\t\t\t\t<div class=\"fusion-rollover-sep\"><\/div>\n\t\t\t\t\n\t\t\t\t\t\t\t\t\t\t\t\t\t\t\t\t\t\t<a class=\"fusion-rollover-gallery\" href=\"https:\/\/www.bisbatdemallorca.org\/wp-content\/uploads\/2026\/04\/WhatsApp-Image-2026-04-20-at-14.16.23.jpeg\" data-options=\"\" data-id=\"32439\" data-rel=\"iLightbox[gallery]\" data-title=\"WhatsApp Image 2026-04-20 at 14.16.23\" data-caption=\"\">\n\t\t\t\t\t\tGallery\t\t\t\t\t<\/a>\n\t\t\t\t\t\t\t\t\t\t\t\t\t\t\n\t\t\n\t\t\t\t\t\t\t\t\t\t\t\t<h4 class=\"fusion-rollover-title\">\n\t\t\t\t\t<a class=\"fusion-rollover-title-link\" href=\"https:\/\/www.bisbatdemallorca.org\/ca\/trobada-formativa-de-la-familia-franciscana\/\">\n\t\t\t\t\t\tTrobada formativa de la Fam\u00edlia Franciscana\t\t\t\t\t<\/a>\n\t\t\t\t<\/h4>\n\t\t\t\n\t\t\t\t\t\t\t\t\t\t<div class=\"fusion-rollover-categories\"><a href=\"https:\/\/www.bisbatdemallorca.org\/ca\/category\/agencia-baleria\/\" rel=\"tag\">Agencia Bal\u00e8ria<\/a><\/div>\t\t\t\t\t\n\t\t\n\t\t\t\t\t\t<a class=\"fusion-link-wrapper\" href=\"https:\/\/www.bisbatdemallorca.org\/ca\/trobada-formativa-de-la-familia-franciscana\/\" aria-label=\"Trobada formativa de la Fam\u00edlia Franciscana\"><\/a>\n\t<\/div>\n<\/div>\n<\/div>\n<\/li>\n\t\t\t\n\t\t\t\n\t\t\t\t\t\t\t\t\t\t\t\n\t\t\t\t\t\n\t\t\t\t\t\t\t\t\t\t\t<li>\n\t\t\t\t\t\t\t<div class=\"fusion-image-wrapper\">\n\t\t\t\t\t\t\t\t<a href=\"https:\/\/www.bisbatdemallorca.org\/ca\/trobada-formativa-de-la-familia-franciscana\/\" aria-label=\"Trobada formativa de la Fam\u00edlia Franciscana\">\n\t\t\t\t\t\t\t\t\t<img decoding=\"async\" width=\"320\" height=\"202\" src=\"https:\/\/www.bisbatdemallorca.org\/wp-content\/uploads\/2026\/04\/WhatsApp-Image-2026-04-20-at-14.16.23-2-320x202.jpeg\" alt=\"\" class=\"wp-image-32441\" role=\"presentation\" srcset=\"https:\/\/www.bisbatdemallorca.org\/wp-content\/uploads\/2026\/04\/WhatsApp-Image-2026-04-20-at-14.16.23-2-320x202.jpeg 320w, https:\/\/www.bisbatdemallorca.org\/wp-content\/uploads\/2026\/04\/WhatsApp-Image-2026-04-20-at-14.16.23-2-700x441.jpeg 700w\" sizes=\"(max-width: 320px) 100vw, 320px\" \/>\t\t\t\t\t\t\t\t<\/a>\n\t\t\t\t\t\t\t\t<a style=\"display:none;\" href=\"https:\/\/www.bisbatdemallorca.org\/wp-content\/uploads\/2026\/04\/WhatsApp-Image-2026-04-20-at-14.16.23-2.jpeg\" data-rel=\"iLightbox[gallery32439]\"  title=\"\" data-title=\"WhatsApp Image 2026-04-20 at 14.16.23 (2)\" data-caption=\"\">\n\t\t\t\t\t\t\t\t\t\t\t\t\t\t\t\t\t<\/a>\n\t\t\t\t\t\t\t<\/div>\n\t\t\t\t\t\t<\/li>\n\t\t\t\t\t\t\t\t\t\t\t\t\t\t\t\t\t\t\t\t\t\t\t\t\n\t\t\t\t\t\n\t\t\t\t\t\t\t\t\t\t\t<li>\n\t\t\t\t\t\t\t<div class=\"fusion-image-wrapper\">\n\t\t\t\t\t\t\t\t<a href=\"https:\/\/www.bisbatdemallorca.org\/ca\/trobada-formativa-de-la-familia-franciscana\/\" aria-label=\"Trobada formativa de la Fam\u00edlia Franciscana\">\n\t\t\t\t\t\t\t\t\t<img decoding=\"async\" width=\"320\" height=\"202\" src=\"https:\/\/www.bisbatdemallorca.org\/wp-content\/uploads\/2026\/04\/WhatsApp-Image-2026-04-20-at-14.16.23-1-320x202.jpeg\" alt=\"\" class=\"wp-image-32440\" role=\"presentation\" srcset=\"https:\/\/www.bisbatdemallorca.org\/wp-content\/uploads\/2026\/04\/WhatsApp-Image-2026-04-20-at-14.16.23-1-320x202.jpeg 320w, https:\/\/www.bisbatdemallorca.org\/wp-content\/uploads\/2026\/04\/WhatsApp-Image-2026-04-20-at-14.16.23-1-700x441.jpeg 700w\" sizes=\"(max-width: 320px) 100vw, 320px\" \/>\t\t\t\t\t\t\t\t<\/a>\n\t\t\t\t\t\t\t\t<a style=\"display:none;\" href=\"https:\/\/www.bisbatdemallorca.org\/wp-content\/uploads\/2026\/04\/WhatsApp-Image-2026-04-20-at-14.16.23-1.jpeg\" data-rel=\"iLightbox[gallery32439]\"  title=\"\" data-title=\"WhatsApp Image 2026-04-20 at 14.16.23 (1)\" data-caption=\"\">\n\t\t\t\t\t\t\t\t\t\t\t\t\t\t\t\t\t<\/a>\n\t\t\t\t\t\t\t<\/div>\n\t\t\t\t\t\t<\/li>\n\t\t\t\t\t\t\t\t\t\t\t\t\t\t\t\t\t\t\t\t\t\t\t\t\n\t\t\t\t\t\n\t\t\t\t\t\t\t\t\t\t\t<li>\n\t\t\t\t\t\t\t<div class=\"fusion-image-wrapper\">\n\t\t\t\t\t\t\t\t<a href=\"https:\/\/www.bisbatdemallorca.org\/ca\/trobada-formativa-de-la-familia-franciscana\/\" aria-label=\"Trobada formativa de la Fam\u00edlia Franciscana\">\n\t\t\t\t\t\t\t\t\t<img decoding=\"async\" width=\"320\" height=\"202\" src=\"https:\/\/www.bisbatdemallorca.org\/wp-content\/uploads\/2026\/04\/WhatsApp-Image-2026-04-20-at-14.16.24-320x202.jpeg\" alt=\"\" class=\"wp-image-32443\" role=\"presentation\" srcset=\"https:\/\/www.bisbatdemallorca.org\/wp-content\/uploads\/2026\/04\/WhatsApp-Image-2026-04-20-at-14.16.24-320x202.jpeg 320w, https:\/\/www.bisbatdemallorca.org\/wp-content\/uploads\/2026\/04\/WhatsApp-Image-2026-04-20-at-14.16.24-700x441.jpeg 700w\" sizes=\"(max-width: 320px) 100vw, 320px\" \/>\t\t\t\t\t\t\t\t<\/a>\n\t\t\t\t\t\t\t\t<a style=\"display:none;\" href=\"https:\/\/www.bisbatdemallorca.org\/wp-content\/uploads\/2026\/04\/WhatsApp-Image-2026-04-20-at-14.16.24.jpeg\" data-rel=\"iLightbox[gallery32439]\"  title=\"\" data-title=\"WhatsApp Image 2026-04-20 at 14.16.24\" data-caption=\"\">\n\t\t\t\t\t\t\t\t\t\t\t\t\t\t\t\t\t<\/a>\n\t\t\t\t\t\t\t<\/div>\n\t\t\t\t\t\t<\/li>\n\t\t\t\t\t\t\t\t\t\t\t\t\t\t\t\t\t\t\t\t\t\t\t\t\t\t\t\t\t\t\t\t\t\t\t\t<\/ul>\n\t<\/div>\n\t<div class=\"fusion-post-content post-content\"><h2 class=\"blog-shortcode-post-title entry-title\"><a href=\"https:\/\/www.bisbatdemallorca.org\/ca\/trobada-formativa-de-la-familia-franciscana\/\">Trobada formativa de la Fam\u00edlia Franciscana<\/a><\/h2><div class=\"fusion-post-content-container\"><p>En un comprom\u00eds ferm de mantenir vius els vincles fraterns entre tota la Fam\u00edlia Franciscana de Mallorca, el passat dia 18 d\u2019abril, novament els seus membres es varen aplegar. Aquest cop per compartir una jornada d\u2019oraci\u00f3 i formaci\u00f3. El monestir de la Pur\u00edssima Concepci\u00f3 de Franciscanes del Tercer Orde Regular, [...]<\/p><\/div><\/div><div class=\"fusion-clearfix\"><\/div><\/article>\n<article id=\"blog-1-post-32434\" class=\"fusion-post-medium post-32434 post type-post status-publish format-standard has-post-thumbnail hentry category-agencia-baleria\">\n\t<style type=\"text\/css\">\n\t\t\n\t\t\n\t\t\n\t\t\n\t\t\t<\/style>\n\n\n\t\t\t<div class=\"fusion-flexslider flexslider fusion-flexslider-loading fusion-post-slideshow\" style=\"\">\n\t\t<ul class=\"slides\">\n\t\t\t\n\t\t\t\t\t\t\t\t\t\t\t\t\t\t<li><div  class=\"fusion-image-wrapper fusion-image-size-fixed\" aria-haspopup=\"true\">\n\t\t\t\t<img decoding=\"async\" width=\"320\" height=\"202\" src=\"https:\/\/www.bisbatdemallorca.org\/wp-content\/uploads\/2026\/04\/Festa-de-Sant-Jordi-a-la-Colonia-de-Sant-Jordi-320x202.jpg\" class=\"attachment-blog-medium size-blog-medium wp-post-image\" alt=\"\" srcset=\"https:\/\/www.bisbatdemallorca.org\/wp-content\/uploads\/2026\/04\/Festa-de-Sant-Jordi-a-la-Colonia-de-Sant-Jordi-320x202.jpg 320w, https:\/\/www.bisbatdemallorca.org\/wp-content\/uploads\/2026\/04\/Festa-de-Sant-Jordi-a-la-Colonia-de-Sant-Jordi-700x441.jpg 700w\" sizes=\"(max-width: 320px) 100vw, 320px\" \/><div class=\"fusion-rollover\">\n\t<div class=\"fusion-rollover-content\">\n\n\t\t\t\t\t\t\t\t\t\t\t\t\t\t<a class=\"fusion-rollover-link\" href=\"https:\/\/www.bisbatdemallorca.org\/ca\/festa-de-sant-jordi-a-la-colonia-de-sant-jordi\/\">Festa de Sant Jordi a la Col\u00f2nia de Sant Jordi<\/a>\n\t\t\t\n\t\t\t\t\t\t\t\t\t\t\t\t\t\t\n\t\t\t\t\t\t\t\t\n\t\t\t\t\t\t\t\t\t\t\t\t\t<div class=\"fusion-rollover-sep\"><\/div>\n\t\t\t\t\n\t\t\t\t\t\t\t\t\t\t\t\t\t\t\t\t\t\t<a class=\"fusion-rollover-gallery\" href=\"https:\/\/www.bisbatdemallorca.org\/wp-content\/uploads\/2026\/04\/Festa-de-Sant-Jordi-a-la-Colonia-de-Sant-Jordi.jpg\" data-options=\"\" data-id=\"32434\" data-rel=\"iLightbox[gallery]\" data-title=\"Festa de Sant Jordi a la Colo\u0300nia de Sant Jordi\" data-caption=\"\">\n\t\t\t\t\t\tGallery\t\t\t\t\t<\/a>\n\t\t\t\t\t\t\t\t\t\t\t\t\t\t\n\t\t\n\t\t\t\t\t\t\t\t\t\t\t\t<h4 class=\"fusion-rollover-title\">\n\t\t\t\t\t<a class=\"fusion-rollover-title-link\" href=\"https:\/\/www.bisbatdemallorca.org\/ca\/festa-de-sant-jordi-a-la-colonia-de-sant-jordi\/\">\n\t\t\t\t\t\tFesta de Sant Jordi a la Col\u00f2nia de Sant Jordi\t\t\t\t\t<\/a>\n\t\t\t\t<\/h4>\n\t\t\t\n\t\t\t\t\t\t\t\t\t\t<div class=\"fusion-rollover-categories\"><a href=\"https:\/\/www.bisbatdemallorca.org\/ca\/category\/agencia-baleria\/\" rel=\"tag\">Agencia Bal\u00e8ria<\/a><\/div>\t\t\t\t\t\n\t\t\n\t\t\t\t\t\t<a class=\"fusion-link-wrapper\" href=\"https:\/\/www.bisbatdemallorca.org\/ca\/festa-de-sant-jordi-a-la-colonia-de-sant-jordi\/\" aria-label=\"Festa de Sant Jordi a la Col\u00f2nia de Sant Jordi\"><\/a>\n\t<\/div>\n<\/div>\n<\/div>\n<\/li>\n\t\t\t\n\t\t\t\n\t\t\t\t\t\t\t\t\t\t\t\t\t\t\t\t\t\t\t\t\t\t\t\t\t\t\t\t\t\t\t\t\t\t\t\t\t\t\t\t\t\t\t\t\t\t\t\t\t\t\t\t\t\t\t\t\t\t\t\t\t\t\t\t\t\t\t\t<\/ul>\n\t<\/div>\n\t<div class=\"fusion-post-content post-content\"><h2 class=\"blog-shortcode-post-title entry-title\"><a href=\"https:\/\/www.bisbatdemallorca.org\/ca\/festa-de-sant-jordi-a-la-colonia-de-sant-jordi\/\">Festa de Sant Jordi a la Col\u00f2nia de Sant Jordi<\/a><\/h2><div class=\"fusion-post-content-container\"><p>El passat dia 23 d\u2019abril, festivitat de Sant Jordi, es va celebrar la solemnitat del titular de la Parr\u00f2quia i patr\u00f3 de la Col\u00f2nia de Sant Jordi, amb l\u2019assist\u00e8ncia de nombrosos feligresos, acompanyats per les autoritats civils locals. La solemne eucaristia fou presidida pel rector, Mn. Antoni Burguera, i compt\u00e0 [...]<\/p><\/div><\/div><div class=\"fusion-clearfix\"><\/div><\/article>\n<article id=\"blog-1-post-32425\" class=\"fusion-post-medium post-32425 post type-post status-publish format-standard has-post-thumbnail hentry category-agencia-baleria\">\n\t<style type=\"text\/css\">\n\t\t\n\t\t\n\t\t\n\t\t\n\t\t\t<\/style>\n\n\n\t\t\t<div class=\"fusion-flexslider flexslider fusion-flexslider-loading fusion-post-slideshow\" style=\"\">\n\t\t<ul class=\"slides\">\n\t\t\t\n\t\t\t\t\t\t\t\t\t\t\t\t\t\t<li><div  class=\"fusion-image-wrapper fusion-image-size-fixed\" aria-haspopup=\"true\">\n\t\t\t\t<img decoding=\"async\" width=\"320\" height=\"202\" src=\"https:\/\/www.bisbatdemallorca.org\/wp-content\/uploads\/2026\/04\/Vida-Creixent-Porreres-3-320x202.jpg\" class=\"attachment-blog-medium size-blog-medium wp-post-image\" alt=\"\" srcset=\"https:\/\/www.bisbatdemallorca.org\/wp-content\/uploads\/2026\/04\/Vida-Creixent-Porreres-3-320x202.jpg 320w, https:\/\/www.bisbatdemallorca.org\/wp-content\/uploads\/2026\/04\/Vida-Creixent-Porreres-3-700x441.jpg 700w\" sizes=\"(max-width: 320px) 100vw, 320px\" \/><div class=\"fusion-rollover\">\n\t<div class=\"fusion-rollover-content\">\n\n\t\t\t\t\t\t\t\t\t\t\t\t\t\t<a class=\"fusion-rollover-link\" href=\"https:\/\/www.bisbatdemallorca.org\/ca\/vida-creixent-a-la-fira-de-la-gent-gran-a-porreres\/\">Vida Creixent a la fira de la gent gran a Porreres<\/a>\n\t\t\t\n\t\t\t\t\t\t\t\t\t\t\t\t\t\t\n\t\t\t\t\t\t\t\t\n\t\t\t\t\t\t\t\t\t\t\t\t\t<div class=\"fusion-rollover-sep\"><\/div>\n\t\t\t\t\n\t\t\t\t\t\t\t\t\t\t\t\t\t\t\t\t\t\t<a class=\"fusion-rollover-gallery\" href=\"https:\/\/www.bisbatdemallorca.org\/wp-content\/uploads\/2026\/04\/Vida-Creixent-Porreres-3.jpg\" data-options=\"\" data-id=\"32425\" data-rel=\"iLightbox[gallery]\" data-title=\"Vida Creixent Porreres 3\" data-caption=\"\">\n\t\t\t\t\t\tGallery\t\t\t\t\t<\/a>\n\t\t\t\t\t\t\t\t\t\t\t\t\t\t\n\t\t\n\t\t\t\t\t\t\t\t\t\t\t\t<h4 class=\"fusion-rollover-title\">\n\t\t\t\t\t<a class=\"fusion-rollover-title-link\" href=\"https:\/\/www.bisbatdemallorca.org\/ca\/vida-creixent-a-la-fira-de-la-gent-gran-a-porreres\/\">\n\t\t\t\t\t\tVida Creixent a la fira de la gent gran a Porreres\t\t\t\t\t<\/a>\n\t\t\t\t<\/h4>\n\t\t\t\n\t\t\t\t\t\t\t\t\t\t<div class=\"fusion-rollover-categories\"><a href=\"https:\/\/www.bisbatdemallorca.org\/ca\/category\/agencia-baleria\/\" rel=\"tag\">Agencia Bal\u00e8ria<\/a><\/div>\t\t\t\t\t\n\t\t\n\t\t\t\t\t\t<a class=\"fusion-link-wrapper\" href=\"https:\/\/www.bisbatdemallorca.org\/ca\/vida-creixent-a-la-fira-de-la-gent-gran-a-porreres\/\" aria-label=\"Vida Creixent a la fira de la gent gran a Porreres\"><\/a>\n\t<\/div>\n<\/div>\n<\/div>\n<\/li>\n\t\t\t\n\t\t\t\n\t\t\t\t\t\t\t\t\t\t\t\n\t\t\t\t\t\n\t\t\t\t\t\t\t\t\t\t\t<li>\n\t\t\t\t\t\t\t<div class=\"fusion-image-wrapper\">\n\t\t\t\t\t\t\t\t<a href=\"https:\/\/www.bisbatdemallorca.org\/ca\/vida-creixent-a-la-fira-de-la-gent-gran-a-porreres\/\" aria-label=\"Vida Creixent a la fira de la gent gran a Porreres\">\n\t\t\t\t\t\t\t\t\t<img decoding=\"async\" width=\"320\" height=\"202\" src=\"https:\/\/www.bisbatdemallorca.org\/wp-content\/uploads\/2026\/04\/Vida-Creixent-Porreres-2-320x202.jpg\" alt=\"\" class=\"wp-image-32427\" role=\"presentation\" srcset=\"https:\/\/www.bisbatdemallorca.org\/wp-content\/uploads\/2026\/04\/Vida-Creixent-Porreres-2-320x202.jpg 320w, https:\/\/www.bisbatdemallorca.org\/wp-content\/uploads\/2026\/04\/Vida-Creixent-Porreres-2-700x441.jpg 700w\" sizes=\"(max-width: 320px) 100vw, 320px\" \/>\t\t\t\t\t\t\t\t<\/a>\n\t\t\t\t\t\t\t\t<a style=\"display:none;\" href=\"https:\/\/www.bisbatdemallorca.org\/wp-content\/uploads\/2026\/04\/Vida-Creixent-Porreres-2.jpg\" data-rel=\"iLightbox[gallery32425]\"  title=\"\" data-title=\"Vida Creixent Porreres 2\" data-caption=\"\">\n\t\t\t\t\t\t\t\t\t\t\t\t\t\t\t\t\t<\/a>\n\t\t\t\t\t\t\t<\/div>\n\t\t\t\t\t\t<\/li>\n\t\t\t\t\t\t\t\t\t\t\t\t\t\t\t\t\t\t\t\t\t\t\t\t\n\t\t\t\t\t\n\t\t\t\t\t\t\t\t\t\t\t<li>\n\t\t\t\t\t\t\t<div class=\"fusion-image-wrapper\">\n\t\t\t\t\t\t\t\t<a href=\"https:\/\/www.bisbatdemallorca.org\/ca\/vida-creixent-a-la-fira-de-la-gent-gran-a-porreres\/\" aria-label=\"Vida Creixent a la fira de la gent gran a Porreres\">\n\t\t\t\t\t\t\t\t\t<img decoding=\"async\" width=\"320\" height=\"202\" src=\"https:\/\/www.bisbatdemallorca.org\/wp-content\/uploads\/2026\/04\/Vida-Creixent-Porreres-1-320x202.jpg\" alt=\"\" class=\"wp-image-32426\" role=\"presentation\" srcset=\"https:\/\/www.bisbatdemallorca.org\/wp-content\/uploads\/2026\/04\/Vida-Creixent-Porreres-1-320x202.jpg 320w, https:\/\/www.bisbatdemallorca.org\/wp-content\/uploads\/2026\/04\/Vida-Creixent-Porreres-1-700x441.jpg 700w\" sizes=\"(max-width: 320px) 100vw, 320px\" \/>\t\t\t\t\t\t\t\t<\/a>\n\t\t\t\t\t\t\t\t<a style=\"display:none;\" href=\"https:\/\/www.bisbatdemallorca.org\/wp-content\/uploads\/2026\/04\/Vida-Creixent-Porreres-1.jpg\" data-rel=\"iLightbox[gallery32425]\"  title=\"\" data-title=\"Vida Creixent Porreres 1\" data-caption=\"\">\n\t\t\t\t\t\t\t\t\t\t\t\t\t\t\t\t\t<\/a>\n\t\t\t\t\t\t\t<\/div>\n\t\t\t\t\t\t<\/li>\n\t\t\t\t\t\t\t\t\t\t\t\t\t\t\t\t\t\t\t\t\t\t\t\t\t\t\t\t\t\t\t\t\t\t\t\t\t\t\t\t\t\t\t\t\t\t\t\t\t\t\t<\/ul>\n\t<\/div>\n\t<div class=\"fusion-post-content post-content\"><h2 class=\"blog-shortcode-post-title entry-title\"><a href=\"https:\/\/www.bisbatdemallorca.org\/ca\/vida-creixent-a-la-fira-de-la-gent-gran-a-porreres\/\">Vida Creixent a la fira de la gent gran a Porreres<\/a><\/h2><div class=\"fusion-post-content-container\"><p>Organitzada pel Consell de Mallorca, totes les associacions de Gent Gran foren convidades, dissabte 25 de maig, a participar a la Fira en qu\u00e8 es mostraven en distints estands les activitats i els treballs que cada associaci\u00f3 realitza al llarg de l\u2019any, endem\u00e9s d\u2019exposicions, confer\u00e8ncies, concert a l\u2019esgl\u00e9sia parroquial, torneig [...]<\/p><\/div><\/div><div class=\"fusion-clearfix\"><\/div><\/article>\n<article id=\"blog-1-post-32419\" class=\"fusion-post-medium post-32419 post type-post status-publish format-standard has-post-thumbnail hentry category-agencia-baleria\">\n\t<style type=\"text\/css\">\n\t\t\n\t\t\n\t\t\n\t\t\n\t\t\t<\/style>\n\n\n\t\t\t<div class=\"fusion-flexslider flexslider fusion-flexslider-loading fusion-post-slideshow\" style=\"\">\n\t\t<ul class=\"slides\">\n\t\t\t\n\t\t\t\t\t\t\t\t\t\t\t\t\t\t<li><div  class=\"fusion-image-wrapper fusion-image-size-fixed\" aria-haspopup=\"true\">\n\t\t\t\t<img decoding=\"async\" width=\"320\" height=\"202\" src=\"https:\/\/www.bisbatdemallorca.org\/wp-content\/uploads\/2026\/04\/Capilla-Montesion-2-320x202.jpeg\" class=\"attachment-blog-medium size-blog-medium wp-post-image\" alt=\"\" srcset=\"https:\/\/www.bisbatdemallorca.org\/wp-content\/uploads\/2026\/04\/Capilla-Montesion-2-320x202.jpeg 320w, https:\/\/www.bisbatdemallorca.org\/wp-content\/uploads\/2026\/04\/Capilla-Montesion-2-700x441.jpeg 700w\" sizes=\"(max-width: 320px) 100vw, 320px\" \/><div class=\"fusion-rollover\">\n\t<div class=\"fusion-rollover-content\">\n\n\t\t\t\t\t\t\t\t\t\t\t\t\t\t<a class=\"fusion-rollover-link\" href=\"https:\/\/www.bisbatdemallorca.org\/ca\/inaugurada-la-capella-del-nou-edifici-sant-alonso-rodriguez-del-col%c2%b7legi-de-monti-sion-de-palma\/\">Inaugurada la capella del nou edifici Sant Alonso Rodr\u00edguez del Col\u00b7legi de Monti-sion de Palma<\/a>\n\t\t\t\n\t\t\t\t\t\t\t\t\t\t\t\t\t\t\n\t\t\t\t\t\t\t\t\n\t\t\t\t\t\t\t\t\t\t\t\t\t<div class=\"fusion-rollover-sep\"><\/div>\n\t\t\t\t\n\t\t\t\t\t\t\t\t\t\t\t\t\t\t\t\t\t\t<a class=\"fusion-rollover-gallery\" href=\"https:\/\/www.bisbatdemallorca.org\/wp-content\/uploads\/2026\/04\/Capilla-Montesion-2.jpeg\" data-options=\"\" data-id=\"32419\" data-rel=\"iLightbox[gallery]\" data-title=\"Capilla Montesio\u0301n 2\" data-caption=\"\">\n\t\t\t\t\t\tGallery\t\t\t\t\t<\/a>\n\t\t\t\t\t\t\t\t\t\t\t\t\t\t\n\t\t\n\t\t\t\t\t\t\t\t\t\t\t\t<h4 class=\"fusion-rollover-title\">\n\t\t\t\t\t<a class=\"fusion-rollover-title-link\" href=\"https:\/\/www.bisbatdemallorca.org\/ca\/inaugurada-la-capella-del-nou-edifici-sant-alonso-rodriguez-del-col%c2%b7legi-de-monti-sion-de-palma\/\">\n\t\t\t\t\t\tInaugurada la capella del nou edifici Sant Alonso Rodr\u00edguez del Col\u00b7legi de Monti-sion de Palma\t\t\t\t\t<\/a>\n\t\t\t\t<\/h4>\n\t\t\t\n\t\t\t\t\t\t\t\t\t\t<div class=\"fusion-rollover-categories\"><a href=\"https:\/\/www.bisbatdemallorca.org\/ca\/category\/agencia-baleria\/\" rel=\"tag\">Agencia Bal\u00e8ria<\/a><\/div>\t\t\t\t\t\n\t\t\n\t\t\t\t\t\t<a class=\"fusion-link-wrapper\" href=\"https:\/\/www.bisbatdemallorca.org\/ca\/inaugurada-la-capella-del-nou-edifici-sant-alonso-rodriguez-del-col%c2%b7legi-de-monti-sion-de-palma\/\" aria-label=\"Inaugurada la capella del nou edifici Sant Alonso Rodr\u00edguez del Col\u00b7legi de Monti-sion de Palma\"><\/a>\n\t<\/div>\n<\/div>\n<\/div>\n<\/li>\n\t\t\t\n\t\t\t\n\t\t\t\t\t\t\t\t\t\t\t\n\t\t\t\t\t\n\t\t\t\t\t\t\t\t\t\t\t<li>\n\t\t\t\t\t\t\t<div class=\"fusion-image-wrapper\">\n\t\t\t\t\t\t\t\t<a href=\"https:\/\/www.bisbatdemallorca.org\/ca\/inaugurada-la-capella-del-nou-edifici-sant-alonso-rodriguez-del-col%c2%b7legi-de-monti-sion-de-palma\/\" aria-label=\"Inaugurada la capella del nou edifici Sant Alonso Rodr\u00edguez del Col\u00b7legi de Monti-sion de Palma\">\n\t\t\t\t\t\t\t\t\t<img decoding=\"async\" width=\"320\" height=\"202\" src=\"https:\/\/www.bisbatdemallorca.org\/wp-content\/uploads\/2026\/04\/Capilla-Montesion-1-320x202.jpeg\" alt=\"\" class=\"wp-image-32420\" role=\"presentation\" srcset=\"https:\/\/www.bisbatdemallorca.org\/wp-content\/uploads\/2026\/04\/Capilla-Montesion-1-320x202.jpeg 320w, https:\/\/www.bisbatdemallorca.org\/wp-content\/uploads\/2026\/04\/Capilla-Montesion-1-700x441.jpeg 700w\" sizes=\"(max-width: 320px) 100vw, 320px\" \/>\t\t\t\t\t\t\t\t<\/a>\n\t\t\t\t\t\t\t\t<a style=\"display:none;\" href=\"https:\/\/www.bisbatdemallorca.org\/wp-content\/uploads\/2026\/04\/Capilla-Montesion-1.jpeg\" data-rel=\"iLightbox[gallery32419]\"  title=\"\" data-title=\"Capilla Montesion 1\" data-caption=\"\">\n\t\t\t\t\t\t\t\t\t\t\t\t\t\t\t\t\t<\/a>\n\t\t\t\t\t\t\t<\/div>\n\t\t\t\t\t\t<\/li>\n\t\t\t\t\t\t\t\t\t\t\t\t\t\t\t\t\t\t\t\t\t\t\t\t\t\t\t\t\t\t\t\t\t\t\t\t\t\t\t\t\t\t\t\t\t\t\t\t\t\t\t\t\t\t\t\t\t\t\t\t\t\t\t\t\t\t<\/ul>\n\t<\/div>\n\t<div class=\"fusion-post-content post-content\"><h2 class=\"blog-shortcode-post-title entry-title\"><a href=\"https:\/\/www.bisbatdemallorca.org\/ca\/inaugurada-la-capella-del-nou-edifici-sant-alonso-rodriguez-del-col%c2%b7legi-de-monti-sion-de-palma\/\">Inaugurada la capella del nou edifici Sant Alonso Rodr\u00edguez del Col\u00b7legi de Monti-sion de Palma<\/a><\/h2><div class=\"fusion-post-content-container\"><p>La comunitat vinculada a la Companyia de Jes\u00fas a Palma es reun\u00ed el dissabte 25 d'abril per celebrar la inauguraci\u00f3 de la capella del nou edifici Sant Alonso Rodr\u00edguez, un espai que neix amb vocaci\u00f3 d'encontre, interioritat i comunitat. L'acte, que tingu\u00e9 lloc en el marc de la celebraci\u00f3 de [...]<\/p><\/div><\/div><div class=\"fusion-clearfix\"><\/div><\/article>\n<article id=\"blog-1-post-32494\" class=\"fusion-post-medium post-32494 post type-post status-publish format-standard has-post-thumbnail hentry category-agencia-baleria\">\n\t<style type=\"text\/css\">\n\t\t\n\t\t\n\t\t\n\t\t\n\t\t\t<\/style>\n\n\n\t\t\t<div class=\"fusion-flexslider flexslider fusion-flexslider-loading fusion-post-slideshow\" style=\"\">\n\t\t<ul class=\"slides\">\n\t\t\t\n\t\t\t\t\t\t\t\t\t\t\t\t\t\t<li><div  class=\"fusion-image-wrapper fusion-image-size-fixed\" aria-haspopup=\"true\">\n\t\t\t\t<img decoding=\"async\" width=\"320\" height=\"202\" src=\"https:\/\/www.bisbatdemallorca.org\/wp-content\/uploads\/2026\/04\/55219285644_164f2487e2_c-320x202.jpg\" class=\"attachment-blog-medium size-blog-medium wp-post-image\" alt=\"\" srcset=\"https:\/\/www.bisbatdemallorca.org\/wp-content\/uploads\/2026\/04\/55219285644_164f2487e2_c-320x202.jpg 320w, https:\/\/www.bisbatdemallorca.org\/wp-content\/uploads\/2026\/04\/55219285644_164f2487e2_c-700x441.jpg 700w\" sizes=\"(max-width: 320px) 100vw, 320px\" \/><div class=\"fusion-rollover\">\n\t<div class=\"fusion-rollover-content\">\n\n\t\t\t\t\t\t\t\t\t\t\t\t\t\t<a class=\"fusion-rollover-link\" href=\"https:\/\/www.bisbatdemallorca.org\/ca\/el-bisbe-de-mallorca-participa-en-la-129a-assemblea-plenaria-de-la-cee\/\">El bisbe de Mallorca participa en la 129a Assemblea Plen\u00e0ria de la CEE<\/a>\n\t\t\t\n\t\t\t\t\t\t\t\t\t\t\t\t\t\t\n\t\t\t\t\t\t\t\t\n\t\t\t\t\t\t\t\t\t\t\t\t\t<div class=\"fusion-rollover-sep\"><\/div>\n\t\t\t\t\n\t\t\t\t\t\t\t\t\t\t\t\t\t\t\t\t\t\t<a class=\"fusion-rollover-gallery\" href=\"https:\/\/www.bisbatdemallorca.org\/wp-content\/uploads\/2026\/04\/55219285644_164f2487e2_c.jpg\" data-options=\"\" data-id=\"32494\" data-rel=\"iLightbox[gallery]\" data-title=\"55219285644_164f2487e2_c\" data-caption=\"\">\n\t\t\t\t\t\tGallery\t\t\t\t\t<\/a>\n\t\t\t\t\t\t\t\t\t\t\t\t\t\t\n\t\t\n\t\t\t\t\t\t\t\t\t\t\t\t<h4 class=\"fusion-rollover-title\">\n\t\t\t\t\t<a class=\"fusion-rollover-title-link\" href=\"https:\/\/www.bisbatdemallorca.org\/ca\/el-bisbe-de-mallorca-participa-en-la-129a-assemblea-plenaria-de-la-cee\/\">\n\t\t\t\t\t\tEl bisbe de Mallorca participa en la 129a Assemblea Plen\u00e0ria de la CEE\t\t\t\t\t<\/a>\n\t\t\t\t<\/h4>\n\t\t\t\n\t\t\t\t\t\t\t\t\t\t<div class=\"fusion-rollover-categories\"><a href=\"https:\/\/www.bisbatdemallorca.org\/ca\/category\/agencia-baleria\/\" rel=\"tag\">Agencia Bal\u00e8ria<\/a><\/div>\t\t\t\t\t\n\t\t\n\t\t\t\t\t\t<a class=\"fusion-link-wrapper\" href=\"https:\/\/www.bisbatdemallorca.org\/ca\/el-bisbe-de-mallorca-participa-en-la-129a-assemblea-plenaria-de-la-cee\/\" aria-label=\"El bisbe de Mallorca participa en la 129a Assemblea Plen\u00e0ria de la CEE\"><\/a>\n\t<\/div>\n<\/div>\n<\/div>\n<\/li>\n\t\t\t\n\t\t\t\n\t\t\t\t\t\t\t\t\t\t\t\t\t\t\t\t\t\t\t\t\t\t\t\t\t\t\t\t\t\t\t\t\t\t\t\t\t\t\t\t\t\t\t\t\t\t\t\t\t\t\t\t\t\t\t\t\t\t\t\t\t\t\t\t\t\t\t\t<\/ul>\n\t<\/div>\n\t<div class=\"fusion-post-content post-content\"><h2 class=\"blog-shortcode-post-title entry-title\"><a href=\"https:\/\/www.bisbatdemallorca.org\/ca\/el-bisbe-de-mallorca-participa-en-la-129a-assemblea-plenaria-de-la-cee\/\">El bisbe de Mallorca participa en la 129a Assemblea Plen\u00e0ria de la CEE<\/a><\/h2><div class=\"fusion-post-content-container\"><p>El bisbe de Mallorca, Mons. Sebasti\u00e0 Taltavull, va participar en la 129a Assemblea Plen\u00e0ria de la Confer\u00e8ncia Episcopal Espanyola, celebrada del 20 al 24 d\u2019abril a Madrid. Durant aquests dies, els bisbes varen abordar diversos assumptes de la vida de l\u2019Esgl\u00e9sia a Espanya, aix\u00ed com q\u00fcestions pastorals i socials d\u2019actualitat. [...]<\/p><\/div><\/div><div class=\"fusion-clearfix\"><\/div><\/article>\n<\/div><div class=\"pagination clearfix\"><span class=\"current\">1<\/span><a href=\"https:\/\/www.bisbatdemallorca.org\/ca\/wp-json\/wp\/v2\/pages\/4617\/page\/2\/\" class=\"inactive\">2<\/a><a class=\"pagination-next\" rel=\"next\" href=\"https:\/\/www.bisbatdemallorca.org\/ca\/wp-json\/wp\/v2\/pages\/4617\/page\/2\/\"><span class=\"page-text\">Next<\/span><span class=\"page-next\"><\/span><\/a><\/div><div class=\"fusion-clearfix\"><\/div><\/div><\/div><\/div><\/div><\/div>\n","protected":false},"excerpt":{"rendered":"","protected":false},"author":1,"featured_media":0,"parent":0,"menu_order":0,"comment_status":"closed","ping_status":"closed","template":"","meta":{"footnotes":""},"class_list":["post-4617","page","type-page","status-publish","hentry"],"yoast_head":"<!-- This site is optimized with the Yoast SEO plugin v27.0 - https:\/\/yoast.com\/product\/yoast-seo-wordpress\/ -->\n<title>Not\u00edcies<\/title>\n<meta name=\"robots\" content=\"index, follow, max-snippet:-1, max-image-preview:large, max-video-preview:-1\" \/>\n<link rel=\"canonical\" href=\"https:\/\/www.bisbatdemallorca.org\/ca\/noticies\/\" \/>\n<meta property=\"og:locale\" content=\"ca_ES\" \/>\n<meta property=\"og:locale:alternate\" content=\"en_US\" \/>\n<meta property=\"og:locale:alternate\" content=\"es_ES\" \/>\n<meta property=\"og:type\" content=\"article\" \/>\n<meta property=\"og:title\" content=\"Not\u00edcies\" \/>\n<meta property=\"og:url\" content=\"https:\/\/www.bisbatdemallorca.org\/ca\/el-bisbe-de-mallorca-participa-en-la-129a-assemblea-plenaria-de-la-cee\/\" \/>\n<meta property=\"og:site_name\" content=\"Bisbat de Mallorca\" \/>\n<meta property=\"article:modified_time\" content=\"2022-05-10T11:20:17+00:00\" \/>\n<meta name=\"twitter:card\" content=\"summary_large_image\" \/>\n<meta name=\"twitter:label1\" content=\"Temps estimat de lectura\" \/>\n\t<meta name=\"twitter:data1\" content=\"7 minuts\" \/>\n<script type=\"application\/ld+json\" class=\"yoast-schema-graph\">{\"@context\":\"https:\/\/schema.org\",\"@graph\":[{\"@type\":\"WebPage\",\"@id\":\"https:\/\/www.bisbatdemallorca.org\/ca\/noticies\/\",\"url\":\"https:\/\/www.bisbatdemallorca.org\/ca\/noticies\/\",\"name\":\"Not\u00edcies\",\"isPartOf\":{\"@id\":\"https:\/\/www.bisbatdemallorca.org\/ca\/#website\"},\"datePublished\":\"2022-03-16T16:29:11+00:00\",\"dateModified\":\"2022-05-10T11:20:17+00:00\",\"breadcrumb\":{\"@id\":\"https:\/\/www.bisbatdemallorca.org\/ca\/noticies\/#breadcrumb\"},\"inLanguage\":\"ca\",\"potentialAction\":[{\"@type\":\"ReadAction\",\"target\":[\"https:\/\/www.bisbatdemallorca.org\/ca\/noticies\/\"]}]},{\"@type\":\"BreadcrumbList\",\"@id\":\"https:\/\/www.bisbatdemallorca.org\/ca\/noticies\/#breadcrumb\",\"itemListElement\":[{\"@type\":\"ListItem\",\"position\":1,\"name\":\"Portada\",\"item\":\"https:\/\/www.bisbatdemallorca.org\/ca\/\"},{\"@type\":\"ListItem\",\"position\":2,\"name\":\"Not\u00edcies\"}]},{\"@type\":\"WebSite\",\"@id\":\"https:\/\/www.bisbatdemallorca.org\/ca\/#website\",\"url\":\"https:\/\/www.bisbatdemallorca.org\/ca\/\",\"name\":\"Bisbat de Mallorca\",\"description\":\"Just another WordPress site\",\"publisher\":{\"@id\":\"https:\/\/www.bisbatdemallorca.org\/ca\/#organization\"},\"potentialAction\":[{\"@type\":\"SearchAction\",\"target\":{\"@type\":\"EntryPoint\",\"urlTemplate\":\"https:\/\/www.bisbatdemallorca.org\/ca\/?s={search_term_string}\"},\"query-input\":{\"@type\":\"PropertyValueSpecification\",\"valueRequired\":true,\"valueName\":\"search_term_string\"}}],\"inLanguage\":\"ca\"},{\"@type\":\"Organization\",\"@id\":\"https:\/\/www.bisbatdemallorca.org\/ca\/#organization\",\"name\":\"Bisbat De Mallorca\",\"url\":\"https:\/\/www.bisbatdemallorca.org\/ca\/\",\"logo\":{\"@type\":\"ImageObject\",\"inLanguage\":\"ca\",\"@id\":\"https:\/\/www.bisbatdemallorca.org\/ca\/#\/schema\/logo\/image\/\",\"url\":\"https:\/\/bisbatdemallorca.org\/wp-content\/uploads\/2022\/04\/Logo_Bisbat-de-Mallorca-scaled.jpeg\",\"contentUrl\":\"https:\/\/bisbatdemallorca.org\/wp-content\/uploads\/2022\/04\/Logo_Bisbat-de-Mallorca-scaled.jpeg\",\"width\":2560,\"height\":1810,\"caption\":\"Bisbat De Mallorca\"},\"image\":{\"@id\":\"https:\/\/www.bisbatdemallorca.org\/ca\/#\/schema\/logo\/image\/\"}}]}<\/script>\n<!-- \/ Yoast SEO plugin. -->","yoast_head_json":{"title":"Not\u00edcies","robots":{"index":"index","follow":"follow","max-snippet":"max-snippet:-1","max-image-preview":"max-image-preview:large","max-video-preview":"max-video-preview:-1"},"canonical":"https:\/\/www.bisbatdemallorca.org\/ca\/noticies\/","og_locale":"ca_ES","og_type":"article","og_title":"[:ca]Not\u00edcies[:es]Not\u00edcies[:] - Bisbat de Mallorca","og_url":"https:\/\/www.bisbatdemallorca.org\/ca\/el-bisbe-de-mallorca-participa-en-la-129a-assemblea-plenaria-de-la-cee\/","og_site_name":"Bisbat de Mallorca","article_modified_time":"2022-05-10T11:20:17+00:00","twitter_card":"summary_large_image","twitter_misc":{"Temps estimat de lectura":"7 minuts"},"schema":{"@context":"https:\/\/schema.org","@graph":[{"@type":"WebPage","@id":"https:\/\/www.bisbatdemallorca.org\/ca\/noticies\/","url":"https:\/\/www.bisbatdemallorca.org\/ca\/noticies\/","name":"Not\u00edcies","isPartOf":{"@id":"https:\/\/www.bisbatdemallorca.org\/ca\/#website"},"datePublished":"2022-03-16T16:29:11+00:00","dateModified":"2022-05-10T11:20:17+00:00","breadcrumb":{"@id":"https:\/\/www.bisbatdemallorca.org\/ca\/noticies\/#breadcrumb"},"inLanguage":"ca","potentialAction":[{"@type":"ReadAction","target":["https:\/\/www.bisbatdemallorca.org\/ca\/noticies\/"]}]},{"@type":"BreadcrumbList","@id":"https:\/\/www.bisbatdemallorca.org\/ca\/noticies\/#breadcrumb","itemListElement":[{"@type":"ListItem","position":1,"name":"Portada","item":"https:\/\/www.bisbatdemallorca.org\/ca\/"},{"@type":"ListItem","position":2,"name":"Not\u00edcies"}]},{"@type":"WebSite","@id":"https:\/\/www.bisbatdemallorca.org\/ca\/#website","url":"https:\/\/www.bisbatdemallorca.org\/ca\/","name":"Bisbat de Mallorca","description":"Just another WordPress site","publisher":{"@id":"https:\/\/www.bisbatdemallorca.org\/ca\/#organization"},"potentialAction":[{"@type":"SearchAction","target":{"@type":"EntryPoint","urlTemplate":"https:\/\/www.bisbatdemallorca.org\/ca\/?s={search_term_string}"},"query-input":{"@type":"PropertyValueSpecification","valueRequired":true,"valueName":"search_term_string"}}],"inLanguage":"ca"},{"@type":"Organization","@id":"https:\/\/www.bisbatdemallorca.org\/ca\/#organization","name":"Bisbat De Mallorca","url":"https:\/\/www.bisbatdemallorca.org\/ca\/","logo":{"@type":"ImageObject","inLanguage":"ca","@id":"https:\/\/www.bisbatdemallorca.org\/ca\/#\/schema\/logo\/image\/","url":"https:\/\/bisbatdemallorca.org\/wp-content\/uploads\/2022\/04\/Logo_Bisbat-de-Mallorca-scaled.jpeg","contentUrl":"https:\/\/bisbatdemallorca.org\/wp-content\/uploads\/2022\/04\/Logo_Bisbat-de-Mallorca-scaled.jpeg","width":2560,"height":1810,"caption":"Bisbat De Mallorca"},"image":{"@id":"https:\/\/www.bisbatdemallorca.org\/ca\/#\/schema\/logo\/image\/"}}]}},"_links":{"self":[{"href":"https:\/\/www.bisbatdemallorca.org\/ca\/wp-json\/wp\/v2\/pages\/4617","targetHints":{"allow":["GET"]}}],"collection":[{"href":"https:\/\/www.bisbatdemallorca.org\/ca\/wp-json\/wp\/v2\/pages"}],"about":[{"href":"https:\/\/www.bisbatdemallorca.org\/ca\/wp-json\/wp\/v2\/types\/page"}],"author":[{"embeddable":true,"href":"https:\/\/www.bisbatdemallorca.org\/ca\/wp-json\/wp\/v2\/users\/1"}],"replies":[{"embeddable":true,"href":"https:\/\/www.bisbatdemallorca.org\/ca\/wp-json\/wp\/v2\/comments?post=4617"}],"version-history":[{"count":0,"href":"https:\/\/www.bisbatdemallorca.org\/ca\/wp-json\/wp\/v2\/pages\/4617\/revisions"}],"wp:attachment":[{"href":"https:\/\/www.bisbatdemallorca.org\/ca\/wp-json\/wp\/v2\/media?parent=4617"}],"curies":[{"name":"wp","href":"https:\/\/api.w.org\/{rel}","templated":true}]}}