{"id":34035,"date":"2026-08-31T12:26:38","date_gmt":"2026-08-31T10:26:38","guid":{"rendered":"https:\/\/www.bisbatdemallorca.org\/?post_type=tribe_events&#038;p=34035"},"modified":"2026-08-31T12:26:38","modified_gmt":"2026-08-31T10:26:38","slug":"festes-de-la-diada-de-lluc-3","status":"publish","type":"tribe_events","link":"https:\/\/www.bisbatdemallorca.org\/ca\/event\/festes-de-la-diada-de-lluc-3\/","title":{"rendered":"Festes de la Diada de Lluc"},"content":{"rendered":"<p data-start=\"128\" data-end=\"158\"><strong data-start=\"128\" data-end=\"158\">Festes de la Diada de Lluc<\/strong><\/p>\n<h3 data-section-id=\"180tuj\" data-start=\"479\" data-end=\"505\">Dijous, 10 de setembre<\/h3>\n<ul data-start=\"507\" data-end=\"975\">\n<li data-section-id=\"v845o1\" data-start=\"507\" data-end=\"529\"><strong data-start=\"509\" data-end=\"520\">12.30 h<\/strong> \u2014 Missa.<\/li>\n<li data-section-id=\"h1k7hc\" data-start=\"530\" data-end=\"576\"><strong data-start=\"532\" data-end=\"543\">13.15 h<\/strong> \u2014 Salve cantada per l\u2019Escolania.<\/li>\n<li data-section-id=\"105jgcq\" data-start=\"577\" data-end=\"674\"><strong data-start=\"579\" data-end=\"590\">16.30 h<\/strong> \u2014 Taller de dibuix per a fam\u00edlies, a c\u00e0rrec de Pepmi Garau, al pati de l\u2019Escolania.<\/li>\n<li data-section-id=\"b3ld4y\" data-start=\"675\" data-end=\"871\"><strong data-start=\"677\" data-end=\"688\">18.00 h<\/strong> \u2014 Cercavila, amb sortida de la pla\u00e7a del Bisbe Campins, i pujada de la bandera de Lluc que anuncia les festes de la Diada, amb la participaci\u00f3 dels caparrots i els Xeremiers de Lluc.<\/li>\n<li data-section-id=\"173uk3q\" data-start=\"872\" data-end=\"975\"><strong data-start=\"874\" data-end=\"885\">19.00 h<\/strong> \u2014 Missa i triduum en honor de la Mare de D\u00e9u de Lluc, amb la participaci\u00f3 de l\u2019Escolania.<\/li>\n<\/ul>\n<h3 data-section-id=\"1ez33vo\" data-start=\"977\" data-end=\"1006\">Divendres, 11 de setembre<\/h3>\n<ul data-start=\"1008\" data-end=\"1737\">\n<li data-section-id=\"v845o1\" data-start=\"1008\" data-end=\"1030\"><strong data-start=\"1010\" data-end=\"1021\">12.30 h<\/strong> \u2014 Missa.<\/li>\n<li data-section-id=\"h1k7hc\" data-start=\"1031\" data-end=\"1077\"><strong data-start=\"1033\" data-end=\"1044\">13.15 h<\/strong> \u2014 Salve cantada per l\u2019Escolania.<\/li>\n<li data-section-id=\"1gpuk8u\" data-start=\"1078\" data-end=\"1258\"><strong data-start=\"1080\" data-end=\"1091\">16.30 h<\/strong> \u2014 Taller <strong data-start=\"1101\" data-end=\"1135\">\u00abAprendre a cuidar la creaci\u00f3\u00bb<\/strong>, per als Blauets i les seves fam\u00edlies, a c\u00e0rrec de la Delegaci\u00f3 d\u2019Ecologia del Bisbat de Mallorca, al pati de l\u2019Escolania.<\/li>\n<li data-section-id=\"lyuo4p\" data-start=\"1259\" data-end=\"1553\"><strong data-start=\"1261\" data-end=\"1272\">17.30 h<\/strong> \u2014 Jornada de portes obertes a l\u2019Arxiu de la Col\u00b7legiata de Lluc, amb visita guiada al fons documental i al manuscrit original de <em data-start=\"1402\" data-end=\"1417\">La Balanguera<\/em>, de Joan Alcover. La visita acabar\u00e0 a la Bas\u00edlica amb la interpretaci\u00f3 de <em data-start=\"1492\" data-end=\"1507\">La Balanguera<\/em> a c\u00e0rrec dels Blauets de l\u2019Escolania de Lluc.<\/li>\n<li data-section-id=\"173uk3q\" data-start=\"1554\" data-end=\"1657\"><strong data-start=\"1556\" data-end=\"1567\">19.00 h<\/strong> \u2014 Missa i triduum en honor de la Mare de D\u00e9u de Lluc, amb la participaci\u00f3 de l\u2019Escolania.<\/li>\n<li data-section-id=\"168o88s\" data-start=\"1658\" data-end=\"1737\"><strong data-start=\"1660\" data-end=\"1671\">21.00 h<\/strong> \u2014 <strong data-start=\"1674\" data-end=\"1712\">La nit m\u00e0gica del \u00abM\u00e0gic Cloquell\u00bb<\/strong>, al pati de l\u2019Escolania.<\/li>\n<\/ul>\n<h3 data-section-id=\"1fkra08\" data-start=\"1739\" data-end=\"1767\">Dissabte, 12 de setembre<\/h3>\n<p data-start=\"1768\" data-end=\"1803\"><strong data-start=\"1768\" data-end=\"1803\">Festa de la Mare de D\u00e9u de Lluc<\/strong><\/p>\n<ul data-start=\"1805\" data-end=\"2728\">\n<li data-section-id=\"vmbc0z\" data-start=\"1805\" data-end=\"1930\"><strong data-start=\"1807\" data-end=\"1817\">9.30 h<\/strong> \u2014 <strong data-start=\"1820\" data-end=\"1849\">\u00abPassejada contemplativa\u00bb<\/strong>, a c\u00e0rrec de Bonifaci Modala i Rous Mir\u00f3. Punt de trobada: pla\u00e7a dels Pelegrins.<\/li>\n<li data-section-id=\"a7r4ti\" data-start=\"1931\" data-end=\"2008\"><strong data-start=\"1933\" data-end=\"1944\">10.00 h<\/strong> \u2014 <strong data-start=\"1947\" data-end=\"2007\">VII Festa dels Goigs i Trobada de goigsistes mallorquins<\/strong>.<\/li>\n<li data-section-id=\"q1155k\" data-start=\"2009\" data-end=\"2106\"><strong data-start=\"2011\" data-end=\"2033\">De 12.00 a 14.00 h<\/strong> \u2014 Emissi\u00f3 en directe del programa de r\u00e0dio <em data-start=\"2077\" data-end=\"2092\">Onda Viajeros<\/em>, d\u2019Onda Cero.<\/li>\n<li data-section-id=\"v845o1\" data-start=\"2107\" data-end=\"2129\"><strong data-start=\"2109\" data-end=\"2120\">12.30 h<\/strong> \u2014 Missa.<\/li>\n<li data-section-id=\"h1k7hc\" data-start=\"2130\" data-end=\"2176\"><strong data-start=\"2132\" data-end=\"2143\">13.15 h<\/strong> \u2014 Salve cantada per l\u2019Escolania.<\/li>\n<li data-section-id=\"c6ojjw\" data-start=\"2177\" data-end=\"2227\"><strong data-start=\"2179\" data-end=\"2190\">18.00 h<\/strong> \u2014 Cercavila amb els Xeremiers Orats.<\/li>\n<li data-section-id=\"2l3a21\" data-start=\"2228\" data-end=\"2451\"><strong data-start=\"2230\" data-end=\"2241\">19.00 h<\/strong> \u2014 Commemoraci\u00f3 de la Trobada de la Mare de D\u00e9u de Lluc, amb el r\u00e9s del Sant Rosari pels monuments dels Misteris, el cant dels Goigs del segle XVII <em data-start=\"2389\" data-end=\"2417\">Puix rebem tants de favors<\/em> i la veneraci\u00f3 de la Mare de D\u00e9u.<\/li>\n<li data-section-id=\"1o3zvas\" data-start=\"2452\" data-end=\"2648\"><strong data-start=\"2454\" data-end=\"2465\">21.30 h<\/strong> \u2014 <strong data-start=\"2468\" data-end=\"2503\">Tradicional Revetla de la Diada<\/strong>, a la pla\u00e7a dels Pelegrins, amb els Balladors de Lluc i Sarau Alcudienc i ballada popular amb la participaci\u00f3 de grups de ball de tota Mallorca.<\/li>\n<li data-section-id=\"1wxak7y\" data-start=\"2649\" data-end=\"2728\"><strong data-start=\"2651\" data-end=\"2662\">00.00 h<\/strong> \u2014 A la Bas\u00edlica, cant de la Salve i <em data-start=\"2699\" data-end=\"2710\">plegamans<\/em> a la Mare de D\u00e9u.<\/li>\n<\/ul>\n<h3 data-section-id=\"138a7be\" data-start=\"2730\" data-end=\"2758\">Diumenge, 13 de setembre<\/h3>\n<p data-start=\"2759\" data-end=\"2780\"><strong data-start=\"2759\" data-end=\"2780\">Festa de la Diada<\/strong><\/p>\n<ul data-start=\"2782\" data-end=\"3600\" data-is-last-node=\"\" data-is-only-node=\"\">\n<li data-section-id=\"d7b9i4\" data-start=\"2782\" data-end=\"2891\"><strong data-start=\"2784\" data-end=\"2794\">4.30 h<\/strong> \u2014 Inici de la <strong data-start=\"2809\" data-end=\"2854\">XLV Pujada a Lluc a Peu de la Part Forana<\/strong>, des de la pla\u00e7a del Bestiar d\u2019Inca.<\/li>\n<li data-section-id=\"1q0nain\" data-start=\"2892\" data-end=\"3084\"><strong data-start=\"2894\" data-end=\"2904\">6.00 h<\/strong> \u2014 Recepci\u00f3 dels pelegrins que arriben a peu, a la zona de Sa Font Coberta i Ca s\u2019Amitger. Xocolata per a tothom i lliurament de les tradicionals <em data-start=\"3050\" data-end=\"3083\">Mides de la Mare de D\u00e9u de Lluc<\/em>.<\/li>\n<li data-section-id=\"1lat90f\" data-start=\"3085\" data-end=\"3213\"><strong data-start=\"3087\" data-end=\"3097\">8.45 h<\/strong> \u2014 Benvinguda als pelegrins i ofrena dels pobles que han pujat a Lluc a peu, seguida de l\u2019Eucaristia dels pelegrins.<\/li>\n<li data-section-id=\"1yb1zag\" data-start=\"3214\" data-end=\"3366\"><strong data-start=\"3216\" data-end=\"3227\">11.00 h<\/strong> \u2014 <strong data-start=\"3230\" data-end=\"3273\">Missa solemne de la Mare de D\u00e9u de Lluc<\/strong>, amb el ball de l\u2019Oferta, presidida pel bisbe de Mallorca, Mons. Sebasti\u00e0 Taltavull Anglada.<\/li>\n<li data-section-id=\"14isexf\" data-start=\"3367\" data-end=\"3420\"><strong data-start=\"3369\" data-end=\"3380\">12.00 h<\/strong> \u2014 Ballada popular a l\u2019espai d\u2019Acollida.<\/li>\n<li data-section-id=\"1cud8dj\" data-start=\"3421\" data-end=\"3457\"><strong data-start=\"3423\" data-end=\"3434\">12.30 h<\/strong> \u2014 Missa a la Bas\u00edlica.<\/li>\n<li data-section-id=\"1n7ihxq\" data-start=\"3458\" data-end=\"3600\" data-is-last-node=\"\"><strong data-start=\"3460\" data-end=\"3481\">Durant tot el dia<\/strong> \u2014 Jornada de portes obertes per visitar la Sala dels Exvots, el Museu del Santuari i el Jard\u00ed Bot\u00e0nic del Germ\u00e0 Maci\u00e0.<\/li>\n<\/ul>\n","protected":false},"excerpt":{"rendered":"<p>Festes de la Diada de Lluc Dijous, 10 de setembre  [&#8230;]<\/p>\n","protected":false},"author":4,"featured_media":0,"template":"","meta":{"_tribe_events_status":"","_tribe_events_status_reason":"","footnotes":""},"tags":[],"tribe_events_cat":[36],"class_list":["post-34035","tribe_events","type-tribe_events","status-publish","hentry","tribe_events_cat-agenda","cat_agenda"],"yoast_head":"<!-- This site is optimized with the Yoast SEO plugin v28.3 - https:\/\/yoast.com\/product\/yoast-seo-wordpress\/ -->\n<title>Festes de la Diada de Lluc - [:es]Bisbat de Mallorca[:]<\/title>\n<meta name=\"robots\" content=\"index, follow, max-snippet:-1, max-image-preview:large, max-video-preview:-1\" \/>\n<link rel=\"canonical\" href=\"https:\/\/www.bisbatdemallorca.org\/event\/festes-de-la-diada-de-lluc-3\/\" \/>\n<meta property=\"og:locale\" content=\"ca_ES\" \/>\n<meta property=\"og:locale:alternate\" content=\"es_ES\" \/>\n<meta property=\"og:type\" content=\"article\" \/>\n<meta property=\"og:title\" content=\"Festes de la Diada de Lluc - [:es]Bisbat de Mallorca[:]\" \/>\n<meta property=\"og:description\" content=\"Festes de la Diada de Lluc Dijous, 10 de setembre [...]\" \/>\n<meta property=\"og:url\" content=\"https:\/\/www.bisbatdemallorca.org\/ca\/event\/festes-de-la-diada-de-lluc-3\/\" \/>\n<meta property=\"og:site_name\" content=\"[:es]Bisbat de Mallorca[:]\" \/>\n<meta name=\"twitter:card\" content=\"summary_large_image\" \/>\n<script type=\"application\/ld+json\" class=\"yoast-schema-graph\">{\"@context\":\"https:\\\/\\\/schema.org\",\"@graph\":[{\"@type\":\"WebPage\",\"@id\":\"https:\\\/\\\/www.bisbatdemallorca.org\\\/event\\\/festes-de-la-diada-de-lluc-3\\\/\",\"url\":\"https:\\\/\\\/www.bisbatdemallorca.org\\\/event\\\/festes-de-la-diada-de-lluc-3\\\/\",\"name\":\"Festes de la Diada de Lluc - [:es]Bisbat de Mallorca[:]\",\"isPartOf\":{\"@id\":\"https:\\\/\\\/www.bisbatdemallorca.org\\\/ca\\\/#website\"},\"datePublished\":\"2026-08-31T10:26:38+00:00\",\"breadcrumb\":{\"@id\":\"https:\\\/\\\/www.bisbatdemallorca.org\\\/event\\\/festes-de-la-diada-de-lluc-3\\\/#breadcrumb\"},\"inLanguage\":\"ca\",\"potentialAction\":[{\"@type\":\"ReadAction\",\"target\":[\"https:\\\/\\\/www.bisbatdemallorca.org\\\/event\\\/festes-de-la-diada-de-lluc-3\\\/\"]}]},{\"@type\":\"BreadcrumbList\",\"@id\":\"https:\\\/\\\/www.bisbatdemallorca.org\\\/event\\\/festes-de-la-diada-de-lluc-3\\\/#breadcrumb\",\"itemListElement\":[{\"@type\":\"ListItem\",\"position\":1,\"name\":\"[:es]Portada[:]\",\"item\":\"https:\\\/\\\/www.bisbatdemallorca.org\\\/ca\\\/\"},{\"@type\":\"ListItem\",\"position\":2,\"name\":\"Eventos\",\"item\":\"https:\\\/\\\/www.bisbatdemallorca.org\\\/events\\\/\"},{\"@type\":\"ListItem\",\"position\":3,\"name\":\"Festes de la Diada de Lluc\"}]},{\"@type\":\"WebSite\",\"@id\":\"https:\\\/\\\/www.bisbatdemallorca.org\\\/ca\\\/#website\",\"url\":\"https:\\\/\\\/www.bisbatdemallorca.org\\\/ca\\\/\",\"name\":\"[:es]Bisbat de Mallorca[:]\",\"description\":\"[:es]Just another WordPress site[:]\",\"publisher\":{\"@id\":\"https:\\\/\\\/www.bisbatdemallorca.org\\\/ca\\\/#organization\"},\"potentialAction\":[{\"@type\":\"SearchAction\",\"target\":{\"@type\":\"EntryPoint\",\"urlTemplate\":\"https:\\\/\\\/www.bisbatdemallorca.org\\\/ca\\\/?s={search_term_string}\"},\"query-input\":{\"@type\":\"PropertyValueSpecification\",\"valueRequired\":true,\"valueName\":\"search_term_string\"}}],\"inLanguage\":\"ca\"},{\"@type\":\"Organization\",\"@id\":\"https:\\\/\\\/www.bisbatdemallorca.org\\\/ca\\\/#organization\",\"name\":\"Bisbat De Mallorca\",\"url\":\"https:\\\/\\\/www.bisbatdemallorca.org\\\/ca\\\/\",\"logo\":{\"@type\":\"ImageObject\",\"inLanguage\":\"ca\",\"@id\":\"https:\\\/\\\/www.bisbatdemallorca.org\\\/ca\\\/#\\\/schema\\\/logo\\\/image\\\/\",\"url\":\"https:\\\/\\\/bisbatdemallorca.org\\\/wp-content\\\/uploads\\\/2022\\\/04\\\/Logo_Bisbat-de-Mallorca-scaled.jpeg\",\"contentUrl\":\"https:\\\/\\\/bisbatdemallorca.org\\\/wp-content\\\/uploads\\\/2022\\\/04\\\/Logo_Bisbat-de-Mallorca-scaled.jpeg\",\"width\":2560,\"height\":1810,\"caption\":\"Bisbat De Mallorca\"},\"image\":{\"@id\":\"https:\\\/\\\/www.bisbatdemallorca.org\\\/ca\\\/#\\\/schema\\\/logo\\\/image\\\/\"}}]}<\/script>\n<!-- \/ Yoast SEO plugin. -->","yoast_head_json":{"title":"Festes de la Diada de Lluc - [:es]Bisbat de Mallorca[:]","robots":{"index":"index","follow":"follow","max-snippet":"max-snippet:-1","max-image-preview":"max-image-preview:large","max-video-preview":"max-video-preview:-1"},"canonical":"https:\/\/www.bisbatdemallorca.org\/event\/festes-de-la-diada-de-lluc-3\/","og_locale":"ca_ES","og_type":"article","og_title":"Festes de la Diada de Lluc - [:es]Bisbat de Mallorca[:]","og_description":"Festes de la Diada de Lluc Dijous, 10 de setembre [...]","og_url":"https:\/\/www.bisbatdemallorca.org\/ca\/event\/festes-de-la-diada-de-lluc-3\/","og_site_name":"[:es]Bisbat de Mallorca[:]","twitter_card":"summary_large_image","schema":{"@context":"https:\/\/schema.org","@graph":[{"@type":"WebPage","@id":"https:\/\/www.bisbatdemallorca.org\/event\/festes-de-la-diada-de-lluc-3\/","url":"https:\/\/www.bisbatdemallorca.org\/event\/festes-de-la-diada-de-lluc-3\/","name":"Festes de la Diada de Lluc - [:es]Bisbat de Mallorca[:]","isPartOf":{"@id":"https:\/\/www.bisbatdemallorca.org\/ca\/#website"},"datePublished":"2026-08-31T10:26:38+00:00","breadcrumb":{"@id":"https:\/\/www.bisbatdemallorca.org\/event\/festes-de-la-diada-de-lluc-3\/#breadcrumb"},"inLanguage":"ca","potentialAction":[{"@type":"ReadAction","target":["https:\/\/www.bisbatdemallorca.org\/event\/festes-de-la-diada-de-lluc-3\/"]}]},{"@type":"BreadcrumbList","@id":"https:\/\/www.bisbatdemallorca.org\/event\/festes-de-la-diada-de-lluc-3\/#breadcrumb","itemListElement":[{"@type":"ListItem","position":1,"name":"[:es]Portada[:]","item":"https:\/\/www.bisbatdemallorca.org\/ca\/"},{"@type":"ListItem","position":2,"name":"Eventos","item":"https:\/\/www.bisbatdemallorca.org\/events\/"},{"@type":"ListItem","position":3,"name":"Festes de la Diada de Lluc"}]},{"@type":"WebSite","@id":"https:\/\/www.bisbatdemallorca.org\/ca\/#website","url":"https:\/\/www.bisbatdemallorca.org\/ca\/","name":"[:es]Bisbat de Mallorca[:]","description":"[:es]Just another WordPress site[:]","publisher":{"@id":"https:\/\/www.bisbatdemallorca.org\/ca\/#organization"},"potentialAction":[{"@type":"SearchAction","target":{"@type":"EntryPoint","urlTemplate":"https:\/\/www.bisbatdemallorca.org\/ca\/?s={search_term_string}"},"query-input":{"@type":"PropertyValueSpecification","valueRequired":true,"valueName":"search_term_string"}}],"inLanguage":"ca"},{"@type":"Organization","@id":"https:\/\/www.bisbatdemallorca.org\/ca\/#organization","name":"Bisbat De Mallorca","url":"https:\/\/www.bisbatdemallorca.org\/ca\/","logo":{"@type":"ImageObject","inLanguage":"ca","@id":"https:\/\/www.bisbatdemallorca.org\/ca\/#\/schema\/logo\/image\/","url":"https:\/\/bisbatdemallorca.org\/wp-content\/uploads\/2022\/04\/Logo_Bisbat-de-Mallorca-scaled.jpeg","contentUrl":"https:\/\/bisbatdemallorca.org\/wp-content\/uploads\/2022\/04\/Logo_Bisbat-de-Mallorca-scaled.jpeg","width":2560,"height":1810,"caption":"Bisbat De Mallorca"},"image":{"@id":"https:\/\/www.bisbatdemallorca.org\/ca\/#\/schema\/logo\/image\/"}}]}},"_links":{"self":[{"href":"https:\/\/www.bisbatdemallorca.org\/ca\/wp-json\/wp\/v2\/tribe_events\/34035","targetHints":{"allow":["GET"]}}],"collection":[{"href":"https:\/\/www.bisbatdemallorca.org\/ca\/wp-json\/wp\/v2\/tribe_events"}],"about":[{"href":"https:\/\/www.bisbatdemallorca.org\/ca\/wp-json\/wp\/v2\/types\/tribe_events"}],"author":[{"embeddable":true,"href":"https:\/\/www.bisbatdemallorca.org\/ca\/wp-json\/wp\/v2\/users\/4"}],"version-history":[{"count":1,"href":"https:\/\/www.bisbatdemallorca.org\/ca\/wp-json\/wp\/v2\/tribe_events\/34035\/revisions"}],"predecessor-version":[{"id":34036,"href":"https:\/\/www.bisbatdemallorca.org\/ca\/wp-json\/wp\/v2\/tribe_events\/34035\/revisions\/34036"}],"wp:attachment":[{"href":"https:\/\/www.bisbatdemallorca.org\/ca\/wp-json\/wp\/v2\/media?parent=34035"}],"wp:term":[{"taxonomy":"post_tag","embeddable":true,"href":"https:\/\/www.bisbatdemallorca.org\/ca\/wp-json\/wp\/v2\/tags?post=34035"},{"taxonomy":"tribe_events_cat","embeddable":true,"href":"https:\/\/www.bisbatdemallorca.org\/ca\/wp-json\/wp\/v2\/tribe_events_cat?post=34035"}],"curies":[{"name":"wp","href":"https:\/\/api.w.org\/{rel}","templated":true}]}}