{"id":4171,"date":"2022-03-03T12:49:36","date_gmt":"2022-03-03T12:49:36","guid":{"rendered":"https:\/\/bisbatdemallorca.aplicacionesinteligentes.es\/?page_id=4171"},"modified":"2025-11-15T13:13:57","modified_gmt":"2025-11-15T12:13:57","slug":"palma-ponent","status":"publish","type":"page","link":"https:\/\/www.bisbatdemallorca.org\/en\/parroquies\/palma-ponent\/","title":{"rendered":"Palma &#8211; Ponent"},"content":{"rendered":"<div class=\"fusion-fullwidth fullwidth-box fusion-builder-row-1 fusion-flex-container nonhundred-percent-fullwidth non-hundred-percent-height-scrolling\" style=\"--awb-border-radius-top-left:0px;--awb-border-radius-top-right:0px;--awb-border-radius-bottom-right:0px;--awb-border-radius-bottom-left:0px;--awb-flex-wrap:wrap;\" ><div class=\"fusion-builder-row fusion-row fusion-flex-align-items-flex-start fusion-flex-content-wrap\" style=\"max-width:1248px;margin-left: calc(-4% \/ 2 );margin-right: calc(-4% \/ 2 );\"><div class=\"fusion-layout-column fusion_builder_column fusion-builder-column-0 fusion_builder_column_1_1 1_1 fusion-flex-column\" style=\"--awb-bg-size:cover;--awb-width-large:100%;--awb-margin-top-large:0px;--awb-spacing-right-large:1.92%;--awb-margin-bottom-large:20px;--awb-spacing-left-large:1.92%;--awb-width-medium:100%;--awb-order-medium:0;--awb-spacing-right-medium:1.92%;--awb-spacing-left-medium:1.92%;--awb-width-small:100%;--awb-order-small:0;--awb-spacing-right-small:1.92%;--awb-spacing-left-small:1.92%;\"><div class=\"fusion-column-wrapper fusion-column-has-shadow fusion-flex-justify-content-flex-start fusion-content-layout-column\"><div class=\"fusion-text fusion-text-1\" style=\"--awb-text-transform:none;\"><div class=\"bisbat-headers\">\n<h4>Palma &#8211; Ponent<\/h4>\n<\/div>\n<div class=\"parroquies-container\"><div class='presbiterologi-item'>\n\t        <a href='.\/institucio?id=lEAaR8Iq7U-S6ePE9waO2DRiglm5THaDV9B_x3pwaIsPoMyhQ2NOr6zYEwdtGRlK1PS1f_lZt2V8Ck5a8KgBQQ'>Parr\u00f2quia de L'Assumpci\u00f3 (PALMA)<\/a>\n          <\/div>\n        <div class='presbiterologi-item'>\n\t        <a href='.\/institucio?id=9xvtMHO7JiaOLtmLnYpsb5_a_GBeg1dLkvwacZn-YWeFnABIhjpiVfLu4pqbGNrC2F75jFEx_cSgzi4aPyjYQQ'>Parr\u00f2quia del Beat Ramon Llull (PALMA)<\/a>\n          <\/div>\n        <div class='presbiterologi-item'>\n\t        <a href='.\/institucio?id=Q8TQ667l102dL5qgYDrShcLeN83GBF-Sl_T2zQ3My5J_EvAmkZ3ASVCexx4JmU3ZvxeCN7kDRCzWIGaz74-feQ'>Parr\u00f2quia de L'Encarnaci\u00f3 (PALMA)<\/a>\n          <\/div>\n        <div class='presbiterologi-item'>\n\t        <a href='.\/institucio?id=8hXyNGGKXT-33aMkEmc7rDsf2OVakGYx6SaFbz1XPTviaSotRHSmb9WSTT2s3mBnWPuGAXeN1XU-QhorK2vUEw'>Parr\u00f2quia de La Immaculada Concepci\u00f3 (PALMA (Sant Mag\u00ed))<\/a>\n          <\/div>\n        <div class='presbiterologi-item'>\n\t        <a href='.\/institucio?id=GirTu_jGBybGIftwQkLdCnZNs1JA47AGaR2hTm3MrzU1sgtt7GbxHYh1PzXvZPKz3kA9Umod-rnjwx4yFmO1fQ'>Parr\u00f2quia de La Immaculada Concepci\u00f3 (PALMA (Son Sardina))<\/a>\n          <\/div>\n        <div class='presbiterologi-item'>\n\t        <a href='.\/institucio?id=WuangorrzDPQmy7Mlsa83I7TTgPBMeTWHe3yyYVulxGPZXGj_EZCq4S-u-K5UxieEg-x_s3jsoqPbQtV5zafUg'>Parr\u00f2quia de l'Immaculat Cor de Maria (PALMA)<\/a>\n          <\/div>\n        <div class='presbiterologi-item'>\n\t        <a href='.\/institucio?id=exLDuHMZq6RR9tnMKg4BAJvqcyEGNAU4sf3IhiGVfQs_AxRJUMHrPUShWp-epfeFwncYPkkYnOAaUj3AMxDKow'>Parr\u00f2quia de Ntra. Sra. de la Font de D\u00e9u i Sant Bernat (PALMA)<\/a>\n          <\/div>\n        <div class='presbiterologi-item'>\n\t        <a href='.\/institucio?id=ii-czB0UA952SM4Y_w6xTkbUj5-tFuihwW_IzpEogBN7VDsqYdVHhjE3FGTJMkd9wzNXAC7Ee53pRzoyfizwow'>Parr\u00f2quia de Ntra. Sra. de la Salut (PALMA)<\/a>\n          <\/div>\n        <div class='presbiterologi-item'>\n\t        <a href='.\/institucio?id=W5DD8u-TGZsyMZcq630sTTyf4O6sLPvqcnFdTIGMhVvSvTQ2XEeq_G7jhEguiCOZsWiB8wJOVt7Z5KzkAMBK5Q'>Parr\u00f2quia de La Pur\u00edssima Concepci\u00f3 (PALMA)<\/a>\n          <\/div>\n        <div class='presbiterologi-item'>\n\t        <a href='.\/institucio?id=qFXyJgqGnGSvZAqmmcwA0IDbQYwA8PvPDrJGfIawnBvEJnPys7z17waxTUrc9vfPQ8aqxAUBYwWki7Ug4NqT5g'>Parr\u00f2quia de La Resurrecci\u00f3 (PALMA)<\/a>\n          <\/div>\n        <div class='presbiterologi-item'>\n\t        <a href='.\/institucio?id=zYC9XXE8Y7k15F2Wk062TdJFPpY8MXA9uP9AqClvlHXm3hjyZM33sKzlOmXLEplHJhCxwLt5LoWuue8ZGzjT8w'>Parr\u00f2quia de La Sagrada Fam\u00edlia (PALMA)<\/a>\n          <\/div>\n        <div class='presbiterologi-item'>\n\t        <a href='.\/institucio?id=fOSqzQIcQZJ1HQPwi2WM7ycVQ9ZiI9eDqsocYU1gMr_ZvAxG9ABguK5T9h2SyX6uM4sgrxo2_OdBzNS1I31L7Q'>Parr\u00f2quia de La Transfiguraci\u00f3 del Senyor (PALMA)<\/a>\n          <\/div>\n        <div class='presbiterologi-item'>\n\t        <a href='.\/institucio?id=K9XKq9V1zQiW65t51Zmh0zDqmgXsM-sP8HKOecvIxu-idiX3tK0OgEeqv41Q2pWtLkYK-g2GzoZzd9anliIULA'>Parr\u00f2quia de Sant Agust\u00ed (PALMA)<\/a>\n          <\/div>\n        <div class='presbiterologi-item'>\n\t        <a href='.\/institucio?id=5I6WaVzn4MhCx5t0uVWWld5IVDFff13DEoOaXs4F9fXe0RWb8Kzf8_W-uzubqnqxgatm6N7Q4Dt958w9SoSVZw'>Parr\u00f2quia de Sant Bartomeu (PALMA)<\/a>\n          <\/div>\n        <div class='presbiterologi-item'>\n\t        <a href='.\/institucio?id=9KhOWE23_rYS2BvvL-B0lpx-m_IloZzTHwi4XbOKRJ53SJ4BDfm61vUu7cqYAVhvYnJ5S1FnjaqRmRdPwWLdNQ'>Parr\u00f2quia de Sant Francesc de Paula (PALMA)<\/a>\n          <\/div>\n        <div class='presbiterologi-item'>\n\t        <a href='.\/institucio?id=4HnMe6ZRD2Jg0hAl90NUQLv87SvfjXKm03AR2UD8M_jAwEL84Yl1nKPK2m6UuYbkKKVRHlsgFcoQyEDEu6s61g'>Parr\u00f2quia de Sant Jaume (PALMA)<\/a>\n          <\/div>\n        <div class='presbiterologi-item'>\n\t        <a href='.\/institucio?id=dcp5kDw1_L9qNzSReNX_y7BSCT1IrPeCcUlzHaU3wqfK7-NaMb3mCmFe1_1hslrxmtEENLa_9t_CK3zp8u20zA'>Parr\u00f2quia de Sant Miquel (PALMA)<\/a>\n          <\/div>\n        <div class='presbiterologi-item'>\n\t        <a href='.\/institucio?id=JpF4nLx6LcMTEMUMa5AOifdQrd09C1JzvvNlNSKZAJ1S86VsGZNdUGPkujvzjdOJo1Ef5aKfpURQ5eJd60T6jA'>Parr\u00f2quia de Sant Nicolau (PALMA)<\/a>\n          <\/div>\n        <div class='presbiterologi-item'>\n\t        <a href='.\/institucio?id=D3Sl_c-IyOoW_BK9Uy28uiUW_0mi1sNYznxpkYTENpGDj8mxuRrTgQC8xk4JHoabfIf7DghspkHGqcjHAb20wg'>Parr\u00f2quia de Sant Pau (PALMA)<\/a>\n          <\/div>\n        <div class='presbiterologi-item'>\n\t        <a href='.\/institucio?id=SF7cOTF14VwH6PAJGXQQ6P46JevIyH_0qtZDmRbMdl-qGTHy9IeQ42NBHUwF4z-Jqx3RbzIUpw8n7Be8uorcnQ'>Parr\u00f2quia de Sant Pere Claver (PALMA)<\/a>\n          <\/div>\n        <div class='presbiterologi-item'>\n\t        <a href='.\/institucio?id=8ylWd9yNGdXvagEyOfFGg8HKvdCMR4F0llOX_OCvMKlbkqxJKGwieWRS63KfCZ21GP1oF6Fu-uqdL_1FYVTOOg'>Parr\u00f2quia de Sant Roc (PALMA)<\/a>\n          <\/div>\n        <div class='presbiterologi-item'>\n\t        <a href='.\/institucio?id=vHvYCM4Vp9U8Ly34N6a5MLK3MuUG0-UzrcJpWCPWAV53mhJnOgErIY_yzpF6t_81yk9xTIWYE0RL0cnHkUU-nA'>Parr\u00f2quia de Sant Sebasti\u00e0 (PALMA)<\/a>\n          <\/div>\n        <div class='presbiterologi-item'>\n\t        <a href='.\/institucio?id=rE7vGDOrai7JKAnlX-w1L-PzxImjyPrVbPDufD86MyLY2gkyto_QHlQNfbJnpvIbDbfxsJ3Jw_Su0LgavloghA'>Parr\u00f2quia de Santa Br\u00edgida (PALMA)<\/a>\n          <\/div>\n        <div class='presbiterologi-item'>\n\t        <a href='.\/institucio?id=I8wvsNMmnRiD2Cac9Jj4vGO_xTeg1QRREG8LVw2WOP1R46uAr9_EGlPENc6ui7LV6UiXVt7Lam1m0oRrw2Kdhg'>Parr\u00f2quia de Santa Catalina Thomas (PALMA)<\/a>\n          <\/div>\n        <div class='presbiterologi-item'>\n\t        <a href='.\/institucio?id=AYl_17OHtm_qQkrYXQXnMezG8Gcf30rXG6NupSb1m_YcSnzBZQs2jskshnrt03ruRw8WeIXeXeyrQ9UZbldW5A'>Parr\u00f2quia de Santa Creu (PALMA)<\/a>\n          <\/div>\n        <div class='presbiterologi-item'>\n\t        <a href='.\/institucio?id=GB22fGngelIa1b_b_XrYMpFX_Auh6blac0pYiwWpVSlJg2hLjQ7OtgZ9mMvYpzBq0oJLlBbySngTUKGm-AtHWw'>Parr\u00f2quia de Santa Eulalia (PALMA)<\/a>\n          <\/div>\n        <div class='presbiterologi-item'>\n\t        <a href='.\/institucio?id=GwYjY5l_rm-4lSl78cggiZwGJgr5v99-oOZDTmMlF7j0Uk_55D7bgpQsKDqigMxIAHME3muBQv3uX8Ew_10PKA'>Parr\u00f2quia de Santa Teresa de l'Infant Jes\u00fas (PALMA)<\/a>\n          <\/div>\n        <div class='presbiterologi-item'>\n\t        <a href='.\/institucio?id=2ImsYyR-ZdLZ8AC8ytxw1dQjZUJwU7N0acpo2rCxtqbZevMtmn81uvYi0xzTcV7VpgwRq79-JSCcRYZvMTvv9A'>La Seu-Catedral (Palma)<\/a>\n          <\/div>\n        <div class='presbiterologi-item'>\n\t        <a href='.\/institucio?id=IgJIDJ-FFK_zWoy164tLJ5bqUgBLcY3GE812JRK10rUGf_XMkFYb8_3l9UIfERN96Dr4XvOEH9InSMeR2WUqSA'>Parr\u00f2quia Personal Alemanya (PALMA)<\/a>\n          <\/div>\n        <div class='presbiterologi-item'>\n\t        <a href='.\/institucio?id=ec342Py9Q2xh4g7NN71lfokvCfCAntMNXzhx-JmoHJLpMF_qG_GKKzpDNgmckgV3FX5Vs3G3y5E-RHF-u3HCWA'>Parr\u00f2quia de Santa Margalida (Castrense) (PALMA)<\/a>\n          <\/div>\n        <\/tbody><\/table>\n<\/div><\/div><\/div><\/div><\/div>\n","protected":false},"excerpt":{"rendered":"","protected":false},"author":1,"featured_media":0,"parent":4169,"menu_order":0,"comment_status":"closed","ping_status":"closed","template":"","meta":{"footnotes":""},"class_list":["post-4171","page","type-page","status-publish","hentry"],"yoast_head":"<!-- This site is optimized with the Yoast SEO plugin v27.0 - https:\/\/yoast.com\/product\/yoast-seo-wordpress\/ -->\n<title>Palma - Ponent<\/title>\n<meta name=\"robots\" content=\"index, follow, max-snippet:-1, max-image-preview:large, max-video-preview:-1\" \/>\n<link rel=\"canonical\" href=\"https:\/\/www.bisbatdemallorca.org\/en\/parroquies\/palma-ponent\/\" \/>\n<meta property=\"og:locale\" content=\"en_US\" \/>\n<meta property=\"og:locale:alternate\" content=\"ca\" \/>\n<meta property=\"og:locale:alternate\" content=\"es_ES\" \/>\n<meta property=\"og:type\" content=\"article\" \/>\n<meta property=\"og:title\" content=\"Palma - Ponent\" \/>\n<meta property=\"og:url\" content=\"https:\/\/www.bisbatdemallorca.org\/en\/parroquies\/palma-ponent\/\" \/>\n<meta property=\"og:site_name\" content=\"Bisbat de Mallorca\" \/>\n<meta property=\"article:modified_time\" content=\"2025-11-15T12:13:57+00:00\" \/>\n<meta name=\"twitter:card\" content=\"summary_large_image\" \/>\n<script type=\"application\/ld+json\" class=\"yoast-schema-graph\">{\"@context\":\"https:\/\/schema.org\",\"@graph\":[{\"@type\":\"WebPage\",\"@id\":\"https:\/\/www.bisbatdemallorca.org\/parroquies\/palma-ponent\/\",\"url\":\"https:\/\/www.bisbatdemallorca.org\/parroquies\/palma-ponent\/\",\"name\":\"Palma - Ponent\",\"isPartOf\":{\"@id\":\"https:\/\/www.bisbatdemallorca.org\/ca\/#website\"},\"datePublished\":\"2022-03-03T12:49:36+00:00\",\"dateModified\":\"2025-11-15T12:13:57+00:00\",\"breadcrumb\":{\"@id\":\"https:\/\/www.bisbatdemallorca.org\/parroquies\/palma-ponent\/#breadcrumb\"},\"inLanguage\":\"en-US\",\"potentialAction\":[{\"@type\":\"ReadAction\",\"target\":[\"https:\/\/www.bisbatdemallorca.org\/parroquies\/palma-ponent\/\"]}]},{\"@type\":\"BreadcrumbList\",\"@id\":\"https:\/\/www.bisbatdemallorca.org\/parroquies\/palma-ponent\/#breadcrumb\",\"itemListElement\":[{\"@type\":\"ListItem\",\"position\":1,\"name\":\"Portada\",\"item\":\"https:\/\/www.bisbatdemallorca.org\/ca\/\"},{\"@type\":\"ListItem\",\"position\":2,\"name\":\"Parr\u00f2quies\",\"item\":\"https:\/\/www.bisbatdemallorca.org\/ca\/parroquies\/\"},{\"@type\":\"ListItem\",\"position\":3,\"name\":\"Palma &#8211; Ponent\"}]},{\"@type\":\"WebSite\",\"@id\":\"https:\/\/www.bisbatdemallorca.org\/ca\/#website\",\"url\":\"https:\/\/www.bisbatdemallorca.org\/ca\/\",\"name\":\"Bisbat de Mallorca\",\"description\":\"Just another WordPress site\",\"publisher\":{\"@id\":\"https:\/\/www.bisbatdemallorca.org\/ca\/#organization\"},\"potentialAction\":[{\"@type\":\"SearchAction\",\"target\":{\"@type\":\"EntryPoint\",\"urlTemplate\":\"https:\/\/www.bisbatdemallorca.org\/ca\/?s={search_term_string}\"},\"query-input\":{\"@type\":\"PropertyValueSpecification\",\"valueRequired\":true,\"valueName\":\"search_term_string\"}}],\"inLanguage\":\"en-US\"},{\"@type\":\"Organization\",\"@id\":\"https:\/\/www.bisbatdemallorca.org\/ca\/#organization\",\"name\":\"Bisbat De Mallorca\",\"url\":\"https:\/\/www.bisbatdemallorca.org\/ca\/\",\"logo\":{\"@type\":\"ImageObject\",\"inLanguage\":\"en-US\",\"@id\":\"https:\/\/www.bisbatdemallorca.org\/ca\/#\/schema\/logo\/image\/\",\"url\":\"https:\/\/bisbatdemallorca.org\/wp-content\/uploads\/2022\/04\/Logo_Bisbat-de-Mallorca-scaled.jpeg\",\"contentUrl\":\"https:\/\/bisbatdemallorca.org\/wp-content\/uploads\/2022\/04\/Logo_Bisbat-de-Mallorca-scaled.jpeg\",\"width\":2560,\"height\":1810,\"caption\":\"Bisbat De Mallorca\"},\"image\":{\"@id\":\"https:\/\/www.bisbatdemallorca.org\/ca\/#\/schema\/logo\/image\/\"}}]}<\/script>\n<!-- \/ Yoast SEO plugin. -->","yoast_head_json":{"title":"Palma - Ponent","robots":{"index":"index","follow":"follow","max-snippet":"max-snippet:-1","max-image-preview":"max-image-preview:large","max-video-preview":"max-video-preview:-1"},"canonical":"https:\/\/www.bisbatdemallorca.org\/en\/parroquies\/palma-ponent\/","og_locale":"en_US","og_type":"article","og_title":"[:ca]Palma - Ponent[:es]Palma - Ponent[:] - Bisbat de Mallorca","og_url":"https:\/\/www.bisbatdemallorca.org\/en\/parroquies\/palma-ponent\/","og_site_name":"Bisbat de Mallorca","article_modified_time":"2025-11-15T12:13:57+00:00","twitter_card":"summary_large_image","schema":{"@context":"https:\/\/schema.org","@graph":[{"@type":"WebPage","@id":"https:\/\/www.bisbatdemallorca.org\/parroquies\/palma-ponent\/","url":"https:\/\/www.bisbatdemallorca.org\/parroquies\/palma-ponent\/","name":"Palma - Ponent","isPartOf":{"@id":"https:\/\/www.bisbatdemallorca.org\/ca\/#website"},"datePublished":"2022-03-03T12:49:36+00:00","dateModified":"2025-11-15T12:13:57+00:00","breadcrumb":{"@id":"https:\/\/www.bisbatdemallorca.org\/parroquies\/palma-ponent\/#breadcrumb"},"inLanguage":"en-US","potentialAction":[{"@type":"ReadAction","target":["https:\/\/www.bisbatdemallorca.org\/parroquies\/palma-ponent\/"]}]},{"@type":"BreadcrumbList","@id":"https:\/\/www.bisbatdemallorca.org\/parroquies\/palma-ponent\/#breadcrumb","itemListElement":[{"@type":"ListItem","position":1,"name":"Portada","item":"https:\/\/www.bisbatdemallorca.org\/ca\/"},{"@type":"ListItem","position":2,"name":"Parr\u00f2quies","item":"https:\/\/www.bisbatdemallorca.org\/ca\/parroquies\/"},{"@type":"ListItem","position":3,"name":"Palma &#8211; Ponent"}]},{"@type":"WebSite","@id":"https:\/\/www.bisbatdemallorca.org\/ca\/#website","url":"https:\/\/www.bisbatdemallorca.org\/ca\/","name":"Bisbat de Mallorca","description":"Just another WordPress site","publisher":{"@id":"https:\/\/www.bisbatdemallorca.org\/ca\/#organization"},"potentialAction":[{"@type":"SearchAction","target":{"@type":"EntryPoint","urlTemplate":"https:\/\/www.bisbatdemallorca.org\/ca\/?s={search_term_string}"},"query-input":{"@type":"PropertyValueSpecification","valueRequired":true,"valueName":"search_term_string"}}],"inLanguage":"en-US"},{"@type":"Organization","@id":"https:\/\/www.bisbatdemallorca.org\/ca\/#organization","name":"Bisbat De Mallorca","url":"https:\/\/www.bisbatdemallorca.org\/ca\/","logo":{"@type":"ImageObject","inLanguage":"en-US","@id":"https:\/\/www.bisbatdemallorca.org\/ca\/#\/schema\/logo\/image\/","url":"https:\/\/bisbatdemallorca.org\/wp-content\/uploads\/2022\/04\/Logo_Bisbat-de-Mallorca-scaled.jpeg","contentUrl":"https:\/\/bisbatdemallorca.org\/wp-content\/uploads\/2022\/04\/Logo_Bisbat-de-Mallorca-scaled.jpeg","width":2560,"height":1810,"caption":"Bisbat De Mallorca"},"image":{"@id":"https:\/\/www.bisbatdemallorca.org\/ca\/#\/schema\/logo\/image\/"}}]}},"_links":{"self":[{"href":"https:\/\/www.bisbatdemallorca.org\/en\/wp-json\/wp\/v2\/pages\/4171","targetHints":{"allow":["GET"]}}],"collection":[{"href":"https:\/\/www.bisbatdemallorca.org\/en\/wp-json\/wp\/v2\/pages"}],"about":[{"href":"https:\/\/www.bisbatdemallorca.org\/en\/wp-json\/wp\/v2\/types\/page"}],"author":[{"embeddable":true,"href":"https:\/\/www.bisbatdemallorca.org\/en\/wp-json\/wp\/v2\/users\/1"}],"replies":[{"embeddable":true,"href":"https:\/\/www.bisbatdemallorca.org\/en\/wp-json\/wp\/v2\/comments?post=4171"}],"version-history":[{"count":0,"href":"https:\/\/www.bisbatdemallorca.org\/en\/wp-json\/wp\/v2\/pages\/4171\/revisions"}],"up":[{"embeddable":true,"href":"https:\/\/www.bisbatdemallorca.org\/en\/wp-json\/wp\/v2\/pages\/4169"}],"wp:attachment":[{"href":"https:\/\/www.bisbatdemallorca.org\/en\/wp-json\/wp\/v2\/media?parent=4171"}],"curies":[{"name":"wp","href":"https:\/\/api.w.org\/{rel}","templated":true}]}}